{"id":20841,"date":"2023-12-28T13:20:17","date_gmt":"2023-12-28T13:20:17","guid":{"rendered":"https:\/\/www.bertschi-cafe.ch\/webseite\/il-nostro-caffe\/"},"modified":"2024-02-27T20:01:16","modified_gmt":"2024-02-27T20:01:16","slug":"il-nostro-caffe","status":"publish","type":"page","link":"https:\/\/www.bertschi-cafe.ch\/it\/il-nostro-caffe\/","title":{"rendered":"Il nostro caff\u00e8"},"content":{"rendered":"\t\t<div data-elementor-type=\"wp-page\" data-elementor-id=\"20841\" class=\"elementor elementor-20841 elementor-2742\" data-elementor-post-type=\"page\">\n\t\t\t\t<div class=\"elementor-element elementor-element-7d2f146 e-flex e-con-boxed e-con e-parent\" data-id=\"7d2f146\" data-element_type=\"container\" data-e-type=\"container\" data-settings=\"{&quot;jet_parallax_layout_list&quot;:[],&quot;background_background&quot;:&quot;classic&quot;}\">\n\t\t\t\t\t<div class=\"e-con-inner\">\n\t\t<div class=\"elementor-element elementor-element-148357d e-flex e-con-boxed e-con e-child\" data-id=\"148357d\" data-element_type=\"container\" data-e-type=\"container\" data-settings=\"{&quot;background_background&quot;:&quot;classic&quot;,&quot;jet_parallax_layout_list&quot;:[]}\">\n\t\t\t\t\t<div class=\"e-con-inner\">\n\t\t\t\t<div class=\"elementor-element elementor-element-e7a7a11 elementor-widget elementor-widget-heading\" data-id=\"e7a7a11\" data-element_type=\"widget\" data-e-type=\"widget\" data-widget_type=\"heading.default\">\n\t\t\t\t<div class=\"elementor-widget-container\">\n\t\t\t\t\t<p class=\"elementor-heading-title elementor-size-default\">Il nostro caff\u00e8<\/p>\t\t\t\t<\/div>\n\t\t\t\t<\/div>\n\t\t\t\t<div class=\"elementor-element elementor-element-fcb73c1 elementor-widget elementor-widget-heading\" data-id=\"fcb73c1\" data-element_type=\"widget\" data-e-type=\"widget\" data-widget_type=\"heading.default\">\n\t\t\t\t<div class=\"elementor-widget-container\">\n\t\t\t\t\t<h1 class=\"elementor-heading-title elementor-size-default\">Scoprire l'origine  \ndei nostri chicchi di caff\u00e8.<\/h1>\t\t\t\t<\/div>\n\t\t\t\t<\/div>\n\t\t\t\t<div class=\"elementor-element elementor-element-8f307f2 elementor-widget elementor-widget-spacer\" data-id=\"8f307f2\" data-element_type=\"widget\" data-e-type=\"widget\" data-widget_type=\"spacer.default\">\n\t\t\t\t<div class=\"elementor-widget-container\">\n\t\t\t\t\t\t\t<div class=\"elementor-spacer\">\n\t\t\t<div class=\"elementor-spacer-inner\"><\/div>\n\t\t<\/div>\n\t\t\t\t\t\t<\/div>\n\t\t\t\t<\/div>\n\t\t\t\t<div class=\"elementor-element elementor-element-78105c1 elementor-align-center elementor-widget elementor-widget-button\" data-id=\"78105c1\" data-element_type=\"widget\" data-e-type=\"widget\" data-widget_type=\"button.default\">\n\t\t\t\t<div class=\"elementor-widget-container\">\n\t\t\t\t\t\t\t\t\t<div class=\"elementor-button-wrapper\">\n\t\t\t\t\t<a class=\"elementor-button elementor-button-link elementor-size-sm\" href=\"#entdecken\" id=\"angebot\">\n\t\t\t\t\t\t<span class=\"elementor-button-content-wrapper\">\n\t\t\t\t\t\t<span class=\"elementor-button-icon\">\n\t\t\t\t<svg xmlns=\"http:\/\/www.w3.org\/2000\/svg\" xmlns:xlink=\"http:\/\/www.w3.org\/1999\/xlink\" xmlns:serif=\"http:\/\/www.serif.com\/\" width=\"100%\" height=\"100%\" viewBox=\"0 0 29 39\" xml:space=\"preserve\" style=\"fill-rule:evenodd;clip-rule:evenodd;stroke-linejoin:round;stroke-miterlimit:2;\"><path d=\"M15.781,38.437l12.188,-12.187c0.625,-0.625 0.625,-1.875 -0,-2.5c-0.625,-0.625 -1.875,-0.625 -2.5,0l-9.375,9.063l-0,-30.938c-0,-0.938 -0.938,-1.875 -1.875,-1.875c-0.938,0 -1.875,0.937 -1.875,1.875l-0,30.938l-9.375,-9.063c-0.625,-0.625 -1.875,-0.625 -2.5,0c-0.625,0.625 -0.625,1.875 -0,2.5l12.187,12.187c1.25,0.625 2.5,0.625 3.125,0Z\" style=\"fill:#fff;fill-rule:nonzero;\"><\/path><\/svg>\t\t\t<\/span>\n\t\t\t\t\t\t\t\t\t<span class=\"elementor-button-text\">Scoprite il nostro caff\u00e8<\/span>\n\t\t\t\t\t<\/span>\n\t\t\t\t\t<\/a>\n\t\t\t\t<\/div>\n\t\t\t\t\t\t\t\t<\/div>\n\t\t\t\t<\/div>\n\t\t\t\t\t<\/div>\n\t\t\t\t<\/div>\n\t\t\t\t\t<\/div>\n\t\t\t\t<\/div>\n\t\t<div class=\"elementor-element elementor-element-fc81716 e-flex e-con-boxed e-con e-parent\" data-id=\"fc81716\" data-element_type=\"container\" data-e-type=\"container\" id=\"entdecken\" data-settings=\"{&quot;jet_parallax_layout_list&quot;:[]}\">\n\t\t\t\t\t<div class=\"e-con-inner\">\n\t\t\t\t<div class=\"elementor-element elementor-element-b83b726 elementor-widget elementor-widget-text-editor\" data-id=\"b83b726\" data-element_type=\"widget\" data-e-type=\"widget\" data-widget_type=\"text-editor.default\">\n\t\t\t\t<div class=\"elementor-widget-container\">\n\t\t\t\t\t\t\t\t\t<p>Il caff\u00e8 \u00e8 misterioso e affascinante. Ci vogliono molto lavoro, sforzi e un lungo viaggio prima che il caff\u00e8 abbia un buon profumo nella nostra tazza. La bevanda \u00e8 nota come stimolante, energizzante o sedativa. Il caff\u00e8 in movimento, in movimento &#8211; oggi \u00e8 diventato un prodotto di massa disponibile ovunque e che consumiamo in molti modi e qualit\u00e0 diverse.<\/p>\n\t\t\t\t\t\t\t\t<\/div>\n\t\t\t\t<\/div>\n\t\t\t\t\t<\/div>\n\t\t\t\t<\/div>\n\t\t<div class=\"elementor-element elementor-element-63a4543 e-flex e-con-boxed e-con e-parent\" data-id=\"63a4543\" data-element_type=\"container\" data-e-type=\"container\" data-settings=\"{&quot;jet_parallax_layout_list&quot;:[]}\">\n\t\t\t\t\t<div class=\"e-con-inner\">\n\t\t<div class=\"elementor-element elementor-element-663fd8f e-flex e-con-boxed e-con e-child\" data-id=\"663fd8f\" data-element_type=\"container\" data-e-type=\"container\" data-settings=\"{&quot;jet_parallax_layout_list&quot;:[]}\">\n\t\t\t\t\t<div class=\"e-con-inner\">\n\t\t\t\t<div class=\"elementor-element elementor-element-c942ffa elementor-align-center elementor-mobile-align-justify elementor-widget-mobile__width-inherit elementor-widget elementor-widget-button\" data-id=\"c942ffa\" data-element_type=\"widget\" data-e-type=\"widget\" data-widget_type=\"button.default\">\n\t\t\t\t<div class=\"elementor-widget-container\">\n\t\t\t\t\t\t\t\t\t<div class=\"elementor-button-wrapper\">\n\t\t\t\t\t<a class=\"elementor-button elementor-button-link elementor-size-sm\" href=\"#herkunft\">\n\t\t\t\t\t\t<span class=\"elementor-button-content-wrapper\">\n\t\t\t\t\t\t\t\t\t<span class=\"elementor-button-text\">Origine del nostro caff\u00e8<\/span>\n\t\t\t\t\t<\/span>\n\t\t\t\t\t<\/a>\n\t\t\t\t<\/div>\n\t\t\t\t\t\t\t\t<\/div>\n\t\t\t\t<\/div>\n\t\t\t\t<div class=\"elementor-element elementor-element-b265f03 elementor-align-center elementor-mobile-align-justify elementor-widget-mobile__width-inherit elementor-widget elementor-widget-button\" data-id=\"b265f03\" data-element_type=\"widget\" data-e-type=\"widget\" data-widget_type=\"button.default\">\n\t\t\t\t<div class=\"elementor-widget-container\">\n\t\t\t\t\t\t\t\t\t<div class=\"elementor-button-wrapper\">\n\t\t\t\t\t<a class=\"elementor-button elementor-button-link elementor-size-sm\" href=\"#qualitaet\">\n\t\t\t\t\t\t<span class=\"elementor-button-content-wrapper\">\n\t\t\t\t\t\t\t\t\t<span class=\"elementor-button-text\">La qualit\u00e0<\/span>\n\t\t\t\t\t<\/span>\n\t\t\t\t\t<\/a>\n\t\t\t\t<\/div>\n\t\t\t\t\t\t\t\t<\/div>\n\t\t\t\t<\/div>\n\t\t\t\t<div class=\"elementor-element elementor-element-4036107 elementor-align-center elementor-mobile-align-justify elementor-widget-mobile__width-inherit elementor-widget elementor-widget-button\" data-id=\"4036107\" data-element_type=\"widget\" data-e-type=\"widget\" data-widget_type=\"button.default\">\n\t\t\t\t<div class=\"elementor-widget-container\">\n\t\t\t\t\t\t\t\t\t<div class=\"elementor-button-wrapper\">\n\t\t\t\t\t<a class=\"elementor-button elementor-button-link elementor-size-sm\" href=\"#anbau\">\n\t\t\t\t\t\t<span class=\"elementor-button-content-wrapper\">\n\t\t\t\t\t\t\t\t\t<span class=\"elementor-button-text\">La coltivazione<\/span>\n\t\t\t\t\t<\/span>\n\t\t\t\t\t<\/a>\n\t\t\t\t<\/div>\n\t\t\t\t\t\t\t\t<\/div>\n\t\t\t\t<\/div>\n\t\t\t\t<div class=\"elementor-element elementor-element-a81324b elementor-align-center elementor-mobile-align-justify elementor-widget-mobile__width-inherit elementor-widget elementor-widget-button\" data-id=\"a81324b\" data-element_type=\"widget\" data-e-type=\"widget\" data-widget_type=\"button.default\">\n\t\t\t\t<div class=\"elementor-widget-container\">\n\t\t\t\t\t\t\t\t\t<div class=\"elementor-button-wrapper\">\n\t\t\t\t\t<a class=\"elementor-button elementor-button-link elementor-size-sm\" href=\"#roestung\">\n\t\t\t\t\t\t<span class=\"elementor-button-content-wrapper\">\n\t\t\t\t\t\t\t\t\t<span class=\"elementor-button-text\">La tostatura<\/span>\n\t\t\t\t\t<\/span>\n\t\t\t\t\t<\/a>\n\t\t\t\t<\/div>\n\t\t\t\t\t\t\t\t<\/div>\n\t\t\t\t<\/div>\n\t\t\t\t\t<\/div>\n\t\t\t\t<\/div>\n\t\t\t\t\t<\/div>\n\t\t\t\t<\/div>\n\t\t<div class=\"elementor-element elementor-element-56cac03 e-flex e-con-boxed e-con e-parent\" data-id=\"56cac03\" data-element_type=\"container\" data-e-type=\"container\" id=\"herkunft\" data-settings=\"{&quot;jet_parallax_layout_list&quot;:[]}\">\n\t\t\t\t\t<div class=\"e-con-inner\">\n\t\t<div class=\"elementor-element elementor-element-fc1f9fb e-flex e-con-boxed e-con e-child\" data-id=\"fc1f9fb\" data-element_type=\"container\" data-e-type=\"container\" data-settings=\"{&quot;jet_parallax_layout_list&quot;:[]}\">\n\t\t\t\t\t<div class=\"e-con-inner\">\n\t\t\t\t<div class=\"elementor-element elementor-element-fabc10a elementor-widget elementor-widget-heading\" data-id=\"fabc10a\" data-element_type=\"widget\" data-e-type=\"widget\" data-widget_type=\"heading.default\">\n\t\t\t\t<div class=\"elementor-widget-container\">\n\t\t\t\t\t<h2 class=\"elementor-heading-title elementor-size-default\">Origine del nostro caff\u00e8<\/h2>\t\t\t\t<\/div>\n\t\t\t\t<\/div>\n\t\t<div class=\"elementor-element elementor-element-5180b44 e-flex e-con-boxed e-con e-child\" data-id=\"5180b44\" data-element_type=\"container\" data-e-type=\"container\" data-settings=\"{&quot;jet_parallax_layout_list&quot;:[]}\">\n\t\t\t\t\t<div class=\"e-con-inner\">\n\t\t\t\t<div class=\"elementor-element elementor-element-f1a8e7e elementor-widget elementor-widget-text-editor\" data-id=\"f1a8e7e\" data-element_type=\"widget\" data-e-type=\"widget\" data-widget_type=\"text-editor.default\">\n\t\t\t\t<div class=\"elementor-widget-container\">\n\t\t\t\t\t\t\t\t\t<p>Bertschi-Caf\u00e9 ha deciso fin dall&#8217;inizio di adottare prodotti equosolidali e biologici. Le linee guida e i controlli rigorosi danno sicurezza ai nostri clienti e dimostrano chiaramente il nostro impegno e la nostra promessa. A tutt&#8217;oggi, lavoriamo a stretto contatto con fondazioni riconosciute e rinomate.<\/p>\n\t\t\t\t\t\t\t\t<\/div>\n\t\t\t\t<\/div>\n\t\t\t\t<div class=\"elementor-element elementor-element-905942e elementor-widget elementor-widget-text-editor\" data-id=\"905942e\" data-element_type=\"widget\" data-e-type=\"widget\" data-widget_type=\"text-editor.default\">\n\t\t\t\t<div class=\"elementor-widget-container\">\n\t\t\t\t\t\t\t\t\t<p>Per la nostra gamma Fairtrade e biologica, importiamo il caff\u00e8 verde selezionato direttamente dalle cooperative dei Paesi in cui viene coltivato in America Latina e in Africa. La fiducia e l&#8217;amicizia reciproca sono cresciute in molti anni di collaborazione. Visitiamo regolarmente i nostri partner nelle loro piantagioni di caff\u00e8. Questo ci permette di avere una visione diretta dei progressi e dell&#8217;impatto del commercio equo e solidale e dell&#8217;agricoltura biologica. Il piccolo vantaggio \u00e8 che di solito conosciamo in anticipo la qualit\u00e0 del raccolto e possiamo assicurarci il miglior caff\u00e8 verde per le nostre variet\u00e0.<\/p>\n\t\t\t\t\t\t\t\t<\/div>\n\t\t\t\t<\/div>\n\t\t\t\t\t<\/div>\n\t\t\t\t<\/div>\n\t\t\t\t\t<\/div>\n\t\t\t\t<\/div>\n\t\t<div class=\"elementor-element elementor-element-1b8d131 e-flex e-con-boxed e-con e-child\" data-id=\"1b8d131\" data-element_type=\"container\" data-e-type=\"container\" data-settings=\"{&quot;jet_parallax_layout_list&quot;:[]}\">\n\t\t\t\t\t<div class=\"e-con-inner\">\n\t\t<div data-tp-sc-link=\"https:\/\/www.bertschi-cafe.ch\/unser-kaffee\/bio-suisse\/\" data-tp-sc-link-external=\"\" style=\"cursor: pointer\" class=\"elementor-element elementor-element-73d5156 e-flex e-con-boxed e-con e-child\" data-id=\"73d5156\" data-element_type=\"container\" data-e-type=\"container\" data-settings=\"{&quot;background_background&quot;:&quot;classic&quot;,&quot;jet_parallax_layout_list&quot;:[]}\">\n\t\t\t\t\t<div class=\"e-con-inner\">\n\t\t<div class=\"elementor-element elementor-element-17e3ab0 e-con-full e-flex e-con e-child\" data-id=\"17e3ab0\" data-element_type=\"container\" data-e-type=\"container\" data-settings=\"{&quot;jet_parallax_layout_list&quot;:[]}\">\n\t\t\t\t<div class=\"elementor-element elementor-element-06999cc elementor-widget elementor-widget-heading\" data-id=\"06999cc\" data-element_type=\"widget\" data-e-type=\"widget\" data-widget_type=\"heading.default\">\n\t\t\t\t<div class=\"elementor-widget-container\">\n\t\t\t\t\t<span class=\"elementor-heading-title elementor-size-default\">Bio Suisse<\/span>\t\t\t\t<\/div>\n\t\t\t\t<\/div>\n\t\t\t\t<div class=\"elementor-element elementor-element-03b8262 elementor-widget elementor-widget-heading\" data-id=\"03b8262\" data-element_type=\"widget\" data-e-type=\"widget\" data-widget_type=\"heading.default\">\n\t\t\t\t<div class=\"elementor-widget-container\">\n\t\t\t\t\t<h3 class=\"elementor-heading-title elementor-size-default\">In armonia con la natura.<\/h3>\t\t\t\t<\/div>\n\t\t\t\t<\/div>\n\t\t\t\t<div class=\"elementor-element elementor-element-c70dbaf elementor-align-left elementor-widget elementor-widget-button\" data-id=\"c70dbaf\" data-element_type=\"widget\" data-e-type=\"widget\" data-widget_type=\"button.default\">\n\t\t\t\t<div class=\"elementor-widget-container\">\n\t\t\t\t\t\t\t\t\t<div class=\"elementor-button-wrapper\">\n\t\t\t\t\t<a class=\"elementor-button elementor-button-link elementor-size-sm\" href=\"https:\/\/www.bertschi-cafe.ch\/it\/il-nostro-caffe\/bio-suisse\/\">\n\t\t\t\t\t\t<span class=\"elementor-button-content-wrapper\">\n\t\t\t\t\t\t\t\t\t<span class=\"elementor-button-text\">Per saperne di pi\u00f9<\/span>\n\t\t\t\t\t<\/span>\n\t\t\t\t\t<\/a>\n\t\t\t\t<\/div>\n\t\t\t\t\t\t\t\t<\/div>\n\t\t\t\t<\/div>\n\t\t\t\t<\/div>\n\t\t\t\t\t<\/div>\n\t\t\t\t<\/div>\n\t\t<div data-tp-sc-link=\"https:\/\/www.bertschi-cafe.ch\/unser-kaffee\/euro-bio\/\" data-tp-sc-link-external=\"\" style=\"cursor: pointer\" class=\"elementor-element elementor-element-906ea39 e-flex e-con-boxed e-con e-child\" data-id=\"906ea39\" data-element_type=\"container\" data-e-type=\"container\" data-settings=\"{&quot;background_background&quot;:&quot;classic&quot;,&quot;jet_parallax_layout_list&quot;:[]}\">\n\t\t\t\t\t<div class=\"e-con-inner\">\n\t\t<div class=\"elementor-element elementor-element-33ed1f1 e-con-full e-flex e-con e-child\" data-id=\"33ed1f1\" data-element_type=\"container\" data-e-type=\"container\" data-settings=\"{&quot;jet_parallax_layout_list&quot;:[]}\">\n\t\t\t\t<div class=\"elementor-element elementor-element-2694ef0 elementor-widget elementor-widget-heading\" data-id=\"2694ef0\" data-element_type=\"widget\" data-e-type=\"widget\" data-widget_type=\"heading.default\">\n\t\t\t\t<div class=\"elementor-widget-container\">\n\t\t\t\t\t<span class=\"elementor-heading-title elementor-size-default\">EURO-Bio<\/span>\t\t\t\t<\/div>\n\t\t\t\t<\/div>\n\t\t\t\t<div class=\"elementor-element elementor-element-4fe95eb elementor-widget elementor-widget-heading\" data-id=\"4fe95eb\" data-element_type=\"widget\" data-e-type=\"widget\" data-widget_type=\"heading.default\">\n\t\t\t\t<div class=\"elementor-widget-container\">\n\t\t\t\t\t<h3 class=\"elementor-heading-title elementor-size-default\">Rispetto della natura.<\/h3>\t\t\t\t<\/div>\n\t\t\t\t<\/div>\n\t\t\t\t<div class=\"elementor-element elementor-element-73c06f9 elementor-align-left elementor-widget elementor-widget-button\" data-id=\"73c06f9\" data-element_type=\"widget\" data-e-type=\"widget\" data-widget_type=\"button.default\">\n\t\t\t\t<div class=\"elementor-widget-container\">\n\t\t\t\t\t\t\t\t\t<div class=\"elementor-button-wrapper\">\n\t\t\t\t\t<a class=\"elementor-button elementor-button-link elementor-size-sm\" href=\"https:\/\/www.bertschi-cafe.ch\/it\/il-nostro-caffe\/euro-bio\/\">\n\t\t\t\t\t\t<span class=\"elementor-button-content-wrapper\">\n\t\t\t\t\t\t\t\t\t<span class=\"elementor-button-text\">Per saperne di pi\u00f9<\/span>\n\t\t\t\t\t<\/span>\n\t\t\t\t\t<\/a>\n\t\t\t\t<\/div>\n\t\t\t\t\t\t\t\t<\/div>\n\t\t\t\t<\/div>\n\t\t\t\t<\/div>\n\t\t\t\t\t<\/div>\n\t\t\t\t<\/div>\n\t\t<div data-tp-sc-link=\"https:\/\/www.bertschi-cafe.ch\/unser-kaffee\/max-havelaar\/\" data-tp-sc-link-external=\"\" style=\"cursor: pointer\" class=\"elementor-element elementor-element-0707c1f e-flex e-con-boxed e-con e-child\" data-id=\"0707c1f\" data-element_type=\"container\" data-e-type=\"container\" data-settings=\"{&quot;background_background&quot;:&quot;classic&quot;,&quot;jet_parallax_layout_list&quot;:[]}\">\n\t\t\t\t\t<div class=\"e-con-inner\">\n\t\t<div class=\"elementor-element elementor-element-e246baf e-con-full e-flex e-con e-child\" data-id=\"e246baf\" data-element_type=\"container\" data-e-type=\"container\" data-settings=\"{&quot;jet_parallax_layout_list&quot;:[]}\">\n\t\t\t\t<div class=\"elementor-element elementor-element-b556fca elementor-widget elementor-widget-heading\" data-id=\"b556fca\" data-element_type=\"widget\" data-e-type=\"widget\" data-widget_type=\"heading.default\">\n\t\t\t\t<div class=\"elementor-widget-container\">\n\t\t\t\t\t<span class=\"elementor-heading-title elementor-size-default\">Max Havelaar<\/span>\t\t\t\t<\/div>\n\t\t\t\t<\/div>\n\t\t\t\t<div class=\"elementor-element elementor-element-f3782b4 elementor-widget elementor-widget-heading\" data-id=\"f3782b4\" data-element_type=\"widget\" data-e-type=\"widget\" data-widget_type=\"heading.default\">\n\t\t\t\t<div class=\"elementor-widget-container\">\n\t\t\t\t\t<h3 class=\"elementor-heading-title elementor-size-default\">Il commercio equo e solidale paga.<\/h3>\t\t\t\t<\/div>\n\t\t\t\t<\/div>\n\t\t\t\t<div class=\"elementor-element elementor-element-0a679b3 elementor-align-left elementor-widget elementor-widget-button\" data-id=\"0a679b3\" data-element_type=\"widget\" data-e-type=\"widget\" data-widget_type=\"button.default\">\n\t\t\t\t<div class=\"elementor-widget-container\">\n\t\t\t\t\t\t\t\t\t<div class=\"elementor-button-wrapper\">\n\t\t\t\t\t<a class=\"elementor-button elementor-button-link elementor-size-sm\" href=\"https:\/\/www.bertschi-cafe.ch\/it\/il-nostro-caffe\/max-havelaar\/\">\n\t\t\t\t\t\t<span class=\"elementor-button-content-wrapper\">\n\t\t\t\t\t\t\t\t\t<span class=\"elementor-button-text\">Per saperne di pi\u00f9<\/span>\n\t\t\t\t\t<\/span>\n\t\t\t\t\t<\/a>\n\t\t\t\t<\/div>\n\t\t\t\t\t\t\t\t<\/div>\n\t\t\t\t<\/div>\n\t\t\t\t<\/div>\n\t\t\t\t\t<\/div>\n\t\t\t\t<\/div>\n\t\t\t\t\t<\/div>\n\t\t\t\t<\/div>\n\t\t\t\t\t<\/div>\n\t\t\t\t<\/div>\n\t\t<div class=\"elementor-element elementor-element-63d9e96 e-flex e-con-boxed e-con e-parent\" data-id=\"63d9e96\" data-element_type=\"container\" data-e-type=\"container\" id=\"qualitaet\" data-settings=\"{&quot;jet_parallax_layout_list&quot;:[]}\">\n\t\t\t\t\t<div class=\"e-con-inner\">\n\t\t<div class=\"elementor-element elementor-element-225e7b3 e-flex e-con-boxed e-con e-child\" data-id=\"225e7b3\" data-element_type=\"container\" data-e-type=\"container\" data-settings=\"{&quot;jet_parallax_layout_list&quot;:[]}\">\n\t\t\t\t\t<div class=\"e-con-inner\">\n\t\t\t\t<div class=\"elementor-element elementor-element-c370b00 elementor-widget elementor-widget-heading\" data-id=\"c370b00\" data-element_type=\"widget\" data-e-type=\"widget\" data-widget_type=\"heading.default\">\n\t\t\t\t<div class=\"elementor-widget-container\">\n\t\t\t\t\t<h2 class=\"elementor-heading-title elementor-size-default\">La qualit\u00e0 del caff\u00e8 verde<\/h2>\t\t\t\t<\/div>\n\t\t\t\t<\/div>\n\t\t\t\t<div class=\"elementor-element elementor-element-700e892 elementor-widget elementor-widget-text-editor\" data-id=\"700e892\" data-element_type=\"widget\" data-e-type=\"widget\" data-widget_type=\"text-editor.default\">\n\t\t\t\t<div class=\"elementor-widget-container\">\n\t\t\t\t\t\t\t\t\t<p>Per la nostra gamma di caff\u00e8 Fairtrade e biologici, Bertschi-Caf\u00e9 utilizza solo chicchi di Arabica e Robusta di prima qualit\u00e0, provenienti da coltivazioni controllate e certificate in modo sostenibile. L&#8217;ubicazione, la natura del terreno e le condizioni climatiche influiscono notevolmente sulla qualit\u00e0 del caff\u00e8 e sul suo profilo aromatico. Le migliori regioni di coltivazione del caff\u00e8 si trovano quindi nei Paesi che si trovano intorno all&#8217;equatore.<\/p>\n<p>Per garantire la qualit\u00e0 particolarmente elevata del caff\u00e8, solo le ciliegie rosse mature vengono raccolte a mano e lavorate con cura. Esistono due diversi metodi di lavorazione del caff\u00e8 verde, che dipendono anche dalle condizioni climatiche del paese in cui il caff\u00e8 viene coltivato. Mentre il caff\u00e8 lavorato a umido ha sfumature di aroma molto fini e pronunciate e ha un sapore pi\u00f9 fruttato, il caff\u00e8 lavorato a secco ha un sapore pi\u00f9 dolce ma ha meno sfumature di aroma. Il caff\u00e8 verde, preparato con cura, viene poi riempito in sacchi di iuta del peso di 65 chilogrammi e spedito in un lungo viaggio in nave. Quando il caff\u00e8 arriva a Birsfelden, ha <span style=\"background-color: var( --e-global-color-4217355 ); color: var( --e-global-color-text ); font-family: var( --e-global-typography-text-font-family ), Sans-serif; font-size: var( --e-global-typography-text-font-size ); font-weight: var( --e-global-typography-text-font-weight ); letter-spacing: var( --e-global-typography-text-letter-spacing ); text-align: var(--text-align);\">percorso<\/span> fino a 6000 <span style=\"background-color: var( --e-global-color-4217355 ); color: var( --e-global-color-text ); font-family: var( --e-global-typography-text-font-family ), Sans-serif; font-size: var( --e-global-typography-text-font-size ); font-weight: var( --e-global-typography-text-font-weight ); letter-spacing: var( --e-global-typography-text-letter-spacing ); text-align: var(--text-align);\">miglia nautiche<\/span>.<\/p>\n\t\t\t\t\t\t\t\t<\/div>\n\t\t\t\t<\/div>\n\t\t\t\t\t<\/div>\n\t\t\t\t<\/div>\n\t\t\t\t\t<\/div>\n\t\t\t\t<\/div>\n\t\t<div class=\"elementor-element elementor-element-7718892 e-flex e-con-boxed e-con e-parent\" data-id=\"7718892\" data-element_type=\"container\" data-e-type=\"container\" data-settings=\"{&quot;jet_parallax_layout_list&quot;:[]}\">\n\t\t\t\t\t<div class=\"e-con-inner\">\n\t\t<div class=\"elementor-element elementor-element-1e2e2ef e-con-full e-flex e-con e-child\" data-id=\"1e2e2ef\" data-element_type=\"container\" data-e-type=\"container\" data-settings=\"{&quot;jet_parallax_layout_list&quot;:[]}\">\n\t\t\t\t<div class=\"elementor-element elementor-element-2d0c7ff elementor-widget elementor-widget-image\" data-id=\"2d0c7ff\" data-element_type=\"widget\" data-e-type=\"widget\" data-widget_type=\"image.default\">\n\t\t\t\t<div class=\"elementor-widget-container\">\n\t\t\t\t\t\t\t\t\t\t\t\t\t\t\t<img decoding=\"async\" width=\"100\" height=\"100\" src=\"https:\/\/www.bertschi-cafe.ch\/webseite\/wp-content\/uploads\/2023\/12\/arabica-bohne.svg\" class=\"attachment-full size-full wp-image-18844\" alt=\"\" \/>\t\t\t\t\t\t\t\t\t\t\t\t\t\t\t<\/div>\n\t\t\t\t<\/div>\n\t\t\t\t<div class=\"elementor-element elementor-element-f2eae96 elementor-widget elementor-widget-heading\" data-id=\"f2eae96\" data-element_type=\"widget\" data-e-type=\"widget\" data-widget_type=\"heading.default\">\n\t\t\t\t<div class=\"elementor-widget-container\">\n\t\t\t\t\t<h2 class=\"elementor-heading-title elementor-size-default\">Coffea Arabica<\/h2>\t\t\t\t<\/div>\n\t\t\t\t<\/div>\n\t\t\t\t<div class=\"elementor-element elementor-element-925d4d1 elementor-widget elementor-widget-text-editor\" data-id=\"925d4d1\" data-element_type=\"widget\" data-e-type=\"widget\" data-widget_type=\"text-editor.default\">\n\t\t\t\t<div class=\"elementor-widget-container\">\n\t\t\t\t\t\t\t\t\t<p>L&#8217;Arabica \u00e8 una variet\u00e0 di caff\u00e8 sensibile e reagisce in modo sensibile alle malattie e alle fluttuazioni di temperatura. Tuttavia, prospera al meglio ad altitudini comprese tra i 900 e i 2000 metri. A queste altitudini, le ciliegie del caff\u00e8 maturano pi\u00f9 lentamente, ottenendo un caff\u00e8 elegante con maggiori sfumature di sapore e un contenuto di caffeina inferiore. A causa della posizione esposta, della lavorazione pi\u00f9 complessa e delle difficili vie di trasporto, il chicco di Arabica viene commercializzato come pi\u00f9 costoso e di migliore qualit\u00e0.<\/p>\n\t\t\t\t\t\t\t\t<\/div>\n\t\t\t\t<\/div>\n\t\t\t\t<\/div>\n\t\t\t\t<div class=\"elementor-element elementor-element-ea86ae3 elementor-widget elementor-widget-spacer\" data-id=\"ea86ae3\" data-element_type=\"widget\" data-e-type=\"widget\" data-widget_type=\"spacer.default\">\n\t\t\t\t<div class=\"elementor-widget-container\">\n\t\t\t\t\t\t\t<div class=\"elementor-spacer\">\n\t\t\t<div class=\"elementor-spacer-inner\"><\/div>\n\t\t<\/div>\n\t\t\t\t\t\t<\/div>\n\t\t\t\t<\/div>\n\t\t<div class=\"elementor-element elementor-element-922713f e-con-full e-flex e-con e-child\" data-id=\"922713f\" data-element_type=\"container\" data-e-type=\"container\" data-settings=\"{&quot;jet_parallax_layout_list&quot;:[]}\">\n\t\t\t\t<div class=\"elementor-element elementor-element-88c6a50 elementor-widget elementor-widget-image\" data-id=\"88c6a50\" data-element_type=\"widget\" data-e-type=\"widget\" data-widget_type=\"image.default\">\n\t\t\t\t<div class=\"elementor-widget-container\">\n\t\t\t\t\t\t\t\t\t\t\t\t\t\t\t<img decoding=\"async\" width=\"100\" height=\"100\" src=\"https:\/\/www.bertschi-cafe.ch\/webseite\/wp-content\/uploads\/2023\/12\/robusta-bohne-icon.svg\" class=\"attachment-full size-full wp-image-18846\" alt=\"\" \/>\t\t\t\t\t\t\t\t\t\t\t\t\t\t\t<\/div>\n\t\t\t\t<\/div>\n\t\t\t\t<div class=\"elementor-element elementor-element-663d0a7 elementor-widget elementor-widget-heading\" data-id=\"663d0a7\" data-element_type=\"widget\" data-e-type=\"widget\" data-widget_type=\"heading.default\">\n\t\t\t\t<div class=\"elementor-widget-container\">\n\t\t\t\t\t<h2 class=\"elementor-heading-title elementor-size-default\">Coffea Robusta<\/h2>\t\t\t\t<\/div>\n\t\t\t\t<\/div>\n\t\t\t\t<div class=\"elementor-element elementor-element-737d2f7 elementor-widget elementor-widget-text-editor\" data-id=\"737d2f7\" data-element_type=\"widget\" data-e-type=\"widget\" data-widget_type=\"text-editor.default\">\n\t\t\t\t<div class=\"elementor-widget-container\">\n\t\t\t\t\t\t\t\t\t<p>L&#8217;Arabica \u00e8 una variet\u00e0 di caff\u00e8 sensibile e reagisce in modo sensibile alle malattie e alle fluttuazioni di temperatura. Tuttavia, prospera al meglio ad altitudini comprese tra i 900 e i 2000 metri. A queste altitudini, le ciliegie del caff\u00e8 maturano pi\u00f9 lentamente, ottenendo un caff\u00e8 elegante con maggiori sfumature di sapore e un contenuto di caffeina inferiore. A causa della posizione esposta, della lavorazione pi\u00f9 complessa e delle difficili vie di trasporto, il chicco di Arabica viene commercializzato come pi\u00f9 costoso e di migliore qualit\u00e0.<\/p>\n\t\t\t\t\t\t\t\t<\/div>\n\t\t\t\t<\/div>\n\t\t\t\t<\/div>\n\t\t\t\t\t<\/div>\n\t\t\t\t<\/div>\n\t\t<div class=\"elementor-element elementor-element-8e61bf7 e-flex e-con-boxed e-con e-parent\" data-id=\"8e61bf7\" data-element_type=\"container\" data-e-type=\"container\" data-settings=\"{&quot;jet_parallax_layout_list&quot;:[]}\">\n\t\t\t\t\t<div class=\"e-con-inner\">\n\t\t\t\t<div class=\"elementor-element elementor-element-45ea0b2 elementor-widget elementor-widget-image\" data-id=\"45ea0b2\" data-element_type=\"widget\" data-e-type=\"widget\" data-widget_type=\"image.default\">\n\t\t\t\t<div class=\"elementor-widget-container\">\n\t\t\t\t\t\t\t\t\t\t\t\t\t\t\t<img decoding=\"async\" width=\"2560\" height=\"1245\" src=\"https:\/\/www.bertschi-cafe.ch\/webseite\/wp-content\/uploads\/2024\/01\/bertschi-unser-kaffee-anbau-scaled-e1705062961264.jpg\" class=\"attachment-full size-full wp-image-19832\" alt=\"\" srcset=\"https:\/\/www.bertschi-cafe.ch\/webseite\/wp-content\/uploads\/2024\/01\/bertschi-unser-kaffee-anbau-scaled-e1705062961264.jpg 2560w, https:\/\/www.bertschi-cafe.ch\/webseite\/wp-content\/uploads\/2024\/01\/bertschi-unser-kaffee-anbau-scaled-e1705062961264-300x146.jpg 300w, https:\/\/www.bertschi-cafe.ch\/webseite\/wp-content\/uploads\/2024\/01\/bertschi-unser-kaffee-anbau-scaled-e1705062961264-1024x498.jpg 1024w, https:\/\/www.bertschi-cafe.ch\/webseite\/wp-content\/uploads\/2024\/01\/bertschi-unser-kaffee-anbau-scaled-e1705062961264-768x374.jpg 768w, https:\/\/www.bertschi-cafe.ch\/webseite\/wp-content\/uploads\/2024\/01\/bertschi-unser-kaffee-anbau-scaled-e1705062961264-1536x747.jpg 1536w, https:\/\/www.bertschi-cafe.ch\/webseite\/wp-content\/uploads\/2024\/01\/bertschi-unser-kaffee-anbau-scaled-e1705062961264-2048x996.jpg 2048w, https:\/\/www.bertschi-cafe.ch\/webseite\/wp-content\/uploads\/2024\/01\/bertschi-unser-kaffee-anbau-scaled-e1705062961264-600x292.jpg 600w\" sizes=\"(max-width: 2560px) 100vw, 2560px\" \/>\t\t\t\t\t\t\t\t\t\t\t\t\t\t\t<\/div>\n\t\t\t\t<\/div>\n\t\t\t\t\t<\/div>\n\t\t\t\t<\/div>\n\t\t<div class=\"elementor-element elementor-element-1e665df e-flex e-con-boxed e-con e-parent\" data-id=\"1e665df\" data-element_type=\"container\" data-e-type=\"container\" id=\"anbau\" data-settings=\"{&quot;jet_parallax_layout_list&quot;:[]}\">\n\t\t\t\t\t<div class=\"e-con-inner\">\n\t\t<div class=\"elementor-element elementor-element-d10cce3 e-flex e-con-boxed e-con e-child\" data-id=\"d10cce3\" data-element_type=\"container\" data-e-type=\"container\" data-settings=\"{&quot;jet_parallax_layout_list&quot;:[]}\">\n\t\t\t\t\t<div class=\"e-con-inner\">\n\t\t\t\t<div class=\"elementor-element elementor-element-8be1368 elementor-widget elementor-widget-heading\" data-id=\"8be1368\" data-element_type=\"widget\" data-e-type=\"widget\" data-widget_type=\"heading.default\">\n\t\t\t\t<div class=\"elementor-widget-container\">\n\t\t\t\t\t<h2 class=\"elementor-heading-title elementor-size-default\">La coltivazione<\/h2>\t\t\t\t<\/div>\n\t\t\t\t<\/div>\n\t\t\t\t<div class=\"elementor-element elementor-element-6a46786 elementor-widget elementor-widget-text-editor\" data-id=\"6a46786\" data-element_type=\"widget\" data-e-type=\"widget\" data-widget_type=\"text-editor.default\">\n\t\t\t\t<div class=\"elementor-widget-container\">\n\t\t\t\t\t\t\t\t\t<p>Per l&#8217;intera produzione globale di caff\u00e8 verde in un anno, circa<br \/>25 milioni di coltivatori di caff\u00e8 in oltre 90 Paesi. I piccoli agricoltori e i lavoratori delle piantagioni nei Paesi in via di sviluppo vivono solitamente sull&#8217;orlo della povert\u00e0. Soffrono per la fluttuazione dei prezzi delle materie prime, per il costo della vita sempre pi\u00f9 alto e per le conseguenze del commercio intermedio locale, spesso sfruttato. Anche il cambiamento climatico \u00e8 un problema importante, insieme al timore di perdite di raccolto. Le conseguenze vanno dall&#8217;indebitamento e dalla disoccupazione all&#8217;impoverimento. Le alternative alla produzione tradizionale sono poche e purtroppo includono la coltivazione della droga, la prostituzione, lo sfruttamento del lavoro minorile, la fuga nei bassifondi delle grandi citt\u00e0 o l&#8217;emigrazione.<\/p>\n\t\t\t\t\t\t\t\t<\/div>\n\t\t\t\t<\/div>\n\t\t\t\t\t<\/div>\n\t\t\t\t<\/div>\n\t\t\t\t\t<\/div>\n\t\t\t\t<\/div>\n\t\t<div class=\"elementor-element elementor-element-6833f35 e-flex e-con-boxed e-con e-parent\" data-id=\"6833f35\" data-element_type=\"container\" data-e-type=\"container\" data-settings=\"{&quot;jet_parallax_layout_list&quot;:[]}\">\n\t\t\t\t\t<div class=\"e-con-inner\">\n\t\t\t\t<div class=\"elementor-element elementor-element-fbfece6 elementor-arrows-position-inside elementor-widget elementor-widget-loop-carousel\" data-id=\"fbfece6\" data-element_type=\"widget\" data-e-type=\"widget\" data-settings=\"{&quot;template_id&quot;:20281,&quot;slides_to_show&quot;:&quot;4&quot;,&quot;image_spacing_custom&quot;:{&quot;unit&quot;:&quot;px&quot;,&quot;size&quot;:20,&quot;sizes&quot;:[]},&quot;image_spacing_custom_mobile&quot;:{&quot;unit&quot;:&quot;px&quot;,&quot;size&quot;:30,&quot;sizes&quot;:[]},&quot;_skin&quot;:&quot;post&quot;,&quot;slides_to_show_tablet&quot;:&quot;2&quot;,&quot;slides_to_show_mobile&quot;:&quot;1&quot;,&quot;slides_to_scroll&quot;:&quot;1&quot;,&quot;edit_handle_selector&quot;:&quot;.elementor-loop-container&quot;,&quot;speed&quot;:500,&quot;arrows&quot;:&quot;yes&quot;,&quot;image_spacing_custom_tablet&quot;:{&quot;unit&quot;:&quot;px&quot;,&quot;size&quot;:&quot;&quot;,&quot;sizes&quot;:[]}}\" data-widget_type=\"loop-carousel.post\">\n\t\t\t\t<div class=\"elementor-widget-container\">\n\t\t\t\t\t\t\t<div class=\"swiper elementor-loop-container elementor-grid\" role=\"list\" dir=\"ltr\">\n\t\t\t\t<div class=\"swiper-wrapper\" aria-live=\"polite\">\n\t\t<style id=\"loop-dynamic-20281\">.e-loop-item-21504 .elementor-element.elementor-element-2c360d9:not(.elementor-motion-effects-element-type-background), .e-loop-item-21504 .elementor-element.elementor-element-2c360d9 > .elementor-motion-effects-container > .elementor-motion-effects-layer{background-image:url(\"https:\/\/www.bertschi-cafe.ch\/webseite\/wp-content\/uploads\/2023\/12\/bertschi-kaffee-demeter-2.png\");}<\/style><style id=\"loop-20281\">.elementor-20281 .elementor-element.elementor-element-2c360d9{--display:flex;--flex-direction:column;--container-widget-width:100%;--container-widget-height:initial;--container-widget-flex-grow:0;--container-widget-align-self:initial;--flex-wrap-mobile:wrap;--gap:40px 40px;--row-gap:40px;--column-gap:40px;--overlay-opacity:0.8;--padding-top:30px;--padding-bottom:30px;--padding-left:30px;--padding-right:30px;}.elementor-20281 .elementor-element.elementor-element-2c360d9:not(.elementor-motion-effects-element-type-background), .elementor-20281 .elementor-element.elementor-element-2c360d9 > .elementor-motion-effects-container > .elementor-motion-effects-layer{background-position:center center;background-size:cover;}.elementor-20281 .elementor-element.elementor-element-2c360d9::before, .elementor-20281 .elementor-element.elementor-element-2c360d9 > .elementor-background-video-container::before, .elementor-20281 .elementor-element.elementor-element-2c360d9 > .e-con-inner > .elementor-background-video-container::before, .elementor-20281 .elementor-element.elementor-element-2c360d9 > .elementor-background-slideshow::before, .elementor-20281 .elementor-element.elementor-element-2c360d9 > .e-con-inner > .elementor-background-slideshow::before, .elementor-20281 .elementor-element.elementor-element-2c360d9 > .elementor-motion-effects-container > .elementor-motion-effects-layer::before{--background-overlay:'';background-color:transparent;background-image:linear-gradient(270deg, #4E4E4E70 0%, var( --e-global-color-9091854 ) 100%);}.elementor-widget-heading .elementor-heading-title{font-family:var( --e-global-typography-primary-font-family ), Sans-serif;font-size:var( --e-global-typography-primary-font-size );font-weight:var( --e-global-typography-primary-font-weight );color:var( --e-global-color-primary );}.elementor-20281 .elementor-element.elementor-element-6301747 .elementor-heading-title{font-family:\"Montserrat\", Sans-serif;font-size:14px;font-weight:400;text-transform:none;line-height:30px;letter-spacing:0.06em;color:var( --e-global-color-64c6096 );}.elementor-20281 .elementor-element.elementor-element-4e8d336 .elementor-heading-title{font-family:\"Montserrat\", Sans-serif;font-size:36px;font-weight:700;text-transform:none;line-height:46px;letter-spacing:1.5px;color:var( --e-global-color-64c6096 );}.elementor-widget-button .elementor-button{font-family:var( --e-global-typography-accent-font-family ), Sans-serif;font-size:var( --e-global-typography-accent-font-size );font-weight:var( --e-global-typography-accent-font-weight );text-transform:var( --e-global-typography-accent-text-transform );background-color:var( --e-global-color-accent );}.elementor-20281 .elementor-element.elementor-element-bd2a8c1 .elementor-button{font-family:\"Montserrat\", Sans-serif;font-size:14px;font-weight:700;text-transform:uppercase;line-height:14px;letter-spacing:0.1em;fill:var( --e-global-color-accent );color:var( --e-global-color-accent );background-color:#B19B5E00;border-style:none;padding:0px 0px 0px 0px;}.elementor-20281 .elementor-element.elementor-element-bd2a8c1 .elementor-button:hover, .elementor-20281 .elementor-element.elementor-element-bd2a8c1 .elementor-button:focus{color:var( --e-global-color-64c6096 );}.elementor-20281 .elementor-element.elementor-element-bd2a8c1 .elementor-button:hover svg, .elementor-20281 .elementor-element.elementor-element-bd2a8c1 .elementor-button:focus svg{fill:var( --e-global-color-64c6096 );}.elementor-20281 .elementor-element.elementor-element-bd2a8c1.elementor-element{--align-self:flex-start;}@media(max-width:1024px){.elementor-widget-heading .elementor-heading-title{font-size:var( --e-global-typography-primary-font-size );}.elementor-widget-button .elementor-button{font-size:var( --e-global-typography-accent-font-size );}}@media(max-width:767px){.elementor-widget-heading .elementor-heading-title{font-size:var( --e-global-typography-primary-font-size );}.elementor-widget-button .elementor-button{font-size:var( --e-global-typography-accent-font-size );}}\/* Start custom CSS for heading, class: .elementor-element-4e8d336 *\/.elementor-20281 .elementor-element.elementor-element-4e8d336 {\n    display: -webkit-box;\n  -webkit-line-clamp: 3;\n  -webkit-box-orient: vertical;  \n  overflow: hidden;\n  text-overflow: ellipsis;\n}\/* End custom CSS *\/\n\/* Start custom CSS for button, class: .elementor-element-bd2a8c1 *\/.elementor-20281 .elementor-element.elementor-element-bd2a8c1:hover {\n    filter: brightness(0) saturate(100%) invert(99%) sepia(4%) saturate(2640%) hue-rotate(234deg) brightness(117%) contrast(100%);\n}\/* End custom CSS *\/\n\/* Start custom CSS for container, class: .elementor-element-2c360d9 *\/.elementor-20281 .elementor-element.elementor-element-2c360d9 {\n    aspect-ratio: 4\/5;\n}\n\n.elementor-20281 .elementor-element.elementor-element-2c360d9 .e-loop-item {\n    background-size: cover;\n}\n\n.elementor-20281 .elementor-element.elementor-element-2c360d9:hover h3 {\n    text-decoration: underline;\n}\/* End custom CSS *\/<\/style>\t\t<div data-elementor-type=\"loop-item\" data-elementor-id=\"20281\" class=\"elementor elementor-20281 elementor-2139 elementor-2139 swiper-slide e-loop-item e-loop-item-21504 post-21504 kaffeebauer type-kaffeebauer status-publish has-post-thumbnail hentry\" data-elementor-post-type=\"elementor_library\" role=\"group\" aria-roledescription=\"slide\" data-custom-edit-handle=\"1\">\n\t\t\t<div data-tp-sc-link=\"https:\/\/www.bertschi-cafe.ch\/it\/anbau-kaffeebauern\/fazenda-camocim-demeter\/\" data-tp-sc-link-external=\"\" style=\"cursor: pointer\" class=\"elementor-element elementor-element-2c360d9 e-flex e-con-boxed e-con e-parent\" data-id=\"2c360d9\" data-element_type=\"container\" data-e-type=\"container\" data-settings=\"{&quot;background_background&quot;:&quot;classic&quot;,&quot;jet_parallax_layout_list&quot;:[]}\">\n\t\t\t\t\t<div class=\"e-con-inner\">\n\t\t\t\t<div class=\"elementor-element elementor-element-4e8d336 elementor-widget elementor-widget-heading\" data-id=\"4e8d336\" data-element_type=\"widget\" data-e-type=\"widget\" data-widget_type=\"heading.default\">\n\t\t\t\t<div class=\"elementor-widget-container\">\n\t\t\t\t\t<h3 class=\"elementor-heading-title elementor-size-default\">Fazenda Camocim<\/h3>\t\t\t\t<\/div>\n\t\t\t\t<\/div>\n\t\t\t\t<div class=\"elementor-element elementor-element-bd2a8c1 elementor-align-left elementor-widget elementor-widget-button\" data-id=\"bd2a8c1\" data-element_type=\"widget\" data-e-type=\"widget\" data-widget_type=\"button.default\">\n\t\t\t\t<div class=\"elementor-widget-container\">\n\t\t\t\t\t\t\t\t\t<div class=\"elementor-button-wrapper\">\n\t\t\t\t\t<a class=\"elementor-button elementor-button-link elementor-size-sm\" href=\"https:\/\/www.bertschi-cafe.ch\/it\/anbau-kaffeebauern\/fazenda-camocim-demeter\/\">\n\t\t\t\t\t\t<span class=\"elementor-button-content-wrapper\">\n\t\t\t\t\t\t\t\t\t<span class=\"elementor-button-text\">Per saperne di pi\u00f9<\/span>\n\t\t\t\t\t<\/span>\n\t\t\t\t\t<\/a>\n\t\t\t\t<\/div>\n\t\t\t\t\t\t\t\t<\/div>\n\t\t\t\t<\/div>\n\t\t\t\t\t<\/div>\n\t\t\t\t<\/div>\n\t\t\t\t<\/div>\n\t\t<style id=\"loop-dynamic-20281\">.e-loop-item-21506 .elementor-element.elementor-element-2c360d9:not(.elementor-motion-effects-element-type-background), .e-loop-item-21506 .elementor-element.elementor-element-2c360d9 > .elementor-motion-effects-container > .elementor-motion-effects-layer{background-image:url(\"https:\/\/www.bertschi-cafe.ch\/webseite\/wp-content\/uploads\/2023\/12\/kooperative-aprod-brasilien-5-e1707847579119.jpg\");}<\/style>\t\t<div data-elementor-type=\"loop-item\" data-elementor-id=\"20281\" class=\"elementor elementor-20281 elementor-2139 elementor-2139 swiper-slide e-loop-item e-loop-item-21506 post-21506 kaffeebauer type-kaffeebauer status-publish has-post-thumbnail hentry\" data-elementor-post-type=\"elementor_library\" role=\"group\" aria-roledescription=\"slide\" data-custom-edit-handle=\"1\">\n\t\t\t<div data-tp-sc-link=\"https:\/\/www.bertschi-cafe.ch\/it\/anbau-kaffeebauern\/cooperativa-aprod-fairtrade-coffee\/\" data-tp-sc-link-external=\"\" style=\"cursor: pointer\" class=\"elementor-element elementor-element-2c360d9 e-flex e-con-boxed e-con e-parent\" data-id=\"2c360d9\" data-element_type=\"container\" data-e-type=\"container\" data-settings=\"{&quot;background_background&quot;:&quot;classic&quot;,&quot;jet_parallax_layout_list&quot;:[]}\">\n\t\t\t\t\t<div class=\"e-con-inner\">\n\t\t\t\t<div class=\"elementor-element elementor-element-4e8d336 elementor-widget elementor-widget-heading\" data-id=\"4e8d336\" data-element_type=\"widget\" data-e-type=\"widget\" data-widget_type=\"heading.default\">\n\t\t\t\t<div class=\"elementor-widget-container\">\n\t\t\t\t\t<h3 class=\"elementor-heading-title elementor-size-default\">Cooperativa APROD<\/h3>\t\t\t\t<\/div>\n\t\t\t\t<\/div>\n\t\t\t\t<div class=\"elementor-element elementor-element-bd2a8c1 elementor-align-left elementor-widget elementor-widget-button\" data-id=\"bd2a8c1\" data-element_type=\"widget\" data-e-type=\"widget\" data-widget_type=\"button.default\">\n\t\t\t\t<div class=\"elementor-widget-container\">\n\t\t\t\t\t\t\t\t\t<div class=\"elementor-button-wrapper\">\n\t\t\t\t\t<a class=\"elementor-button elementor-button-link elementor-size-sm\" href=\"https:\/\/www.bertschi-cafe.ch\/it\/anbau-kaffeebauern\/cooperativa-aprod-fairtrade-coffee\/\">\n\t\t\t\t\t\t<span class=\"elementor-button-content-wrapper\">\n\t\t\t\t\t\t\t\t\t<span class=\"elementor-button-text\">Per saperne di pi\u00f9<\/span>\n\t\t\t\t\t<\/span>\n\t\t\t\t\t<\/a>\n\t\t\t\t<\/div>\n\t\t\t\t\t\t\t\t<\/div>\n\t\t\t\t<\/div>\n\t\t\t\t\t<\/div>\n\t\t\t\t<\/div>\n\t\t\t\t<\/div>\n\t\t<style id=\"loop-dynamic-20281\">.e-loop-item-21509 .elementor-element.elementor-element-2c360d9:not(.elementor-motion-effects-element-type-background), .e-loop-item-21509 .elementor-element.elementor-element-2c360d9 > .elementor-motion-effects-container > .elementor-motion-effects-layer{background-image:url(\"https:\/\/www.bertschi-cafe.ch\/webseite\/wp-content\/uploads\/2023\/12\/bertschi-kaffee-bio-la-florida-7-1000x665-1.jpg\");}<\/style>\t\t<div data-elementor-type=\"loop-item\" data-elementor-id=\"20281\" class=\"elementor elementor-20281 elementor-2139 elementor-2139 swiper-slide e-loop-item e-loop-item-21509 post-21509 kaffeebauer type-kaffeebauer status-publish has-post-thumbnail hentry\" data-elementor-post-type=\"elementor_library\" role=\"group\" aria-roledescription=\"slide\" data-custom-edit-handle=\"1\">\n\t\t\t<div data-tp-sc-link=\"https:\/\/www.bertschi-cafe.ch\/it\/anbau-kaffeebauern\/cooperativa-san-fernando\/\" data-tp-sc-link-external=\"\" style=\"cursor: pointer\" class=\"elementor-element elementor-element-2c360d9 e-flex e-con-boxed e-con e-parent\" data-id=\"2c360d9\" data-element_type=\"container\" data-e-type=\"container\" data-settings=\"{&quot;background_background&quot;:&quot;classic&quot;,&quot;jet_parallax_layout_list&quot;:[]}\">\n\t\t\t\t\t<div class=\"e-con-inner\">\n\t\t\t\t<div class=\"elementor-element elementor-element-4e8d336 elementor-widget elementor-widget-heading\" data-id=\"4e8d336\" data-element_type=\"widget\" data-e-type=\"widget\" data-widget_type=\"heading.default\">\n\t\t\t\t<div class=\"elementor-widget-container\">\n\t\t\t\t\t<h3 class=\"elementor-heading-title elementor-size-default\">Cooperativa Sociedad de Producci\u00f3n Rural Uni\u00f3n de Ejidos y Comunidades San Fernando S.P.R. de R.L.<\/h3>\t\t\t\t<\/div>\n\t\t\t\t<\/div>\n\t\t\t\t<div class=\"elementor-element elementor-element-bd2a8c1 elementor-align-left elementor-widget elementor-widget-button\" data-id=\"bd2a8c1\" data-element_type=\"widget\" data-e-type=\"widget\" data-widget_type=\"button.default\">\n\t\t\t\t<div class=\"elementor-widget-container\">\n\t\t\t\t\t\t\t\t\t<div class=\"elementor-button-wrapper\">\n\t\t\t\t\t<a class=\"elementor-button elementor-button-link elementor-size-sm\" href=\"https:\/\/www.bertschi-cafe.ch\/it\/anbau-kaffeebauern\/cooperativa-san-fernando\/\">\n\t\t\t\t\t\t<span class=\"elementor-button-content-wrapper\">\n\t\t\t\t\t\t\t\t\t<span class=\"elementor-button-text\">Per saperne di pi\u00f9<\/span>\n\t\t\t\t\t<\/span>\n\t\t\t\t\t<\/a>\n\t\t\t\t<\/div>\n\t\t\t\t\t\t\t\t<\/div>\n\t\t\t\t<\/div>\n\t\t\t\t\t<\/div>\n\t\t\t\t<\/div>\n\t\t\t\t<\/div>\n\t\t<style id=\"loop-dynamic-20281\">.e-loop-item-21510 .elementor-element.elementor-element-2c360d9:not(.elementor-motion-effects-element-type-background), .e-loop-item-21510 .elementor-element.elementor-element-2c360d9 > .elementor-motion-effects-container > .elementor-motion-effects-layer{background-image:url(\"https:\/\/www.bertschi-cafe.ch\/webseite\/wp-content\/uploads\/2023\/12\/kooperative-aprod-brasilien-6-e1707847524343.jpg\");}<\/style>\t\t<div data-elementor-type=\"loop-item\" data-elementor-id=\"20281\" class=\"elementor elementor-20281 elementor-2139 elementor-2139 swiper-slide e-loop-item e-loop-item-21510 post-21510 kaffeebauer type-kaffeebauer status-publish has-post-thumbnail hentry\" data-elementor-post-type=\"elementor_library\" role=\"group\" aria-roledescription=\"slide\" data-custom-edit-handle=\"1\">\n\t\t\t<div data-tp-sc-link=\"https:\/\/www.bertschi-cafe.ch\/it\/anbau-kaffeebauern\/cooperativa-asociacion-de-productores-de-cafe-san-andres\/\" data-tp-sc-link-external=\"\" style=\"cursor: pointer\" class=\"elementor-element elementor-element-2c360d9 e-flex e-con-boxed e-con e-parent\" data-id=\"2c360d9\" data-element_type=\"container\" data-e-type=\"container\" data-settings=\"{&quot;background_background&quot;:&quot;classic&quot;,&quot;jet_parallax_layout_list&quot;:[]}\">\n\t\t\t\t\t<div class=\"e-con-inner\">\n\t\t\t\t<div class=\"elementor-element elementor-element-4e8d336 elementor-widget elementor-widget-heading\" data-id=\"4e8d336\" data-element_type=\"widget\" data-e-type=\"widget\" data-widget_type=\"heading.default\">\n\t\t\t\t<div class=\"elementor-widget-container\">\n\t\t\t\t\t<h3 class=\"elementor-heading-title elementor-size-default\">Cooperativa Asociaci\u00f3n de Productores de Caf\u00e9 San Andr\u00e9s<\/h3>\t\t\t\t<\/div>\n\t\t\t\t<\/div>\n\t\t\t\t<div class=\"elementor-element elementor-element-bd2a8c1 elementor-align-left elementor-widget elementor-widget-button\" data-id=\"bd2a8c1\" data-element_type=\"widget\" data-e-type=\"widget\" data-widget_type=\"button.default\">\n\t\t\t\t<div class=\"elementor-widget-container\">\n\t\t\t\t\t\t\t\t\t<div class=\"elementor-button-wrapper\">\n\t\t\t\t\t<a class=\"elementor-button elementor-button-link elementor-size-sm\" href=\"https:\/\/www.bertschi-cafe.ch\/it\/anbau-kaffeebauern\/cooperativa-asociacion-de-productores-de-cafe-san-andres\/\">\n\t\t\t\t\t\t<span class=\"elementor-button-content-wrapper\">\n\t\t\t\t\t\t\t\t\t<span class=\"elementor-button-text\">Per saperne di pi\u00f9<\/span>\n\t\t\t\t\t<\/span>\n\t\t\t\t\t<\/a>\n\t\t\t\t<\/div>\n\t\t\t\t\t\t\t\t<\/div>\n\t\t\t\t<\/div>\n\t\t\t\t\t<\/div>\n\t\t\t\t<\/div>\n\t\t\t\t<\/div>\n\t\t<style id=\"loop-dynamic-20281\">.e-loop-item-21511 .elementor-element.elementor-element-2c360d9:not(.elementor-motion-effects-element-type-background), .e-loop-item-21511 .elementor-element.elementor-element-2c360d9 > .elementor-motion-effects-container > .elementor-motion-effects-layer{background-image:url(\"https:\/\/www.bertschi-cafe.ch\/webseite\/wp-content\/uploads\/2023\/12\/bertschi-kaffee-bio-la-florida-2-768x1155-1.png\");}<\/style>\t\t<div data-elementor-type=\"loop-item\" data-elementor-id=\"20281\" class=\"elementor elementor-20281 elementor-2139 elementor-2139 swiper-slide e-loop-item e-loop-item-21511 post-21511 kaffeebauer type-kaffeebauer status-publish has-post-thumbnail hentry\" data-elementor-post-type=\"elementor_library\" role=\"group\" aria-roledescription=\"slide\" data-custom-edit-handle=\"1\">\n\t\t\t<div data-tp-sc-link=\"https:\/\/www.bertschi-cafe.ch\/it\/anbau-kaffeebauern\/cooperativa-la-florida\/\" data-tp-sc-link-external=\"\" style=\"cursor: pointer\" class=\"elementor-element elementor-element-2c360d9 e-flex e-con-boxed e-con e-parent\" data-id=\"2c360d9\" data-element_type=\"container\" data-e-type=\"container\" data-settings=\"{&quot;background_background&quot;:&quot;classic&quot;,&quot;jet_parallax_layout_list&quot;:[]}\">\n\t\t\t\t\t<div class=\"e-con-inner\">\n\t\t\t\t<div class=\"elementor-element elementor-element-4e8d336 elementor-widget elementor-widget-heading\" data-id=\"4e8d336\" data-element_type=\"widget\" data-e-type=\"widget\" data-widget_type=\"heading.default\">\n\t\t\t\t<div class=\"elementor-widget-container\">\n\t\t\t\t\t<h3 class=\"elementor-heading-title elementor-size-default\">Cooperativa La Florida<\/h3>\t\t\t\t<\/div>\n\t\t\t\t<\/div>\n\t\t\t\t<div class=\"elementor-element elementor-element-bd2a8c1 elementor-align-left elementor-widget elementor-widget-button\" data-id=\"bd2a8c1\" data-element_type=\"widget\" data-e-type=\"widget\" data-widget_type=\"button.default\">\n\t\t\t\t<div class=\"elementor-widget-container\">\n\t\t\t\t\t\t\t\t\t<div class=\"elementor-button-wrapper\">\n\t\t\t\t\t<a class=\"elementor-button elementor-button-link elementor-size-sm\" href=\"https:\/\/www.bertschi-cafe.ch\/it\/anbau-kaffeebauern\/cooperativa-la-florida\/\">\n\t\t\t\t\t\t<span class=\"elementor-button-content-wrapper\">\n\t\t\t\t\t\t\t\t\t<span class=\"elementor-button-text\">Per saperne di pi\u00f9<\/span>\n\t\t\t\t\t<\/span>\n\t\t\t\t\t<\/a>\n\t\t\t\t<\/div>\n\t\t\t\t\t\t\t\t<\/div>\n\t\t\t\t<\/div>\n\t\t\t\t\t<\/div>\n\t\t\t\t<\/div>\n\t\t\t\t<\/div>\n\t\t<style id=\"loop-dynamic-20281\">.e-loop-item-21515 .elementor-element.elementor-element-2c360d9:not(.elementor-motion-effects-element-type-background), .e-loop-item-21515 .elementor-element.elementor-element-2c360d9 > .elementor-motion-effects-container > .elementor-motion-effects-layer{background-image:url(\"https:\/\/www.bertschi-cafe.ch\/webseite\/wp-content\/uploads\/2023\/12\/kooperative-aprod-brasilien-1-e1707847478617.jpg\");}<\/style>\t\t<div data-elementor-type=\"loop-item\" data-elementor-id=\"20281\" class=\"elementor elementor-20281 elementor-2139 elementor-2139 swiper-slide e-loop-item e-loop-item-21515 post-21515 kaffeebauer type-kaffeebauer status-publish has-post-thumbnail hentry\" data-elementor-post-type=\"elementor_library\" role=\"group\" aria-roledescription=\"slide\" data-custom-edit-handle=\"1\">\n\t\t\t<div data-tp-sc-link=\"https:\/\/www.bertschi-cafe.ch\/it\/anbau-kaffeebauern\/cooperativa-kagera-sindacato-cooperativo-kcu\/\" data-tp-sc-link-external=\"\" style=\"cursor: pointer\" class=\"elementor-element elementor-element-2c360d9 e-flex e-con-boxed e-con e-parent\" data-id=\"2c360d9\" data-element_type=\"container\" data-e-type=\"container\" data-settings=\"{&quot;background_background&quot;:&quot;classic&quot;,&quot;jet_parallax_layout_list&quot;:[]}\">\n\t\t\t\t\t<div class=\"e-con-inner\">\n\t\t\t\t<div class=\"elementor-element elementor-element-4e8d336 elementor-widget elementor-widget-heading\" data-id=\"4e8d336\" data-element_type=\"widget\" data-e-type=\"widget\" data-widget_type=\"heading.default\">\n\t\t\t\t<div class=\"elementor-widget-container\">\n\t\t\t\t\t<h3 class=\"elementor-heading-title elementor-size-default\">Unione cooperativa di Kagera (KCU)<\/h3>\t\t\t\t<\/div>\n\t\t\t\t<\/div>\n\t\t\t\t<div class=\"elementor-element elementor-element-bd2a8c1 elementor-align-left elementor-widget elementor-widget-button\" data-id=\"bd2a8c1\" data-element_type=\"widget\" data-e-type=\"widget\" data-widget_type=\"button.default\">\n\t\t\t\t<div class=\"elementor-widget-container\">\n\t\t\t\t\t\t\t\t\t<div class=\"elementor-button-wrapper\">\n\t\t\t\t\t<a class=\"elementor-button elementor-button-link elementor-size-sm\" href=\"https:\/\/www.bertschi-cafe.ch\/it\/anbau-kaffeebauern\/cooperativa-kagera-sindacato-cooperativo-kcu\/\">\n\t\t\t\t\t\t<span class=\"elementor-button-content-wrapper\">\n\t\t\t\t\t\t\t\t\t<span class=\"elementor-button-text\">Per saperne di pi\u00f9<\/span>\n\t\t\t\t\t<\/span>\n\t\t\t\t\t<\/a>\n\t\t\t\t<\/div>\n\t\t\t\t\t\t\t\t<\/div>\n\t\t\t\t<\/div>\n\t\t\t\t\t<\/div>\n\t\t\t\t<\/div>\n\t\t\t\t<\/div>\n\t\t<style id=\"loop-dynamic-20281\">.e-loop-item-21516 .elementor-element.elementor-element-2c360d9:not(.elementor-motion-effects-element-type-background), .e-loop-item-21516 .elementor-element.elementor-element-2c360d9 > .elementor-motion-effects-container > .elementor-motion-effects-layer{background-image:url(\"https:\/\/www.bertschi-cafe.ch\/webseite\/wp-content\/uploads\/2023\/12\/bertschi-kaffee-bio-la-florida-1-1000x750-1.png\");}<\/style>\t\t<div data-elementor-type=\"loop-item\" data-elementor-id=\"20281\" class=\"elementor elementor-20281 elementor-2139 elementor-2139 swiper-slide e-loop-item e-loop-item-21516 post-21516 kaffeebauer type-kaffeebauer status-publish has-post-thumbnail hentry\" data-elementor-post-type=\"elementor_library\" role=\"group\" aria-roledescription=\"slide\" data-custom-edit-handle=\"1\">\n\t\t\t<div data-tp-sc-link=\"https:\/\/www.bertschi-cafe.ch\/it\/anbau-kaffeebauern\/cooperativa-atahualpa\/\" data-tp-sc-link-external=\"\" style=\"cursor: pointer\" class=\"elementor-element elementor-element-2c360d9 e-flex e-con-boxed e-con e-parent\" data-id=\"2c360d9\" data-element_type=\"container\" data-e-type=\"container\" data-settings=\"{&quot;background_background&quot;:&quot;classic&quot;,&quot;jet_parallax_layout_list&quot;:[]}\">\n\t\t\t\t\t<div class=\"e-con-inner\">\n\t\t\t\t<div class=\"elementor-element elementor-element-4e8d336 elementor-widget elementor-widget-heading\" data-id=\"4e8d336\" data-element_type=\"widget\" data-e-type=\"widget\" data-widget_type=\"heading.default\">\n\t\t\t\t<div class=\"elementor-widget-container\">\n\t\t\t\t\t<h3 class=\"elementor-heading-title elementor-size-default\">Cooperativa Atahualpa<\/h3>\t\t\t\t<\/div>\n\t\t\t\t<\/div>\n\t\t\t\t<div class=\"elementor-element elementor-element-bd2a8c1 elementor-align-left elementor-widget elementor-widget-button\" data-id=\"bd2a8c1\" data-element_type=\"widget\" data-e-type=\"widget\" data-widget_type=\"button.default\">\n\t\t\t\t<div class=\"elementor-widget-container\">\n\t\t\t\t\t\t\t\t\t<div class=\"elementor-button-wrapper\">\n\t\t\t\t\t<a class=\"elementor-button elementor-button-link elementor-size-sm\" href=\"https:\/\/www.bertschi-cafe.ch\/it\/anbau-kaffeebauern\/cooperativa-atahualpa\/\">\n\t\t\t\t\t\t<span class=\"elementor-button-content-wrapper\">\n\t\t\t\t\t\t\t\t\t<span class=\"elementor-button-text\">Per saperne di pi\u00f9<\/span>\n\t\t\t\t\t<\/span>\n\t\t\t\t\t<\/a>\n\t\t\t\t<\/div>\n\t\t\t\t\t\t\t\t<\/div>\n\t\t\t\t<\/div>\n\t\t\t\t\t<\/div>\n\t\t\t\t<\/div>\n\t\t\t\t<\/div>\n\t\t\t\t<\/div>\n\t\t<\/div>\n\t\t\t\t\t<div class=\"elementor-swiper-button elementor-swiper-button-prev\" role=\"button\" tabindex=\"0\" aria-label=\"Precedente\">\n\t\t\t\t<svg xmlns=\"http:\/\/www.w3.org\/2000\/svg\" xmlns:xlink=\"http:\/\/www.w3.org\/1999\/xlink\" xmlns:serif=\"http:\/\/www.serif.com\/\" width=\"100%\" height=\"100%\" viewBox=\"0 0 11 21\" xml:space=\"preserve\" style=\"fill-rule:evenodd;clip-rule:evenodd;stroke-linejoin:round;stroke-miterlimit:2;\"> <g transform=\"matrix(2.81,0,0,2.81,1.40659,-196.981)\"> <path d=\"M3.1,70.1C3.2,70.1 3.2,70.1 3.3,70.2C3.4,70.3 3.4,70.5 3.3,70.6L0.2,73.7L3.3,76.8C3.4,76.9 3.4,77.1 3.3,77.2C3.2,77.3 3,77.3 2.9,77.2L-0.4,73.9C-0.5,73.8 -0.5,73.6 -0.4,73.5L2.9,70.2C3,70.1 3.1,70.1 3.1,70.1Z\" style=\"fill:rgb(177,155,94);fill-rule:nonzero;\"><\/path> <\/g> <\/svg>\t\t\t<\/div>\n\t\t\t<div class=\"elementor-swiper-button elementor-swiper-button-next\" role=\"button\" tabindex=\"0\" aria-label=\"Successivo\">\n\t\t\t\t<svg xmlns=\"http:\/\/www.w3.org\/2000\/svg\" xmlns:xlink=\"http:\/\/www.w3.org\/1999\/xlink\" xmlns:serif=\"http:\/\/www.serif.com\/\" width=\"100%\" height=\"100%\" viewBox=\"0 0 11 21\" xml:space=\"preserve\" style=\"fill-rule:evenodd;clip-rule:evenodd;stroke-linejoin:round;stroke-miterlimit:2;\"> <g transform=\"matrix(2.81,0,0,2.81,1.33475,-169.443)\"> <path d=\"M-0.2,60.3C-0.3,60.3 -0.3,60.3 -0.4,60.4C-0.5,60.5 -0.5,60.7 -0.4,60.8L2.7,63.9L-0.4,67C-0.5,67.1 -0.5,67.3 -0.4,67.4C-0.3,67.5 -0.1,67.5 0,67.4L3.3,64.1C3.4,64 3.4,63.8 3.3,63.7L0,60.4C-0.1,60.3 -0.1,60.3 -0.2,60.3Z\" style=\"fill:rgb(177,155,94);fill-rule:nonzero;\"><\/path> <\/g> <\/svg>\t\t\t<\/div>\n\t\t\t\t\t\t<\/div>\n\t\t\t\t<\/div>\n\t\t\t\t<div class=\"elementor-element elementor-element-042fad8 elementor-align-center elementor-widget__width-auto elementor-widget elementor-widget-button\" data-id=\"042fad8\" data-element_type=\"widget\" data-e-type=\"widget\" data-widget_type=\"button.default\">\n\t\t\t\t<div class=\"elementor-widget-container\">\n\t\t\t\t\t\t\t\t\t<div class=\"elementor-button-wrapper\">\n\t\t\t\t\t<a class=\"elementor-button elementor-button-link elementor-size-sm\" href=\"https:\/\/www.bertschi-cafe.ch\/it\/i-nostri-agricoltori\/\">\n\t\t\t\t\t\t<span class=\"elementor-button-content-wrapper\">\n\t\t\t\t\t\t<span class=\"elementor-button-icon\">\n\t\t\t\t<svg xmlns=\"http:\/\/www.w3.org\/2000\/svg\" xmlns:xlink=\"http:\/\/www.w3.org\/1999\/xlink\" xmlns:serif=\"http:\/\/www.serif.com\/\" width=\"100%\" height=\"100%\" viewBox=\"0 0 51 27\" xml:space=\"preserve\" style=\"fill-rule:evenodd;clip-rule:evenodd;stroke-linejoin:round;stroke-miterlimit:2;\"><path d=\"M49.375,12.031l-11.562,-11.562c-0.625,-0.625 -1.563,-0.625 -2.501,-0c-0.624,0.625 -0.624,1.875 0,2.5l8.751,8.75l-42.501,-0c-0.937,-0 -1.562,0.625 -1.562,1.562c-0,0.938 0.625,1.563 1.562,1.563l42.813,-0l-8.75,8.75c-0.625,0.625 -0.625,1.875 -0,2.5c0.625,0.625 1.562,0.625 2.5,-0l11.562,-11.563c0.626,-0.937 0.626,-1.875 -0.312,-2.5Z\" style=\"fill:#b19b5e;fill-rule:nonzero;\"><\/path><\/svg>\t\t\t<\/span>\n\t\t\t\t\t\t\t\t\t<span class=\"elementor-button-text\">Scopri i nostri agricoltori<\/span>\n\t\t\t\t\t<\/span>\n\t\t\t\t\t<\/a>\n\t\t\t\t<\/div>\n\t\t\t\t\t\t\t\t<\/div>\n\t\t\t\t<\/div>\n\t\t\t\t\t<\/div>\n\t\t\t\t<\/div>\n\t\t<div class=\"elementor-element elementor-element-c3ca168 e-flex e-con-boxed e-con e-parent\" data-id=\"c3ca168\" data-element_type=\"container\" data-e-type=\"container\" id=\"roestung\" data-settings=\"{&quot;jet_parallax_layout_list&quot;:[]}\">\n\t\t\t\t\t<div class=\"e-con-inner\">\n\t\t<div class=\"elementor-element elementor-element-d467542 e-flex e-con-boxed e-con e-child\" data-id=\"d467542\" data-element_type=\"container\" data-e-type=\"container\" data-settings=\"{&quot;jet_parallax_layout_list&quot;:[]}\">\n\t\t\t\t\t<div class=\"e-con-inner\">\n\t\t\t\t<div class=\"elementor-element elementor-element-821b932 elementor-widget elementor-widget-heading\" data-id=\"821b932\" data-element_type=\"widget\" data-e-type=\"widget\" data-widget_type=\"heading.default\">\n\t\t\t\t<div class=\"elementor-widget-container\">\n\t\t\t\t\t<h2 class=\"elementor-heading-title elementor-size-default\">La tostatura<\/h2>\t\t\t\t<\/div>\n\t\t\t\t<\/div>\n\t\t<div class=\"elementor-element elementor-element-3b9b51c e-flex e-con-boxed e-con e-child\" data-id=\"3b9b51c\" data-element_type=\"container\" data-e-type=\"container\" data-settings=\"{&quot;jet_parallax_layout_list&quot;:[]}\">\n\t\t\t\t\t<div class=\"e-con-inner\">\n\t\t<div class=\"elementor-element elementor-element-bf22e26 e-con-full e-flex e-con e-child\" data-id=\"bf22e26\" data-element_type=\"container\" data-e-type=\"container\" data-settings=\"{&quot;jet_parallax_layout_list&quot;:[]}\">\n\t\t\t\t<div class=\"elementor-element elementor-element-25d1d0e elementor-widget elementor-widget-text-editor\" data-id=\"25d1d0e\" data-element_type=\"widget\" data-e-type=\"widget\" data-widget_type=\"text-editor.default\">\n\t\t\t\t<div class=\"elementor-widget-container\">\n\t\t\t\t\t\t\t\t\t<p>La tostatura ha l&#8217;influenza pi\u00f9 importante sulla successiva qualit\u00e0 del caff\u00e8. Nel caff\u00e8 tostato sono stati rilevati pi\u00f9 di 800 aromi e pi\u00f9 di 50 acidi diversi. Quando e a quale temperatura emergono le sfumature dipende dall&#8217;esperienza e dall&#8217;intuizione del torrefattore. Di solito sono i secondi a decidere il risultato del gusto.<\/p>\n<p>Al Bertschi-Caf\u00e9, tostiamo il caff\u00e8 per le nostre miscele nel<br \/>tradizionale tostatura a tamburo &#8211; separata per variet\u00e0 e in piccole quantit\u00e0. A seconda della variet\u00e0 e dei requisiti di gusto, il caff\u00e8 viene delicatamente lavorato in un tamburo rotante a circa 200\u00b0C per 14-24 minuti.<br \/>arrugginito e poi raffreddato all&#8217;aria.<\/p>\n<p>Con un caff\u00e8 tostato in modo cos\u00ec delicato e accurato &#8211; a seconda della luminosit\u00e0 della tostatura &#8211; i sapori fruttati e le sfumature sottili vengono mantenuti, gli acidi naturali e le sostanze amare vengono ridotti e il caff\u00e8 pu\u00f2 svilupparsi pienamente ed \u00e8 particolarmente delicato per lo stomaco. La perdita di peso con questo processo di tostatura pu\u00f2 arrivare al 20%.<\/p>\n\t\t\t\t\t\t\t\t<\/div>\n\t\t\t\t<\/div>\n\t\t\t\t<\/div>\n\t\t<div class=\"elementor-element elementor-element-d6c341d e-con-full e-flex e-con e-child\" data-id=\"d6c341d\" data-element_type=\"container\" data-e-type=\"container\" data-settings=\"{&quot;jet_parallax_layout_list&quot;:[]}\">\n\t\t\t\t<div class=\"elementor-element elementor-element-0fdddb1 elementor-widget-divider--view-line elementor-widget elementor-widget-divider\" data-id=\"0fdddb1\" data-element_type=\"widget\" data-e-type=\"widget\" data-widget_type=\"divider.default\">\n\t\t\t\t<div class=\"elementor-widget-container\">\n\t\t\t\t\t\t\t<div class=\"elementor-divider\">\n\t\t\t<span class=\"elementor-divider-separator\">\n\t\t\t\t\t\t<\/span>\n\t\t<\/div>\n\t\t\t\t\t\t<\/div>\n\t\t\t\t<\/div>\n\t\t\t\t<div class=\"elementor-element elementor-element-35ba1f4 elementor-widget elementor-widget-heading\" data-id=\"35ba1f4\" data-element_type=\"widget\" data-e-type=\"widget\" data-widget_type=\"heading.default\">\n\t\t\t\t<div class=\"elementor-widget-container\">\n\t\t\t\t\t<span class=\"elementor-heading-title elementor-size-default\">Servizio di tostatura e macinazione<\/span>\t\t\t\t<\/div>\n\t\t\t\t<\/div>\n\t\t\t\t<div class=\"elementor-element elementor-element-371726b elementor-widget elementor-widget-heading\" data-id=\"371726b\" data-element_type=\"widget\" data-e-type=\"widget\" data-widget_type=\"heading.default\">\n\t\t\t\t<div class=\"elementor-widget-container\">\n\t\t\t\t\t<h3 class=\"elementor-heading-title elementor-size-default\">Le nostre miscele biologiche e del commercio equo e solidale, in base ai vostri desideri e alle vostre preferenze.<\/h3>\t\t\t\t<\/div>\n\t\t\t\t<\/div>\n\t\t\t\t<div class=\"elementor-element elementor-element-cbf79be elementor-widget elementor-widget-spacer\" data-id=\"cbf79be\" data-element_type=\"widget\" data-e-type=\"widget\" data-widget_type=\"spacer.default\">\n\t\t\t\t<div class=\"elementor-widget-container\">\n\t\t\t\t\t\t\t<div class=\"elementor-spacer\">\n\t\t\t<div class=\"elementor-spacer-inner\"><\/div>\n\t\t<\/div>\n\t\t\t\t\t\t<\/div>\n\t\t\t\t<\/div>\n\t\t\t\t<div class=\"elementor-element elementor-element-bf7e388 elementor-align-left elementor-widget elementor-widget-button\" data-id=\"bf7e388\" data-element_type=\"widget\" data-e-type=\"widget\" data-widget_type=\"button.default\">\n\t\t\t\t<div class=\"elementor-widget-container\">\n\t\t\t\t\t\t\t\t\t<div class=\"elementor-button-wrapper\">\n\t\t\t\t\t<a class=\"elementor-button elementor-button-link elementor-size-sm\" href=\"https:\/\/www.bertschi-cafe.ch\/it\/servizio-di-tostatura-e-macinazione\/\">\n\t\t\t\t\t\t<span class=\"elementor-button-content-wrapper\">\n\t\t\t\t\t\t<span class=\"elementor-button-icon\">\n\t\t\t\t<svg xmlns=\"http:\/\/www.w3.org\/2000\/svg\" xmlns:xlink=\"http:\/\/www.w3.org\/1999\/xlink\" xmlns:serif=\"http:\/\/www.serif.com\/\" width=\"100%\" height=\"100%\" viewBox=\"0 0 51 27\" xml:space=\"preserve\" style=\"fill-rule:evenodd;clip-rule:evenodd;stroke-linejoin:round;stroke-miterlimit:2;\"><path d=\"M49.375,12.031l-11.562,-11.562c-0.625,-0.625 -1.563,-0.625 -2.501,-0c-0.624,0.625 -0.624,1.875 0,2.5l8.751,8.75l-42.501,-0c-0.937,-0 -1.562,0.625 -1.562,1.562c-0,0.938 0.625,1.563 1.562,1.563l42.813,-0l-8.75,8.75c-0.625,0.625 -0.625,1.875 -0,2.5c0.625,0.625 1.562,0.625 2.5,-0l11.562,-11.563c0.626,-0.937 0.626,-1.875 -0.312,-2.5Z\" style=\"fill:#b19b5e;fill-rule:nonzero;\"><\/path><\/svg>\t\t\t<\/span>\n\t\t\t\t\t\t\t\t\t<span class=\"elementor-button-text\">Per saperne di pi\u00f9<\/span>\n\t\t\t\t\t<\/span>\n\t\t\t\t\t<\/a>\n\t\t\t\t<\/div>\n\t\t\t\t\t\t\t\t<\/div>\n\t\t\t\t<\/div>\n\t\t\t\t<div class=\"elementor-element elementor-element-b865982 elementor-widget-divider--view-line elementor-widget elementor-widget-divider\" data-id=\"b865982\" data-element_type=\"widget\" data-e-type=\"widget\" data-widget_type=\"divider.default\">\n\t\t\t\t<div class=\"elementor-widget-container\">\n\t\t\t\t\t\t\t<div class=\"elementor-divider\">\n\t\t\t<span class=\"elementor-divider-separator\">\n\t\t\t\t\t\t<\/span>\n\t\t<\/div>\n\t\t\t\t\t\t<\/div>\n\t\t\t\t<\/div>\n\t\t\t\t<\/div>\n\t\t\t\t\t<\/div>\n\t\t\t\t<\/div>\n\t\t\t\t\t<\/div>\n\t\t\t\t<\/div>\n\t\t\t\t\t<\/div>\n\t\t\t\t<\/div>\n\t\t<div class=\"elementor-element elementor-element-745ba1b e-flex e-con-boxed e-con e-parent\" data-id=\"745ba1b\" data-element_type=\"container\" data-e-type=\"container\" data-settings=\"{&quot;jet_parallax_layout_list&quot;:[]}\">\n\t\t\t\t\t<div class=\"e-con-inner\">\n\t\t\t\t<div class=\"elementor-element elementor-element-cac5ca9 elementor-widget elementor-widget-image\" data-id=\"cac5ca9\" data-element_type=\"widget\" data-e-type=\"widget\" data-widget_type=\"image.default\">\n\t\t\t\t<div class=\"elementor-widget-container\">\n\t\t\t\t\t\t\t\t\t\t\t\t\t\t\t<img decoding=\"async\" width=\"1800\" height=\"1200\" src=\"https:\/\/www.bertschi-cafe.ch\/webseite\/wp-content\/uploads\/2024\/01\/bertschi-unser-kaffee-roestung.jpg\" class=\"attachment-full size-full wp-image-19834\" alt=\"\" srcset=\"https:\/\/www.bertschi-cafe.ch\/webseite\/wp-content\/uploads\/2024\/01\/bertschi-unser-kaffee-roestung.jpg 1800w, https:\/\/www.bertschi-cafe.ch\/webseite\/wp-content\/uploads\/2024\/01\/bertschi-unser-kaffee-roestung-300x200.jpg 300w, https:\/\/www.bertschi-cafe.ch\/webseite\/wp-content\/uploads\/2024\/01\/bertschi-unser-kaffee-roestung-1024x683.jpg 1024w, https:\/\/www.bertschi-cafe.ch\/webseite\/wp-content\/uploads\/2024\/01\/bertschi-unser-kaffee-roestung-768x512.jpg 768w, https:\/\/www.bertschi-cafe.ch\/webseite\/wp-content\/uploads\/2024\/01\/bertschi-unser-kaffee-roestung-1536x1024.jpg 1536w, https:\/\/www.bertschi-cafe.ch\/webseite\/wp-content\/uploads\/2024\/01\/bertschi-unser-kaffee-roestung-600x400.jpg 600w\" sizes=\"(max-width: 1800px) 100vw, 1800px\" \/>\t\t\t\t\t\t\t\t\t\t\t\t\t\t\t<\/div>\n\t\t\t\t<\/div>\n\t\t\t\t\t<\/div>\n\t\t\t\t<\/div>\n\t\t<div class=\"elementor-element elementor-element-15227fc e-flex e-con-boxed e-con e-parent\" data-id=\"15227fc\" data-element_type=\"container\" data-e-type=\"container\" data-settings=\"{&quot;jet_parallax_layout_list&quot;:[]}\">\n\t\t\t\t\t<div class=\"e-con-inner\">\n\t\t\t\t<div class=\"elementor-element elementor-element-be79b9c elementor-widget elementor-widget-heading\" data-id=\"be79b9c\" data-element_type=\"widget\" data-e-type=\"widget\" data-widget_type=\"heading.default\">\n\t\t\t\t<div class=\"elementor-widget-container\">\n\t\t\t\t\t<h2 class=\"elementor-heading-title elementor-size-default\">Il nostro caff\u00e8<\/h2>\t\t\t\t<\/div>\n\t\t\t\t<\/div>\n\t\t\t\t<div class=\"elementor-element elementor-element-e025049 elementor-widget elementor-widget-text-editor\" data-id=\"e025049\" data-element_type=\"widget\" data-e-type=\"widget\" data-widget_type=\"text-editor.default\">\n\t\t\t\t<div class=\"elementor-widget-container\">\n\t\t\t\t\t\t\t\t\t<p>Ordinate il piacere del vero caff\u00e8 a casa vostra.<\/p>\n\t\t\t\t\t\t\t\t<\/div>\n\t\t\t\t<\/div>\n\t\t\t\t<div class=\"elementor-element elementor-element-d478031 elementor-widget elementor-widget-spacer\" data-id=\"d478031\" data-element_type=\"widget\" data-e-type=\"widget\" data-widget_type=\"spacer.default\">\n\t\t\t\t<div class=\"elementor-widget-container\">\n\t\t\t\t\t\t\t<div class=\"elementor-spacer\">\n\t\t\t<div class=\"elementor-spacer-inner\"><\/div>\n\t\t<\/div>\n\t\t\t\t\t\t<\/div>\n\t\t\t\t<\/div>\n\t\t\t\t<div class=\"elementor-element elementor-element-ca593df elementor-product-loop-item--align-center elementor-grid-tablet-2 elementor-grid-mobile-1 elementor-grid-4 elementor-products-grid elementor-wc-products elementor-widget elementor-widget-woocommerce-products\" data-id=\"ca593df\" data-element_type=\"widget\" data-e-type=\"widget\" data-widget_type=\"woocommerce-products.default\">\n\t\t\t\t<div class=\"elementor-widget-container\">\n\t\t\t\t\t<div class=\"woocommerce columns-4 \"><ul class=\"products elementor-grid columns-4\">\n<li class=\"product type-product post-35475 status-publish first instock product_cat-bohnen product_cat-gemahlen product_cat-geschenk-und-probiersets product_cat-spezialitaeten has-post-thumbnail taxable shipping-taxable purchasable product-type-variable\">\n\t<a href=\"https:\/\/www.bertschi-cafe.ch\/it\/prodotto\/entdecker-set-espresso-kaffee-genuss-paket-6-x-250g\/\" class=\"woocommerce-LoopProduct-link woocommerce-loop-product__link\"><div class=\"cg-badge-container\"><div class=\"cg-badge\"><img decoding=\"async\" src=\"https:\/\/www.bertschi-cafe.ch\/webseite\/wp-content\/uploads\/2024\/03\/bio-logo-import.svg\" alt=\"Caff\u00e8 biologico\" title=\"Caff\u00e8 biologico\"><\/div><div class=\"cg-badge\"><img decoding=\"async\" src=\"https:\/\/www.bertschi-cafe.ch\/webseite\/wp-content\/uploads\/2024\/02\/fairtrade-certification-mark-1.svg\" alt=\"Caff\u00e8 equo e solidale\" title=\"Caff\u00e8 equo e solidale\"><\/div><\/div><img decoding=\"async\" width=\"300\" height=\"300\" src=\"https:\/\/www.bertschi-cafe.ch\/webseite\/wp-content\/uploads\/2026\/01\/Produktbild-Set-300x300.png\" class=\"attachment-woocommerce_thumbnail size-woocommerce_thumbnail\" alt=\"Entdecker-Set: Espresso &amp; Kaffee Genuss-Paket (6 x 250g)\" srcset=\"https:\/\/www.bertschi-cafe.ch\/webseite\/wp-content\/uploads\/2026\/01\/Produktbild-Set-300x300.png 300w, https:\/\/www.bertschi-cafe.ch\/webseite\/wp-content\/uploads\/2026\/01\/Produktbild-Set-1024x1024.png 1024w, https:\/\/www.bertschi-cafe.ch\/webseite\/wp-content\/uploads\/2026\/01\/Produktbild-Set-150x150.png 150w, https:\/\/www.bertschi-cafe.ch\/webseite\/wp-content\/uploads\/2026\/01\/Produktbild-Set-768x768.png 768w, https:\/\/www.bertschi-cafe.ch\/webseite\/wp-content\/uploads\/2026\/01\/Produktbild-Set-700x700.png 700w, https:\/\/www.bertschi-cafe.ch\/webseite\/wp-content\/uploads\/2026\/01\/Produktbild-Set-600x600.png 600w, https:\/\/www.bertschi-cafe.ch\/webseite\/wp-content\/uploads\/2026\/01\/Produktbild-Set-100x100.png 100w, https:\/\/www.bertschi-cafe.ch\/webseite\/wp-content\/uploads\/2026\/01\/Produktbild-Set.png 1080w\" sizes=\"(max-width: 300px) 100vw, 300px\" \/><span class=\"product-varietaet\"><\/span><h2 class=\"woocommerce-loop-product__title\">Entdecker-Set: Espresso &#038; Kaffee Genuss-Paket (6 x 250g)<\/h2>\n\t<span class=\"price\">A partire da <span class=\"woocommerce-Price-amount amount\"><bdi><span class=\"woocommerce-Price-currencySymbol\">&#67;&#72;&#70;<\/span>&nbsp;37.30<\/bdi><\/span> <span class=\"price-per-kg\">(CHF 24.87\/kg)<\/span><\/span>\n<\/a><div class=\"custom-group\"><span class=\"price\">Ab <span class=\"woocommerce-Price-amount amount\"><bdi><span class=\"woocommerce-Price-currencySymbol\">&#67;&#72;&#70;<\/span>&nbsp;37.30<\/bdi><\/span><\/span><div class=\"woocommerce-loop-product__buttons\"><a href=\"https:\/\/www.bertschi-cafe.ch\/it\/prodotto\/entdecker-set-espresso-kaffee-genuss-paket-6-x-250g\/\" aria-describedby=\"woocommerce_loop_add_to_cart_link_describedby_35475\" data-quantity=\"1\" class=\"button product_type_variable add_to_cart_button\" data-product_id=\"35475\" data-product_sku=\"\" aria-label=\"Seleziona le opzioni per &ldquo;Entdecker-Set: Espresso &amp; Kaffee Genuss-Paket (6 x 250g)&rdquo;\" rel=\"nofollow\">Scegli<\/a><\/div>\t<span id=\"woocommerce_loop_add_to_cart_link_describedby_35475\" class=\"screen-reader-text\">\n\t\tQuesto prodotto ha pi\u00f9 varianti. Le opzioni possono essere scelte nella pagina del prodotto\t<\/span>\n<\/div><span class=\"gtm4wp_productdata\" style=\"display:none; visibility:hidden;\" data-gtm4wp_product_data=\"{&quot;internal_id&quot;:35475,&quot;item_id&quot;:35475,&quot;item_name&quot;:&quot;Entdecker-Set: Espresso &amp; Kaffee Genuss-Paket (6 x 250g)&quot;,&quot;sku&quot;:35475,&quot;price&quot;:37.2999999999999971578290569595992565155029296875,&quot;stocklevel&quot;:null,&quot;stockstatus&quot;:&quot;instock&quot;,&quot;google_business_vertical&quot;:&quot;retail&quot;,&quot;item_category&quot;:&quot;Geschenk- und Probiersets&quot;,&quot;id&quot;:35475,&quot;productlink&quot;:&quot;https:\\\/\\\/www.bertschi-cafe.ch\\\/it\\\/prodotto\\\/entdecker-set-espresso-kaffee-genuss-paket-6-x-250g\\\/&quot;,&quot;item_list_name&quot;:&quot;General Product List&quot;,&quot;index&quot;:1,&quot;product_type&quot;:&quot;variable&quot;,&quot;item_brand&quot;:&quot;&quot;}\"><\/span>\t\t\t<input type=\"hidden\" class=\"pmwProductId\" data-id=\"35475\">\n\t\t\t\t\t<script>\n\t\t\t(window.pmwDataLayer = window.pmwDataLayer || {}).products                = window.pmwDataLayer.products || {};\n\t\t\twindow.pmwDataLayer.products[35475] = {\"id\":\"35475\",\"sku\":\"\",\"price\":38.27000000000000312638803734444081783294677734375,\"brand\":\"\",\"quantity\":1,\"dyn_r_ids\":{\"post_id\":\"35475\",\"sku\":35475,\"gpf\":\"woocommerce_gpf_35475\",\"gla\":\"gla_35475\"},\"is_variable\":true,\"type\":\"variable\",\"name\":\"Entdecker-Set: Espresso & Kaffee Genuss-Paket (6 x 250g)\",\"category\":[\"Bohnen\",\"gemahlen\",\"Geschenk- und Probiersets\",\"Spezialit\u00e4ten\"],\"is_variation\":false};\n\t\t\t\t\twindow.pmw_product_position = window.pmw_product_position || 1;\n\t\twindow.pmwDataLayer.products[35475]['position'] = window.pmw_product_position++;\n\t\t\t\t<\/script>\n\t\t<\/li>\n<li class=\"product type-product post-34121 status-publish instock product_cat-geschenk-und-probiersets product_cat-zubehoer has-post-thumbnail taxable shipping-taxable purchasable product-type-simple\">\n\t<a href=\"https:\/\/www.bertschi-cafe.ch\/it\/prodotto\/upcycling-tasche-aus-kaffeeverpackung\/\" class=\"woocommerce-LoopProduct-link woocommerce-loop-product__link\"><img decoding=\"async\" width=\"300\" height=\"300\" src=\"https:\/\/www.bertschi-cafe.ch\/webseite\/wp-content\/uploads\/2025\/08\/Tasche-Bertschi-Cafe-300x300.png\" class=\"attachment-woocommerce_thumbnail size-woocommerce_thumbnail\" alt=\"Upcycling Tasche aus Kaffeeverpackung\" srcset=\"https:\/\/www.bertschi-cafe.ch\/webseite\/wp-content\/uploads\/2025\/08\/Tasche-Bertschi-Cafe-300x300.png 300w, https:\/\/www.bertschi-cafe.ch\/webseite\/wp-content\/uploads\/2025\/08\/Tasche-Bertschi-Cafe-150x150.png 150w, https:\/\/www.bertschi-cafe.ch\/webseite\/wp-content\/uploads\/2025\/08\/Tasche-Bertschi-Cafe-700x700.png 700w, https:\/\/www.bertschi-cafe.ch\/webseite\/wp-content\/uploads\/2025\/08\/Tasche-Bertschi-Cafe-100x100.png 100w\" sizes=\"(max-width: 300px) 100vw, 300px\" \/><h2 class=\"woocommerce-loop-product__title\">Upcycling Tasche aus Kaffeeverpackung<\/h2>\n\t<span class=\"price\"><span class=\"woocommerce-Price-amount amount\"><bdi><span class=\"woocommerce-Price-currencySymbol\">&#67;&#72;&#70;<\/span>&nbsp;20.00<\/bdi><\/span><\/span>\n<\/a><div class=\"custom-group\"><span class=\"price\"><span class=\"woocommerce-Price-amount amount\"><bdi><span class=\"woocommerce-Price-currencySymbol\">&#67;&#72;&#70;<\/span>&nbsp;20.00<\/bdi><\/span><\/span><div class=\"woocommerce-loop-product__buttons\"><a href=\"\/it\/wp-json\/wp\/v2\/pages\/20841?add-to-cart=34121\" aria-describedby=\"woocommerce_loop_add_to_cart_link_describedby_34121\" data-quantity=\"1\" class=\"button product_type_simple add_to_cart_button ajax_add_to_cart\" data-product_id=\"34121\" data-product_sku=\"8.15.1527\" aria-label=\"Aggiungi al carrello: &quot;Upcycling Tasche aus Kaffeeverpackung&quot;\" rel=\"nofollow\" data-success_message=\"&quot;Upcycling Tasche aus Kaffeeverpackung&quot; \u00e8 stato aggiunto al tuo carrello\" role=\"button\">Aggiungi al carrello<\/a><\/div>\t<span id=\"woocommerce_loop_add_to_cart_link_describedby_34121\" class=\"screen-reader-text\">\n\t\t\t<\/span>\n<\/div><span class=\"gtm4wp_productdata\" style=\"display:none; visibility:hidden;\" data-gtm4wp_product_data=\"{&quot;internal_id&quot;:34121,&quot;item_id&quot;:34121,&quot;item_name&quot;:&quot;Upcycling Tasche aus Kaffeeverpackung&quot;,&quot;sku&quot;:&quot;8.15.1527&quot;,&quot;price&quot;:20,&quot;stocklevel&quot;:null,&quot;stockstatus&quot;:&quot;instock&quot;,&quot;google_business_vertical&quot;:&quot;retail&quot;,&quot;item_category&quot;:&quot;Geschenk- und Probiersets&quot;,&quot;id&quot;:34121,&quot;productlink&quot;:&quot;https:\\\/\\\/www.bertschi-cafe.ch\\\/it\\\/prodotto\\\/upcycling-tasche-aus-kaffeeverpackung\\\/&quot;,&quot;item_list_name&quot;:&quot;General Product List&quot;,&quot;index&quot;:2,&quot;product_type&quot;:&quot;simple&quot;,&quot;item_brand&quot;:&quot;&quot;}\"><\/span>\t\t\t<input type=\"hidden\" class=\"pmwProductId\" data-id=\"34121\">\n\t\t\t\t\t<script>\n\t\t\t(window.pmwDataLayer = window.pmwDataLayer || {}).products                = window.pmwDataLayer.products || {};\n\t\t\twindow.pmwDataLayer.products[34121] = {\"id\":\"34121\",\"sku\":\"8.15.1527\",\"price\":21.620000000000000994759830064140260219573974609375,\"brand\":\"\",\"quantity\":1,\"dyn_r_ids\":{\"post_id\":\"34121\",\"sku\":\"8.15.1527\",\"gpf\":\"woocommerce_gpf_34121\",\"gla\":\"gla_34121\"},\"is_variable\":false,\"type\":\"simple\",\"name\":\"Upcycling Tasche aus Kaffeeverpackung\",\"category\":[\"Geschenk- und Probiersets\",\"Zubeh\u00f6r\"],\"is_variation\":false};\n\t\t\t\t\twindow.pmw_product_position = window.pmw_product_position || 1;\n\t\twindow.pmwDataLayer.products[34121]['position'] = window.pmw_product_position++;\n\t\t\t\t<\/script>\n\t\t<\/li>\n<li class=\"product type-product post-33451 status-publish instock product_cat-bohnen product_cat-gemahlen product_cat-spezialitaeten has-post-thumbnail taxable shipping-taxable purchasable product-type-variable has-default-attributes\">\n\t<a href=\"https:\/\/www.bertschi-cafe.ch\/it\/prodotto\/saison-kaffee-sommer\/\" class=\"woocommerce-LoopProduct-link woocommerce-loop-product__link\"><img decoding=\"async\" width=\"300\" height=\"300\" src=\"https:\/\/www.bertschi-cafe.ch\/webseite\/wp-content\/uploads\/2025\/06\/Saison-Kaffee-Sommer-300x300.png\" class=\"attachment-woocommerce_thumbnail size-woocommerce_thumbnail\" alt=\"Saison-Kaffee Sommer\" srcset=\"https:\/\/www.bertschi-cafe.ch\/webseite\/wp-content\/uploads\/2025\/06\/Saison-Kaffee-Sommer-300x300.png 300w, https:\/\/www.bertschi-cafe.ch\/webseite\/wp-content\/uploads\/2025\/06\/Saison-Kaffee-Sommer-1024x1024.png 1024w, https:\/\/www.bertschi-cafe.ch\/webseite\/wp-content\/uploads\/2025\/06\/Saison-Kaffee-Sommer-150x150.png 150w, https:\/\/www.bertschi-cafe.ch\/webseite\/wp-content\/uploads\/2025\/06\/Saison-Kaffee-Sommer-768x768.png 768w, https:\/\/www.bertschi-cafe.ch\/webseite\/wp-content\/uploads\/2025\/06\/Saison-Kaffee-Sommer-700x700.png 700w, https:\/\/www.bertschi-cafe.ch\/webseite\/wp-content\/uploads\/2025\/06\/Saison-Kaffee-Sommer-600x600.png 600w, https:\/\/www.bertschi-cafe.ch\/webseite\/wp-content\/uploads\/2025\/06\/Saison-Kaffee-Sommer-100x100.png 100w, https:\/\/www.bertschi-cafe.ch\/webseite\/wp-content\/uploads\/2025\/06\/Saison-Kaffee-Sommer.png 1074w\" sizes=\"(max-width: 300px) 100vw, 300px\" \/><span class=\"product-varietaet\">80% Arabica \/ 20% Robusta<\/span><h2 class=\"woocommerce-loop-product__title\">Saison-Kaffee Sommer<\/h2><span class=\"product-pa_geschmack\">Nocciola, Cioccolatoso<\/span>\n\t<span class=\"price\">A partire da <span class=\"woocommerce-Price-amount amount\"><bdi><span class=\"woocommerce-Price-currencySymbol\">&#67;&#72;&#70;<\/span>&nbsp;9.75<\/bdi><\/span> <span class=\"price-per-kg\">(CHF 19.50\/kg)<\/span><\/span>\n<\/a><div class=\"custom-group\"><span class=\"price\">Ab <span class=\"woocommerce-Price-amount amount\"><bdi><span class=\"woocommerce-Price-currencySymbol\">&#67;&#72;&#70;<\/span>&nbsp;9.75<\/bdi><\/span><\/span><div class=\"woocommerce-loop-product__buttons\"><a href=\"https:\/\/www.bertschi-cafe.ch\/it\/prodotto\/saison-kaffee-sommer\/\" aria-describedby=\"woocommerce_loop_add_to_cart_link_describedby_33451\" data-quantity=\"1\" class=\"button product_type_variable add_to_cart_button\" data-product_id=\"33451\" data-product_sku=\"\" aria-label=\"Seleziona le opzioni per &ldquo;Saison-Kaffee Sommer&rdquo;\" rel=\"nofollow\">Scegli<\/a><\/div>\t<span id=\"woocommerce_loop_add_to_cart_link_describedby_33451\" class=\"screen-reader-text\">\n\t\tQuesto prodotto ha pi\u00f9 varianti. Le opzioni possono essere scelte nella pagina del prodotto\t<\/span>\n<\/div><span class=\"gtm4wp_productdata\" style=\"display:none; visibility:hidden;\" data-gtm4wp_product_data=\"{&quot;internal_id&quot;:33451,&quot;item_id&quot;:33451,&quot;item_name&quot;:&quot;Saison-Kaffee Sommer&quot;,&quot;sku&quot;:33451,&quot;price&quot;:9.75,&quot;stocklevel&quot;:null,&quot;stockstatus&quot;:&quot;instock&quot;,&quot;google_business_vertical&quot;:&quot;retail&quot;,&quot;item_category&quot;:&quot;Spezialit\\u00e4ten&quot;,&quot;id&quot;:33451,&quot;productlink&quot;:&quot;https:\\\/\\\/www.bertschi-cafe.ch\\\/it\\\/prodotto\\\/saison-kaffee-sommer\\\/&quot;,&quot;item_list_name&quot;:&quot;General Product List&quot;,&quot;index&quot;:3,&quot;product_type&quot;:&quot;variable&quot;,&quot;item_brand&quot;:&quot;&quot;}\"><\/span>\t\t\t<input type=\"hidden\" class=\"pmwProductId\" data-id=\"33451\">\n\t\t\t\t\t<script>\n\t\t\t(window.pmwDataLayer = window.pmwDataLayer || {}).products                = window.pmwDataLayer.products || {};\n\t\t\twindow.pmwDataLayer.products[33451] = {\"id\":\"33451\",\"sku\":\"\",\"price\":10,\"brand\":\"\",\"quantity\":1,\"dyn_r_ids\":{\"post_id\":\"33451\",\"sku\":33451,\"gpf\":\"woocommerce_gpf_33451\",\"gla\":\"gla_33451\"},\"is_variable\":true,\"type\":\"variable\",\"name\":\"Saison-Kaffee Sommer\",\"category\":[\"Bohnen\",\"gemahlen\",\"Spezialit\u00e4ten\"],\"is_variation\":false};\n\t\t\t\t\twindow.pmw_product_position = window.pmw_product_position || 1;\n\t\twindow.pmwDataLayer.products[33451]['position'] = window.pmw_product_position++;\n\t\t\t\t<\/script>\n\t\t<\/li>\n<li class=\"product type-product post-32926 status-publish last instock product_cat-bohnen product_cat-gemahlen product_cat-spezialitaeten has-post-thumbnail taxable shipping-taxable purchasable product-type-variable has-default-attributes\">\n\t<a href=\"https:\/\/www.bertschi-cafe.ch\/it\/prodotto\/good-vibes-kaffee\/\" class=\"woocommerce-LoopProduct-link woocommerce-loop-product__link\"><img decoding=\"async\" width=\"300\" height=\"300\" src=\"https:\/\/www.bertschi-cafe.ch\/webseite\/wp-content\/uploads\/2025\/04\/Good-Vibes-Kaffee-300x300.webp\" class=\"attachment-woocommerce_thumbnail size-woocommerce_thumbnail\" alt=\"Good Vibes Kaffee\" srcset=\"https:\/\/www.bertschi-cafe.ch\/webseite\/wp-content\/uploads\/2025\/04\/Good-Vibes-Kaffee-300x300.webp 300w, https:\/\/www.bertschi-cafe.ch\/webseite\/wp-content\/uploads\/2025\/04\/Good-Vibes-Kaffee-150x150.webp 150w, https:\/\/www.bertschi-cafe.ch\/webseite\/wp-content\/uploads\/2025\/04\/Good-Vibes-Kaffee-768x768.webp 768w, https:\/\/www.bertschi-cafe.ch\/webseite\/wp-content\/uploads\/2025\/04\/Good-Vibes-Kaffee-700x700.webp 700w, https:\/\/www.bertschi-cafe.ch\/webseite\/wp-content\/uploads\/2025\/04\/Good-Vibes-Kaffee-600x600.webp 600w, https:\/\/www.bertschi-cafe.ch\/webseite\/wp-content\/uploads\/2025\/04\/Good-Vibes-Kaffee-100x100.webp 100w, https:\/\/www.bertschi-cafe.ch\/webseite\/wp-content\/uploads\/2025\/04\/Good-Vibes-Kaffee.webp 1024w\" sizes=\"(max-width: 300px) 100vw, 300px\" \/><span class=\"product-varietaet\">100% Arabica<\/span><h2 class=\"woocommerce-loop-product__title\">Good Vibes Kaffee<\/h2><span class=\"product-pa_geschmack\">Nocciola, Dolciastro<\/span>\n\t<span class=\"price\">A partire da <span class=\"woocommerce-Price-amount amount\"><bdi><span class=\"woocommerce-Price-currencySymbol\">&#67;&#72;&#70;<\/span>&nbsp;12.75<\/bdi><\/span> <span class=\"price-per-kg\">(CHF 25.50\/kg)<\/span><\/span>\n<\/a><div class=\"custom-group\"><span class=\"price\">Ab <span class=\"woocommerce-Price-amount amount\"><bdi><span class=\"woocommerce-Price-currencySymbol\">&#67;&#72;&#70;<\/span>&nbsp;12.75<\/bdi><\/span><\/span><div class=\"woocommerce-loop-product__buttons\"><a href=\"https:\/\/www.bertschi-cafe.ch\/it\/prodotto\/good-vibes-kaffee\/\" aria-describedby=\"woocommerce_loop_add_to_cart_link_describedby_32926\" data-quantity=\"1\" class=\"button product_type_variable add_to_cart_button\" data-product_id=\"32926\" data-product_sku=\"\" aria-label=\"Seleziona le opzioni per &ldquo;Good Vibes Kaffee&rdquo;\" rel=\"nofollow\">Scegli<\/a><\/div>\t<span id=\"woocommerce_loop_add_to_cart_link_describedby_32926\" class=\"screen-reader-text\">\n\t\tQuesto prodotto ha pi\u00f9 varianti. Le opzioni possono essere scelte nella pagina del prodotto\t<\/span>\n<\/div><span class=\"gtm4wp_productdata\" style=\"display:none; visibility:hidden;\" data-gtm4wp_product_data=\"{&quot;internal_id&quot;:32926,&quot;item_id&quot;:32926,&quot;item_name&quot;:&quot;Good Vibes Kaffee&quot;,&quot;sku&quot;:32926,&quot;price&quot;:12.75,&quot;stocklevel&quot;:null,&quot;stockstatus&quot;:&quot;instock&quot;,&quot;google_business_vertical&quot;:&quot;retail&quot;,&quot;item_category&quot;:&quot;Spezialit\\u00e4ten&quot;,&quot;id&quot;:32926,&quot;productlink&quot;:&quot;https:\\\/\\\/www.bertschi-cafe.ch\\\/it\\\/prodotto\\\/good-vibes-kaffee\\\/&quot;,&quot;item_list_name&quot;:&quot;General Product List&quot;,&quot;index&quot;:4,&quot;product_type&quot;:&quot;variable&quot;,&quot;item_brand&quot;:&quot;&quot;}\"><\/span>\t\t\t<input type=\"hidden\" class=\"pmwProductId\" data-id=\"32926\">\n\t\t\t\t\t<script>\n\t\t\t(window.pmwDataLayer = window.pmwDataLayer || {}).products                = window.pmwDataLayer.products || {};\n\t\t\twindow.pmwDataLayer.products[32926] = {\"id\":\"32926\",\"sku\":\"\",\"price\":13.0800000000000000710542735760100185871124267578125,\"brand\":\"\",\"quantity\":1,\"dyn_r_ids\":{\"post_id\":\"32926\",\"sku\":32926,\"gpf\":\"woocommerce_gpf_32926\",\"gla\":\"gla_32926\"},\"is_variable\":true,\"type\":\"variable\",\"name\":\"Good Vibes Kaffee\",\"category\":[\"Bohnen\",\"gemahlen\",\"Spezialit\u00e4ten\"],\"is_variation\":false};\n\t\t\t\t\twindow.pmw_product_position = window.pmw_product_position || 1;\n\t\twindow.pmwDataLayer.products[32926]['position'] = window.pmw_product_position++;\n\t\t\t\t<\/script>\n\t\t<\/li>\n<\/ul>\n<\/div>\t\t\t\t<\/div>\n\t\t\t\t<\/div>\n\t\t\t\t<div class=\"elementor-element elementor-element-e46b2e2 elementor-widget elementor-widget-html\" data-id=\"e46b2e2\" data-element_type=\"widget\" data-e-type=\"widget\" data-widget_type=\"html.default\">\n\t\t\t\t<div class=\"elementor-widget-container\">\n\t\t\t\t\t<script>jQuery(document).ready(function($) {\n    $(document).on('click', '[data-tp-sc-link]', function(e) {\n        e.preventDefault();\n        const isExternal = $(this).attr('data-tp-sc-link-external') === 'yes';\n        const url = $(this).attr('data-tp-sc-link');\n\n        if (isExternal) {\n            window.open(url, '_blank');\n        } else {\n            window.location.href = url;\n        }\n    });\n});\n<\/script>\t\t\t\t<\/div>\n\t\t\t\t<\/div>\n\t\t\t\t\t<\/div>\n\t\t\t\t<\/div>\n\t\t\t\t<\/div>\n\t\t","protected":false},"excerpt":{"rendered":"<p>Il nostro caff\u00e8 Scoprire l&#8217;origine dei nostri chicchi di caff\u00e8. Scoprite il nostro caff\u00e8 Il caff\u00e8 \u00e8 misterioso e affascinante. Ci vogliono molto lavoro, sforzi e un lungo viaggio prima che il caff\u00e8 abbia un buon profumo nella nostra tazza. La bevanda \u00e8 nota come stimolante, energizzante o sedativa. Il caff\u00e8 in movimento, in movimento [&hellip;]<\/p>\n","protected":false},"author":2,"featured_media":0,"parent":0,"menu_order":0,"comment_status":"closed","ping_status":"closed","template":"elementor_header_footer","meta":{"_acf_changed":false,"_coblocks_attr":"","_coblocks_dimensions":"","_coblocks_responsive_height":"","_coblocks_accordion_ie_support":"","inline_featured_image":false,"_monsterinsights_skip_tracking":false,"_monsterinsights_sitenote_active":false,"_monsterinsights_sitenote_note":"","_monsterinsights_sitenote_category":0,"footnotes":""},"class_list":["post-20841","page","type-page","status-publish","hentry"],"acf":[],"aioseo_notices":[],"_links":{"self":[{"href":"https:\/\/www.bertschi-cafe.ch\/it\/wp-json\/wp\/v2\/pages\/20841","targetHints":{"allow":["GET"]}}],"collection":[{"href":"https:\/\/www.bertschi-cafe.ch\/it\/wp-json\/wp\/v2\/pages"}],"about":[{"href":"https:\/\/www.bertschi-cafe.ch\/it\/wp-json\/wp\/v2\/types\/page"}],"author":[{"embeddable":true,"href":"https:\/\/www.bertschi-cafe.ch\/it\/wp-json\/wp\/v2\/users\/2"}],"replies":[{"embeddable":true,"href":"https:\/\/www.bertschi-cafe.ch\/it\/wp-json\/wp\/v2\/comments?post=20841"}],"version-history":[{"count":0,"href":"https:\/\/www.bertschi-cafe.ch\/it\/wp-json\/wp\/v2\/pages\/20841\/revisions"}],"wp:attachment":[{"href":"https:\/\/www.bertschi-cafe.ch\/it\/wp-json\/wp\/v2\/media?parent=20841"}],"curies":[{"name":"wp","href":"https:\/\/api.w.org\/{rel}","templated":true}]}}