{"id":21511,"date":"2024-01-03T15:40:08","date_gmt":"2024-01-03T15:40:08","guid":{"rendered":"https:\/\/www.bertschi-cafe.ch\/webseite\/anbau-kaffeebauern\/cooperativa-la-florida\/"},"modified":"2024-02-20T18:29:27","modified_gmt":"2024-02-20T18:29:27","slug":"cooperativa-la-florida","status":"publish","type":"kaffeebauer","link":"https:\/\/www.bertschi-cafe.ch\/it\/anbau-kaffeebauern\/cooperativa-la-florida\/","title":{"rendered":"Cooperativa La Florida"},"content":{"rendered":"\n<div class=\"wp-block-group width-750 is-layout-constrained wp-block-group-is-layout-constrained\">\n<p class=\"has-text-align-center has-medium-font-size\"><\/p>\n\n\n\n<div style=\"height:2rem\" aria-hidden=\"true\" class=\"wp-block-spacer\"><\/div>\n\n\n\n<div class=\"wp-block-buttons anker-buttons is-content-justification-center is-layout-flex wp-container-core-buttons-is-layout-a89b3969 wp-block-buttons-is-layout-flex\">\n<div class=\"wp-block-button\"><a class=\"wp-block-button__link wp-element-button\" href=\"#cooperativa\" rel=\"#kooperative\">La cooperativa<\/a><\/div>\n\n\n\n<div class=\"wp-block-button\" id=\"auswirkungen\"><a class=\"wp-block-button__link wp-element-button\" href=\"#progetti\" rel=\"\">Progetti realizzati<\/a><\/div>\n<\/div>\n<\/div>\n\n<div style=\"height:7.25rem\" aria-hidden=\"true\" class=\"wp-block-spacer\"><\/div>\n\n<div style=\"min-height:400px\" data-map-attr=\"\/qaddress\/q:\/qProvinz Chanchamayo Peru\/q||\/qlat\/q:\/qundefined\/q||\/qlng\/q:\/qundefined\/q||\/qskin\/q:\/qstandard\/q||\/qzoom\/q:\/q5\/q||\/qiconSize\/q:\/q36\/q||\/qmapTypeControl\/q:\/qtrue\/q||\/qzoomControl\/q:\/qtrue\/q||\/qstreetViewControl\/q:\/qtrue\/q||\/qfullscreenControl\/q:\/qtrue\/q\" class=\"wp-block-coblocks-map\"><iframe title=\"Mappa di Google\" frameborder=\"0\" style=\"width:100%;min-height:400px\" src=\"https:\/\/www.google.com\/maps?q=Provinz%20Chanchamayo%20Peru&amp;output=embed&amp;hl=de-DE&amp;z=5\"><\/iframe><\/div>\n\n<div style=\"height:7.25rem\" aria-hidden=\"true\" class=\"wp-block-spacer\"><\/div>\n\n<div class=\"wp-block-group width-620 is-layout-constrained wp-block-group-is-layout-constrained\">\n<h2 class=\"wp-block-heading has-text-align-center\" id=\"kooperative\">La cooperativa<\/h2>\n\n\n\n<p>Nella regione di Chanchamayo cresce un ottimo caff\u00e8, ma gli abitanti di questa remota regione del Per\u00f9 conducono una vita molto modesta. I coltivatori di caff\u00e8 avevano in mano solo la coltivazione, la lavorazione e la vendita dell'&#8221;oro nero&#8221; era affidata agli intermediari. Cinquanta uomini e donne volevano cambiare questo squilibrio e hanno fondato la cooperativa di caff\u00e8 &#8220;La Florida&#8221; negli anni Settanta.<\/p>\n\n\n\n<p>Oggi qui si sta svolgendo un lavoro pionieristico in termini di uguaglianza di genere e avanzamento delle donne: La Florida \u00e8 considerata un ottimo esempio di inserimento delle donne in posizioni dirigenziali attraverso una formazione e un&#8217;istruzione mirate.<\/p>\n\n\n\n<p><\/p>\n<\/div>\n\n<div style=\"height:64px\" aria-hidden=\"true\" class=\"wp-block-spacer\"><\/div>\n\n<figure class=\"wp-block-coblocks-gallery-masonry masonry-grid has-small-gutter\">\n<figure class=\"wp-block-image size-large masonry-brick\"><img decoding=\"async\" width=\"1000\" height=\"750\" src=\"https:\/\/www.bertschi-cafe.ch\/webseite\/wp-content\/uploads\/2023\/12\/bertschi-kaffee-bio-la-florida-1-1000x750-1.png\" alt=\"Caff&#xE8; Bertschi biologico La Florida\" class=\"wp-image-4175\" srcset=\"https:\/\/www.bertschi-cafe.ch\/webseite\/wp-content\/uploads\/2023\/12\/bertschi-kaffee-bio-la-florida-1-1000x750-1.png 1000w, https:\/\/www.bertschi-cafe.ch\/webseite\/wp-content\/uploads\/2023\/12\/bertschi-kaffee-bio-la-florida-1-1000x750-1-300x225.png 300w, https:\/\/www.bertschi-cafe.ch\/webseite\/wp-content\/uploads\/2023\/12\/bertschi-kaffee-bio-la-florida-1-1000x750-1-768x576.png 768w, https:\/\/www.bertschi-cafe.ch\/webseite\/wp-content\/uploads\/2023\/12\/bertschi-kaffee-bio-la-florida-1-1000x750-1-600x450.png 600w\" sizes=\"(max-width: 1000px) 100vw, 1000px\" \/><\/figure>\n\n\n\n<figure class=\"wp-block-image size-large masonry-brick\"><img decoding=\"async\" width=\"768\" height=\"1155\" src=\"https:\/\/www.bertschi-cafe.ch\/webseite\/wp-content\/uploads\/2023\/12\/bertschi-kaffee-bio-la-florida-2-768x1155-1.png\" alt=\"Caff&#xE8; Bertschi biologico La Florida\" class=\"wp-image-4177\" srcset=\"https:\/\/www.bertschi-cafe.ch\/webseite\/wp-content\/uploads\/2023\/12\/bertschi-kaffee-bio-la-florida-2-768x1155-1.png 768w, https:\/\/www.bertschi-cafe.ch\/webseite\/wp-content\/uploads\/2023\/12\/bertschi-kaffee-bio-la-florida-2-768x1155-1-199x300.png 199w, https:\/\/www.bertschi-cafe.ch\/webseite\/wp-content\/uploads\/2023\/12\/bertschi-kaffee-bio-la-florida-2-768x1155-1-681x1024.png 681w, https:\/\/www.bertschi-cafe.ch\/webseite\/wp-content\/uploads\/2023\/12\/bertschi-kaffee-bio-la-florida-2-768x1155-1-600x902.png 600w\" sizes=\"(max-width: 768px) 100vw, 768px\" \/><\/figure>\n\n\n\n<figure class=\"wp-block-image size-large masonry-brick\"><img decoding=\"async\" width=\"768\" height=\"1024\" src=\"https:\/\/www.bertschi-cafe.ch\/webseite\/wp-content\/uploads\/2023\/12\/bertschi-kaffee-bio-la-florida-3-768x1024-1.jpg\" alt=\"Caff&#xE8; Bertschi biologico La Florida\" class=\"wp-image-4178\" srcset=\"https:\/\/www.bertschi-cafe.ch\/webseite\/wp-content\/uploads\/2023\/12\/bertschi-kaffee-bio-la-florida-3-768x1024-1.jpg 768w, https:\/\/www.bertschi-cafe.ch\/webseite\/wp-content\/uploads\/2023\/12\/bertschi-kaffee-bio-la-florida-3-768x1024-1-225x300.jpg 225w, https:\/\/www.bertschi-cafe.ch\/webseite\/wp-content\/uploads\/2023\/12\/bertschi-kaffee-bio-la-florida-3-768x1024-1-600x800.jpg 600w\" sizes=\"(max-width: 768px) 100vw, 768px\" \/><\/figure>\n\n\n\n<figure class=\"wp-block-image size-large masonry-brick\"><img decoding=\"async\" width=\"1000\" height=\"665\" src=\"https:\/\/www.bertschi-cafe.ch\/webseite\/wp-content\/uploads\/2023\/12\/bertschi-kaffee-bio-la-florida-4-1000x665-1.jpg\" alt=\"Caff&#xE8; Bertschi biologico La Florida\" class=\"wp-image-4179\" srcset=\"https:\/\/www.bertschi-cafe.ch\/webseite\/wp-content\/uploads\/2023\/12\/bertschi-kaffee-bio-la-florida-4-1000x665-1.jpg 1000w, https:\/\/www.bertschi-cafe.ch\/webseite\/wp-content\/uploads\/2023\/12\/bertschi-kaffee-bio-la-florida-4-1000x665-1-300x200.jpg 300w, https:\/\/www.bertschi-cafe.ch\/webseite\/wp-content\/uploads\/2023\/12\/bertschi-kaffee-bio-la-florida-4-1000x665-1-768x511.jpg 768w, https:\/\/www.bertschi-cafe.ch\/webseite\/wp-content\/uploads\/2023\/12\/bertschi-kaffee-bio-la-florida-4-1000x665-1-600x399.jpg 600w\" sizes=\"(max-width: 1000px) 100vw, 1000px\" \/><\/figure>\n\n\n\n<figure class=\"wp-block-image size-large masonry-brick\"><img decoding=\"async\" width=\"1000\" height=\"750\" src=\"https:\/\/www.bertschi-cafe.ch\/webseite\/wp-content\/uploads\/2023\/12\/bertschi-kaffee-bio-la-florida-9-1000x750-1.jpg\" alt=\"Caff&#xE8; Bertschi biologico La Florida\" class=\"wp-image-4184\" srcset=\"https:\/\/www.bertschi-cafe.ch\/webseite\/wp-content\/uploads\/2023\/12\/bertschi-kaffee-bio-la-florida-9-1000x750-1.jpg 1000w, https:\/\/www.bertschi-cafe.ch\/webseite\/wp-content\/uploads\/2023\/12\/bertschi-kaffee-bio-la-florida-9-1000x750-1-300x225.jpg 300w, https:\/\/www.bertschi-cafe.ch\/webseite\/wp-content\/uploads\/2023\/12\/bertschi-kaffee-bio-la-florida-9-1000x750-1-768x576.jpg 768w, https:\/\/www.bertschi-cafe.ch\/webseite\/wp-content\/uploads\/2023\/12\/bertschi-kaffee-bio-la-florida-9-1000x750-1-600x450.jpg 600w\" sizes=\"(max-width: 1000px) 100vw, 1000px\" \/><\/figure>\n\n\n\n<figure class=\"wp-block-image size-large masonry-brick\"><img decoding=\"async\" width=\"1000\" height=\"665\" src=\"https:\/\/www.bertschi-cafe.ch\/webseite\/wp-content\/uploads\/2023\/12\/bertschi-kaffee-bio-la-florida-7-1000x665-1.jpg\" alt=\"Caff&#xE8; Bertschi biologico La Florida\" class=\"wp-image-4182\" srcset=\"https:\/\/www.bertschi-cafe.ch\/webseite\/wp-content\/uploads\/2023\/12\/bertschi-kaffee-bio-la-florida-7-1000x665-1.jpg 1000w, https:\/\/www.bertschi-cafe.ch\/webseite\/wp-content\/uploads\/2023\/12\/bertschi-kaffee-bio-la-florida-7-1000x665-1-300x200.jpg 300w, https:\/\/www.bertschi-cafe.ch\/webseite\/wp-content\/uploads\/2023\/12\/bertschi-kaffee-bio-la-florida-7-1000x665-1-768x511.jpg 768w, https:\/\/www.bertschi-cafe.ch\/webseite\/wp-content\/uploads\/2023\/12\/bertschi-kaffee-bio-la-florida-7-1000x665-1-600x399.jpg 600w\" sizes=\"(max-width: 1000px) 100vw, 1000px\" \/><\/figure>\n\n\n\n<figure class=\"wp-block-image size-large masonry-brick\"><img decoding=\"async\" width=\"1000\" height=\"665\" src=\"https:\/\/www.bertschi-cafe.ch\/webseite\/wp-content\/uploads\/2023\/12\/bertschi-kaffee-bio-la-florida-6-1000x665-1.jpg\" alt=\"Caff&#xE8; Bertschi biologico La Florida\" class=\"wp-image-4181\" srcset=\"https:\/\/www.bertschi-cafe.ch\/webseite\/wp-content\/uploads\/2023\/12\/bertschi-kaffee-bio-la-florida-6-1000x665-1.jpg 1000w, https:\/\/www.bertschi-cafe.ch\/webseite\/wp-content\/uploads\/2023\/12\/bertschi-kaffee-bio-la-florida-6-1000x665-1-300x200.jpg 300w, https:\/\/www.bertschi-cafe.ch\/webseite\/wp-content\/uploads\/2023\/12\/bertschi-kaffee-bio-la-florida-6-1000x665-1-768x511.jpg 768w, https:\/\/www.bertschi-cafe.ch\/webseite\/wp-content\/uploads\/2023\/12\/bertschi-kaffee-bio-la-florida-6-1000x665-1-600x399.jpg 600w\" sizes=\"(max-width: 1000px) 100vw, 1000px\" \/><\/figure>\n\n\n\n<figure class=\"wp-block-image size-large masonry-brick\"><img decoding=\"async\" width=\"1000\" height=\"665\" src=\"https:\/\/www.bertschi-cafe.ch\/webseite\/wp-content\/uploads\/2023\/12\/bertschi-kaffee-bio-la-florida-8-1000x665-1.jpg\" alt=\"Caff&#xE8; Bertschi biologico La Florida\" class=\"wp-image-4183\" srcset=\"https:\/\/www.bertschi-cafe.ch\/webseite\/wp-content\/uploads\/2023\/12\/bertschi-kaffee-bio-la-florida-8-1000x665-1.jpg 1000w, https:\/\/www.bertschi-cafe.ch\/webseite\/wp-content\/uploads\/2023\/12\/bertschi-kaffee-bio-la-florida-8-1000x665-1-300x200.jpg 300w, https:\/\/www.bertschi-cafe.ch\/webseite\/wp-content\/uploads\/2023\/12\/bertschi-kaffee-bio-la-florida-8-1000x665-1-768x511.jpg 768w, https:\/\/www.bertschi-cafe.ch\/webseite\/wp-content\/uploads\/2023\/12\/bertschi-kaffee-bio-la-florida-8-1000x665-1-600x399.jpg 600w\" sizes=\"(max-width: 1000px) 100vw, 1000px\" \/><figcaption class=\"wp-element-caption\">#titolo_immagine<\/figcaption><\/figure>\n\n\n\n<figure class=\"wp-block-image size-large masonry-brick\"><img decoding=\"async\" width=\"768\" height=\"1155\" src=\"https:\/\/www.bertschi-cafe.ch\/webseite\/wp-content\/uploads\/2023\/12\/bertschi-kaffee-bio-la-florida-5-768x1155-1.jpg\" alt=\"Caff&#xE8; Bertschi biologico La Florida\" class=\"wp-image-4180\" srcset=\"https:\/\/www.bertschi-cafe.ch\/webseite\/wp-content\/uploads\/2023\/12\/bertschi-kaffee-bio-la-florida-5-768x1155-1.jpg 768w, https:\/\/www.bertschi-cafe.ch\/webseite\/wp-content\/uploads\/2023\/12\/bertschi-kaffee-bio-la-florida-5-768x1155-1-199x300.jpg 199w, https:\/\/www.bertschi-cafe.ch\/webseite\/wp-content\/uploads\/2023\/12\/bertschi-kaffee-bio-la-florida-5-768x1155-1-681x1024.jpg 681w, https:\/\/www.bertschi-cafe.ch\/webseite\/wp-content\/uploads\/2023\/12\/bertschi-kaffee-bio-la-florida-5-768x1155-1-600x902.jpg 600w\" sizes=\"(max-width: 768px) 100vw, 768px\" \/><\/figure>\n\n\n\n<figure class=\"wp-block-image size-large masonry-brick\"><img decoding=\"async\" width=\"1000\" height=\"750\" src=\"https:\/\/www.bertschi-cafe.ch\/webseite\/wp-content\/uploads\/2023\/12\/bertschi-kaffee-bio-la-florida-10-1000x750-1.jpg\" alt=\"Caff&#xE8; Bertschi biologico La Florida\" class=\"wp-image-4185\" srcset=\"https:\/\/www.bertschi-cafe.ch\/webseite\/wp-content\/uploads\/2023\/12\/bertschi-kaffee-bio-la-florida-10-1000x750-1.jpg 1000w, https:\/\/www.bertschi-cafe.ch\/webseite\/wp-content\/uploads\/2023\/12\/bertschi-kaffee-bio-la-florida-10-1000x750-1-300x225.jpg 300w, https:\/\/www.bertschi-cafe.ch\/webseite\/wp-content\/uploads\/2023\/12\/bertschi-kaffee-bio-la-florida-10-1000x750-1-768x576.jpg 768w, https:\/\/www.bertschi-cafe.ch\/webseite\/wp-content\/uploads\/2023\/12\/bertschi-kaffee-bio-la-florida-10-1000x750-1-600x450.jpg 600w\" sizes=\"(max-width: 1000px) 100vw, 1000px\" \/><\/figure>\n\n\n\n<figure class=\"wp-block-image size-large masonry-brick\"><img decoding=\"async\" width=\"1000\" height=\"750\" src=\"https:\/\/www.bertschi-cafe.ch\/webseite\/wp-content\/uploads\/2023\/12\/bertschi-kaffee-bio-la-florida-12-1000x750-1.jpg\" alt=\"Galleria di immagini\" class=\"wp-image-4174\" srcset=\"https:\/\/www.bertschi-cafe.ch\/webseite\/wp-content\/uploads\/2023\/12\/bertschi-kaffee-bio-la-florida-12-1000x750-1.jpg 1000w, https:\/\/www.bertschi-cafe.ch\/webseite\/wp-content\/uploads\/2023\/12\/bertschi-kaffee-bio-la-florida-12-1000x750-1-300x225.jpg 300w, https:\/\/www.bertschi-cafe.ch\/webseite\/wp-content\/uploads\/2023\/12\/bertschi-kaffee-bio-la-florida-12-1000x750-1-768x576.jpg 768w, https:\/\/www.bertschi-cafe.ch\/webseite\/wp-content\/uploads\/2023\/12\/bertschi-kaffee-bio-la-florida-12-1000x750-1-600x450.jpg 600w\" sizes=\"(max-width: 1000px) 100vw, 1000px\" \/><\/figure>\n\n\n\n<figure class=\"wp-block-image size-large masonry-brick\"><img decoding=\"async\" width=\"1000\" height=\"750\" src=\"https:\/\/www.bertschi-cafe.ch\/webseite\/wp-content\/uploads\/2023\/12\/bertschi-kaffee-bio-la-florida-11-1000x750-1.jpg\" alt=\"Caff&#xE8; Bertschi biologico La Florida\" class=\"wp-image-4186\" srcset=\"https:\/\/www.bertschi-cafe.ch\/webseite\/wp-content\/uploads\/2023\/12\/bertschi-kaffee-bio-la-florida-11-1000x750-1.jpg 1000w, https:\/\/www.bertschi-cafe.ch\/webseite\/wp-content\/uploads\/2023\/12\/bertschi-kaffee-bio-la-florida-11-1000x750-1-300x225.jpg 300w, https:\/\/www.bertschi-cafe.ch\/webseite\/wp-content\/uploads\/2023\/12\/bertschi-kaffee-bio-la-florida-11-1000x750-1-768x576.jpg 768w, https:\/\/www.bertschi-cafe.ch\/webseite\/wp-content\/uploads\/2023\/12\/bertschi-kaffee-bio-la-florida-11-1000x750-1-600x450.jpg 600w\" sizes=\"(max-width: 1000px) 100vw, 1000px\" \/><\/figure>\n<\/figure>\n\n<div style=\"height:7.25rem\" aria-hidden=\"true\" class=\"wp-block-spacer\"><\/div>\n\n<div class=\"wp-block-group width-620 is-layout-constrained wp-block-group-is-layout-constrained\">\n<h2 class=\"wp-block-heading has-text-align-center width-620\" id=\"projekte\">Progetti realizzati con i premi Fairtrade<\/h2>\n\n\n\n<p><strong>Istruzione:<br\/><\/strong>Assegnazione di borse di studio per corsi di perfezionamento ai soci della cooperativa e alle loro famiglie.<\/p>\n\n\n\n<p><strong>Ambiente:<\/strong><br\/>Formazione su tecniche di coltivazione rispettose dell&#8217;ambiente e promozione dell&#8217;agricoltura biologica<\/p>\n\n\n\n<p><strong>Salute:<\/strong><br\/>Sostegno finanziario per le cure mediche dei soci e dei loro familiari in caso di infortunio<\/p>\n\n\n\n<p><strong>Programma donne:<\/strong><br\/>La cooperativa ha istituito un comitato per sostenere le donne a lavorare anche nella produzione di caff\u00e8 e a contribuire alla sicurezza economica e sociale delle loro famiglie.<\/p>\n<\/div>\n","protected":false},"featured_media":19734,"template":"","class_list":["post-21511","kaffeebauer","type-kaffeebauer","status-publish","has-post-thumbnail","hentry"],"acf":[],"aioseo_notices":[],"_links":{"self":[{"href":"https:\/\/www.bertschi-cafe.ch\/it\/wp-json\/wp\/v2\/kaffeebauer\/21511","targetHints":{"allow":["GET"]}}],"collection":[{"href":"https:\/\/www.bertschi-cafe.ch\/it\/wp-json\/wp\/v2\/kaffeebauer"}],"about":[{"href":"https:\/\/www.bertschi-cafe.ch\/it\/wp-json\/wp\/v2\/types\/kaffeebauer"}],"wp:featuredmedia":[{"embeddable":true,"href":"https:\/\/www.bertschi-cafe.ch\/it\/wp-json\/wp\/v2\/media\/19734"}],"wp:attachment":[{"href":"https:\/\/www.bertschi-cafe.ch\/it\/wp-json\/wp\/v2\/media?parent=21511"}],"curies":[{"name":"wp","href":"https:\/\/api.w.org\/{rel}","templated":true}]}}