{"id":20591,"date":"2020-04-15T10:05:00","date_gmt":"2020-04-15T10:05:00","guid":{"rendered":"https:\/\/www.bertschi-cafe.ch\/webseite\/produkt\/helvetas-classico\/"},"modified":"2024-02-27T18:54:53","modified_gmt":"2024-02-27T18:54:53","slug":"helvetas-classico","status":"publish","type":"product","link":"https:\/\/www.bertschi-cafe.ch\/fr\/produit\/helvetas-classico\/","title":{"rendered":"Helvetas Classico"},"content":{"rendered":"<p><strong>M\u00e9lange<br \/>\n<\/strong>Caf\u00e9 s\u00e9lectionn\u00e9 100% Arabica du Mexique et d&rsquo;Afrique<\/p>\n<p><strong>Go\u00fbt<br \/>\n<\/strong>M\u00e9lange \u00e9quilibr\u00e9. Ar\u00f4me complet avec de fines nuances de noix et de fruits. Peu d&rsquo;acidit\u00e9.<\/p>\n<p><strong>Torr\u00e9faction<\/strong><br \/>\nMoyens<\/p>\n<p><strong>Aptitude<\/strong><br \/>\npour un caf\u00e9 cr\u00e8me ou un caf\u00e9 au lait classique<\/p>\n<p><strong>Disponible sur<\/strong><br \/>\n500g de grains et moulu<\/p>\n<p><strong>En particulier<\/strong><br \/>\nDes caf\u00e9s pr\u00e9cieux provenant de coop\u00e9ratives de petits producteurs, issus d&rsquo;un projet d&rsquo;Helvetas.<\/p>\n","protected":false},"excerpt":{"rendered":"<p>M\u00e9lange Caf\u00e9 s\u00e9lectionn\u00e9 100% Arabica du Mexique et d&rsquo;Afrique Go\u00fbt M\u00e9lange \u00e9quilibr\u00e9. Ar\u00f4me complet avec de fines nuances de noix et de fruits. Peu d&rsquo;acidit\u00e9. Torr\u00e9faction Moyens Aptitude pour un caf\u00e9 cr\u00e8me ou un caf\u00e9 au lait classique Disponible sur 500g de grains et moulu En particulier Des caf\u00e9s pr\u00e9cieux provenant de coop\u00e9ratives de petits [&hellip;]<\/p>\n","protected":false},"featured_media":18609,"template":"","meta":{"_acf_changed":false,"_coblocks_attr":"","_coblocks_dimensions":"","_coblocks_responsive_height":"","_coblocks_accordion_ie_support":"","om_disable_all_campaigns":false,"inline_featured_image":false,"_monsterinsights_skip_tracking":false},"product_brand":[],"product_cat":[155,156],"product_tag":[],"class_list":["post-20591","product","type-product","status-publish","has-post-thumbnail","product_cat-bohnen","product_cat-gemahlen","pa_zubereitung-filter-ganze-bohnen","pa_zubereitung-filter-gemahlen","first","instock","taxable","shipping-taxable","purchasable","product-type-variable","has-default-attributes"],"acf":[],"aioseo_notices":[],"aioseo_head":"\n\t\t<!-- All in One SEO Pro 5.0.1.1 - aioseo.com -->\n\t<meta name=\"description\" content=\"M\u00e9lange Caf\u00e9 s\u00e9lectionn\u00e9 100% Arabica du Mexique et d&#039;Afrique Go\u00fbt M\u00e9lange \u00e9quilibr\u00e9. Ar\u00f4me complet avec de fines nuances de noix et de fruits. Peu d&#039;acidit\u00e9. Torr\u00e9faction Moyens Aptitude pour un caf\u00e9 cr\u00e8me ou un caf\u00e9 au lait classique Disponible sur 500g de grains et moulu En particulier Des caf\u00e9s pr\u00e9cieux provenant de coop\u00e9ratives de petits\" \/>\n\t<meta name=\"robots\" content=\"max-snippet:-1, max-image-preview:large, max-video-preview:-1\" \/>\n\t<meta name=\"google-site-verification\" content=\"h1VBNyRnYwf7vlpSUpYFZHNKZWWJvCPABXVYULovAwk\" \/>\n\t<link rel=\"canonical\" href=\"https:\/\/www.bertschi-cafe.ch\/fr\/produit\/helvetas-classico\/\" \/>\n\t<meta name=\"generator\" content=\"All in One SEO Pro (AIOSEO) 5.0.1.1\" \/>\n\t\t<meta property=\"og:locale\" content=\"fr_FR\" \/>\n\t\t<meta property=\"og:site_name\" content=\"Bertschi-Caf\u00e9 | Kaffee Online Shop | Kaffeer\u00f6sterei\" \/>\n\t\t<meta property=\"og:type\" content=\"article\" \/>\n\t\t<meta property=\"og:title\" content=\"Helvetas Classico | Bertschi-Caf\u00e9\" \/>\n\t\t<meta property=\"og:description\" content=\"M\u00e9lange Caf\u00e9 s\u00e9lectionn\u00e9 100% Arabica du Mexique et d&#039;Afrique Go\u00fbt M\u00e9lange \u00e9quilibr\u00e9. Ar\u00f4me complet avec de fines nuances de noix et de fruits. Peu d&#039;acidit\u00e9. Torr\u00e9faction Moyens Aptitude pour un caf\u00e9 cr\u00e8me ou un caf\u00e9 au lait classique Disponible sur 500g de grains et moulu En particulier Des caf\u00e9s pr\u00e9cieux provenant de coop\u00e9ratives de petits\" \/>\n\t\t<meta property=\"og:url\" content=\"https:\/\/www.bertschi-cafe.ch\/fr\/produit\/helvetas-classico\/\" \/>\n\t\t<meta property=\"og:image\" content=\"https:\/\/www.bertschi-cafe.ch\/webseite\/wp-content\/uploads\/2023\/12\/helvetas-classico.jpg\" \/>\n\t\t<meta property=\"og:image:secure_url\" content=\"https:\/\/www.bertschi-cafe.ch\/webseite\/wp-content\/uploads\/2023\/12\/helvetas-classico.jpg\" \/>\n\t\t<meta property=\"og:image:width\" content=\"787\" \/>\n\t\t<meta property=\"og:image:height\" content=\"787\" \/>\n\t\t<meta property=\"article:published_time\" content=\"2020-04-15T10:05:00+00:00\" \/>\n\t\t<meta property=\"article:modified_time\" content=\"2024-02-27T18:54:53+00:00\" \/>\n\t\t<meta property=\"article:publisher\" content=\"https:\/\/www.facebook.com\/bertschicafe\/\" \/>\n\t\t<meta name=\"twitter:card\" content=\"summary_large_image\" \/>\n\t\t<meta name=\"twitter:title\" content=\"Helvetas Classico | Bertschi-Caf\u00e9\" \/>\n\t\t<meta name=\"twitter:description\" content=\"M\u00e9lange Caf\u00e9 s\u00e9lectionn\u00e9 100% Arabica du Mexique et d&#039;Afrique Go\u00fbt M\u00e9lange \u00e9quilibr\u00e9. Ar\u00f4me complet avec de fines nuances de noix et de fruits. Peu d&#039;acidit\u00e9. Torr\u00e9faction Moyens Aptitude pour un caf\u00e9 cr\u00e8me ou un caf\u00e9 au lait classique Disponible sur 500g de grains et moulu En particulier Des caf\u00e9s pr\u00e9cieux provenant de coop\u00e9ratives de petits\" \/>\n\t\t<meta name=\"twitter:image\" content=\"https:\/\/www.bertschi-cafe.ch\/webseite\/wp-content\/uploads\/2023\/12\/helvetas-classico.jpg\" \/>\n\t\t<script type=\"application\/ld+json\" class=\"aioseo-schema\">\n\t\t\t{\"@context\":\"https:\\\/\\\/schema.org\",\"@graph\":[{\"@type\":\"BreadcrumbList\",\"@id\":\"https:\\\/\\\/www.bertschi-cafe.ch\\\/fr\\\/produit\\\/helvetas-classico\\\/#breadcrumblist\",\"itemListElement\":[{\"@type\":\"ListItem\",\"@id\":\"https:\\\/\\\/www.bertschi-cafe.ch\\\/fr\\\/#listItem\",\"position\":1,\"name\":\"Home\",\"item\":\"https:\\\/\\\/www.bertschi-cafe.ch\\\/fr\\\/\",\"nextItem\":{\"@type\":\"ListItem\",\"@id\":\"https:\\\/\\\/www.bertschi-cafe.ch\\\/fr\\\/boutique\\\/#listItem\",\"name\":\"Boutique\"}},{\"@type\":\"ListItem\",\"@id\":\"https:\\\/\\\/www.bertschi-cafe.ch\\\/fr\\\/boutique\\\/#listItem\",\"position\":2,\"name\":\"Boutique\",\"item\":\"https:\\\/\\\/www.bertschi-cafe.ch\\\/fr\\\/boutique\\\/\",\"nextItem\":{\"@type\":\"ListItem\",\"@id\":\"https:\\\/\\\/www.bertschi-cafe.ch\\\/fr\\\/produkt-kategorie\\\/bohnen\\\/#listItem\",\"name\":\"Haricots\"},\"previousItem\":{\"@type\":\"ListItem\",\"@id\":\"https:\\\/\\\/www.bertschi-cafe.ch\\\/fr\\\/#listItem\",\"name\":\"Home\"}},{\"@type\":\"ListItem\",\"@id\":\"https:\\\/\\\/www.bertschi-cafe.ch\\\/fr\\\/produkt-kategorie\\\/bohnen\\\/#listItem\",\"position\":3,\"name\":\"Haricots\",\"item\":\"https:\\\/\\\/www.bertschi-cafe.ch\\\/fr\\\/produkt-kategorie\\\/bohnen\\\/\",\"nextItem\":{\"@type\":\"ListItem\",\"@id\":\"https:\\\/\\\/www.bertschi-cafe.ch\\\/fr\\\/produit\\\/helvetas-classico\\\/#listItem\",\"name\":\"Helvetas Classico\"},\"previousItem\":{\"@type\":\"ListItem\",\"@id\":\"https:\\\/\\\/www.bertschi-cafe.ch\\\/fr\\\/boutique\\\/#listItem\",\"name\":\"Boutique\"}},{\"@type\":\"ListItem\",\"@id\":\"https:\\\/\\\/www.bertschi-cafe.ch\\\/fr\\\/produit\\\/helvetas-classico\\\/#listItem\",\"position\":4,\"name\":\"Helvetas Classico\",\"previousItem\":{\"@type\":\"ListItem\",\"@id\":\"https:\\\/\\\/www.bertschi-cafe.ch\\\/fr\\\/produkt-kategorie\\\/bohnen\\\/#listItem\",\"name\":\"Haricots\"}}]},{\"@type\":\"Organization\",\"@id\":\"https:\\\/\\\/www.bertschi-cafe.ch\\\/fr\\\/#organization\",\"name\":\"Fritz Bertschi AG\",\"description\":\"Fairtrade und Bio ist unser Engagement und unsere \\u00dcberzeugung. Den ausgew\\u00e4hlten Rohkaffee f\\u00fcr unser Fairtrade- und Bio-Sortiment importieren wir direkt von den Kooperativen aus den Anbaul\\u00e4ndern. Fairer und respektvoller Umgang mit unseren Kaffee-Partner, Mitarbeiter und Transparenz zu unseren Kunden stehen f\\u00fcr uns an erster Stelle.\",\"url\":\"https:\\\/\\\/www.bertschi-cafe.ch\\\/fr\\\/\",\"email\":\"info@bertschi-cafe.ch\",\"telephone\":\"+41613132200\",\"foundingDate\":\"1932-01-01\",\"logo\":{\"@type\":\"ImageObject\",\"url\":\"https:\\\/\\\/www.bertschi-cafe.ch\\\/webseite\\\/wp-content\\\/uploads\\\/2023\\\/10\\\/bertschi-cafe-logo.svg\",\"@id\":\"https:\\\/\\\/www.bertschi-cafe.ch\\\/fr\\\/produit\\\/helvetas-classico\\\/#organizationLogo\",\"width\":1245,\"height\":1030,\"caption\":\"Bertschi-Caf\\u00e9\"},\"image\":{\"@id\":\"https:\\\/\\\/www.bertschi-cafe.ch\\\/fr\\\/produit\\\/helvetas-classico\\\/#organizationLogo\"},\"sameAs\":[\"https:\\\/\\\/www.instagram.com\\\/bertschicafe\\\/\"]},{\"@type\":\"ProductGroup\",\"@id\":\"https:\\\/\\\/www.bertschi-cafe.ch\\\/fr\\\/produit\\\/helvetas-classico\\\/#wooCommerceProduct\",\"name\":\"Helvetas Classico\",\"url\":\"https:\\\/\\\/www.bertschi-cafe.ch\\\/fr\\\/produit\\\/helvetas-classico\\\/\",\"sku\":\"126b5733ae54\",\"image\":{\"@type\":\"ImageObject\",\"url\":\"https:\\\/\\\/www.bertschi-cafe.ch\\\/webseite\\\/wp-content\\\/uploads\\\/2023\\\/12\\\/helvetas-classico.jpg\",\"@id\":\"https:\\\/\\\/www.bertschi-cafe.ch\\\/fr\\\/produit\\\/helvetas-classico\\\/#productImage\",\"width\":787,\"height\":787},\"productGroupID\":20591,\"hasVariant\":[{\"@type\":\"Product\",\"@id\":\"https:\\\/\\\/www.bertschi-cafe.ch\\\/fr\\\/produit\\\/helvetas-classico\\\/#wooCommerceProduct\",\"name\":\"Helvetas Classico - 500g-fr-2, bohnen\",\"url\":\"https:\\\/\\\/www.bertschi-cafe.ch\\\/fr\\\/produit\\\/helvetas-classico\\\/\",\"sku\":\"2.2.215\",\"gtin\":\"7611101125023\",\"image\":{\"@type\":\"ImageObject\",\"url\":\"https:\\\/\\\/www.bertschi-cafe.ch\\\/webseite\\\/wp-content\\\/uploads\\\/2023\\\/12\\\/helvetas-classico.jpg\",\"@id\":\"https:\\\/\\\/www.bertschi-cafe.ch\\\/fr\\\/produit\\\/helvetas-classico\\\/#productImage\",\"width\":787,\"height\":787},\"offers\":{\"@type\":\"Offer\",\"url\":\"https:\\\/\\\/www.bertschi-cafe.ch\\\/fr\\\/produit\\\/helvetas-classico\\\/#wooCommerceOffer\",\"price\":20,\"priceCurrency\":\"CHF\",\"category\":\"Haricots\",\"availability\":\"https:\\\/\\\/schema.org\\\/InStock\",\"priceSpecification\":{\"@type\":\"PriceSpecification\",\"price\":20,\"priceCurrency\":\"CHF\",\"valueAddedTaxIncluded\":false}}},{\"@type\":\"Product\",\"@id\":\"https:\\\/\\\/www.bertschi-cafe.ch\\\/fr\\\/produit\\\/helvetas-classico\\\/#wooCommerceProduct\",\"name\":\"Helvetas Classico - 500g-fr-2, gemahlen\",\"url\":\"https:\\\/\\\/www.bertschi-cafe.ch\\\/fr\\\/produit\\\/helvetas-classico\\\/\",\"sku\":\"2.2.216\",\"gtin\":\"7611101150247\",\"image\":{\"@type\":\"ImageObject\",\"url\":\"https:\\\/\\\/www.bertschi-cafe.ch\\\/webseite\\\/wp-content\\\/uploads\\\/2023\\\/12\\\/helvetas-classico.jpg\",\"@id\":\"https:\\\/\\\/www.bertschi-cafe.ch\\\/fr\\\/produit\\\/helvetas-classico\\\/#productImage\",\"width\":787,\"height\":787},\"offers\":{\"@type\":\"Offer\",\"url\":\"https:\\\/\\\/www.bertschi-cafe.ch\\\/fr\\\/produit\\\/helvetas-classico\\\/#wooCommerceOffer\",\"price\":20,\"priceCurrency\":\"CHF\",\"category\":\"Haricots\",\"availability\":\"https:\\\/\\\/schema.org\\\/InStock\",\"priceSpecification\":{\"@type\":\"PriceSpecification\",\"price\":20,\"priceCurrency\":\"CHF\",\"valueAddedTaxIncluded\":false}}}]},{\"@type\":\"WebPage\",\"@id\":\"https:\\\/\\\/www.bertschi-cafe.ch\\\/fr\\\/produit\\\/helvetas-classico\\\/#webpage\",\"url\":\"https:\\\/\\\/www.bertschi-cafe.ch\\\/fr\\\/produit\\\/helvetas-classico\\\/\",\"name\":\"Helvetas Classico | Bertschi-Caf\\u00e9\",\"description\":\"M\\u00e9lange Caf\\u00e9 s\\u00e9lectionn\\u00e9 100% Arabica du Mexique et d'Afrique Go\\u00fbt M\\u00e9lange \\u00e9quilibr\\u00e9. Ar\\u00f4me complet avec de fines nuances de noix et de fruits. Peu d'acidit\\u00e9. Torr\\u00e9faction Moyens Aptitude pour un caf\\u00e9 cr\\u00e8me ou un caf\\u00e9 au lait classique Disponible sur 500g de grains et moulu En particulier Des caf\\u00e9s pr\\u00e9cieux provenant de coop\\u00e9ratives de petits\",\"inLanguage\":\"fr-FR\",\"isPartOf\":{\"@id\":\"https:\\\/\\\/www.bertschi-cafe.ch\\\/fr\\\/#website\"},\"breadcrumb\":{\"@id\":\"https:\\\/\\\/www.bertschi-cafe.ch\\\/fr\\\/produit\\\/helvetas-classico\\\/#breadcrumblist\"},\"image\":{\"@type\":\"ImageObject\",\"url\":\"https:\\\/\\\/www.bertschi-cafe.ch\\\/webseite\\\/wp-content\\\/uploads\\\/2023\\\/12\\\/helvetas-classico.jpg\",\"@id\":\"https:\\\/\\\/www.bertschi-cafe.ch\\\/fr\\\/produit\\\/helvetas-classico\\\/#mainImage\",\"width\":787,\"height\":787},\"primaryImageOfPage\":{\"@id\":\"https:\\\/\\\/www.bertschi-cafe.ch\\\/fr\\\/produit\\\/helvetas-classico\\\/#mainImage\"},\"datePublished\":\"2020-04-15T10:05:00+02:00\",\"dateModified\":\"2024-02-27T18:54:53+02:00\"},{\"@type\":\"WebSite\",\"@id\":\"https:\\\/\\\/www.bertschi-cafe.ch\\\/fr\\\/#website\",\"url\":\"https:\\\/\\\/www.bertschi-cafe.ch\\\/fr\\\/\",\"name\":\"Bertschi Caf\\u00e9 | Kaffee Onlineshop\",\"description\":\"Kaffee Online Shop | Kaffeer\\u00f6sterei\",\"inLanguage\":\"fr-FR\",\"publisher\":{\"@id\":\"https:\\\/\\\/www.bertschi-cafe.ch\\\/fr\\\/#organization\"}}]}\n\t\t<\/script>\n\t\t<!-- All in One SEO Pro -->\r\n\t\t<title>Helvetas Classico | Bertschi-Caf\u00e9<\/title>\n\n","aioseo_head_json":{"title":"Helvetas Classico | Bertschi-Caf\u00e9","description":"M\u00e9lange Caf\u00e9 s\u00e9lectionn\u00e9 100% Arabica du Mexique et d'Afrique Go\u00fbt M\u00e9lange \u00e9quilibr\u00e9. Ar\u00f4me complet avec de fines nuances de noix et de fruits. Peu d'acidit\u00e9. Torr\u00e9faction Moyens Aptitude pour un caf\u00e9 cr\u00e8me ou un caf\u00e9 au lait classique Disponible sur 500g de grains et moulu En particulier Des caf\u00e9s pr\u00e9cieux provenant de coop\u00e9ratives de petits","canonical_url":"https:\/\/www.bertschi-cafe.ch\/fr\/produit\/helvetas-classico\/","robots":"max-snippet:-1, max-image-preview:large, max-video-preview:-1","keywords":"","webmasterTools":{"google-site-verification":"h1VBNyRnYwf7vlpSUpYFZHNKZWWJvCPABXVYULovAwk","miscellaneous":""},"schema":{"@context":"https:\/\/schema.org","@graph":[{"@type":"BreadcrumbList","@id":"https:\/\/www.bertschi-cafe.ch\/fr\/produit\/helvetas-classico\/#breadcrumblist","itemListElement":[{"@type":"ListItem","@id":"https:\/\/www.bertschi-cafe.ch\/fr\/#listItem","position":1,"name":"Home","item":"https:\/\/www.bertschi-cafe.ch\/fr\/","nextItem":{"@type":"ListItem","@id":"https:\/\/www.bertschi-cafe.ch\/fr\/boutique\/#listItem","name":"Boutique"}},{"@type":"ListItem","@id":"https:\/\/www.bertschi-cafe.ch\/fr\/boutique\/#listItem","position":2,"name":"Boutique","item":"https:\/\/www.bertschi-cafe.ch\/fr\/boutique\/","nextItem":{"@type":"ListItem","@id":"https:\/\/www.bertschi-cafe.ch\/fr\/produkt-kategorie\/bohnen\/#listItem","name":"Haricots"},"previousItem":{"@type":"ListItem","@id":"https:\/\/www.bertschi-cafe.ch\/fr\/#listItem","name":"Home"}},{"@type":"ListItem","@id":"https:\/\/www.bertschi-cafe.ch\/fr\/produkt-kategorie\/bohnen\/#listItem","position":3,"name":"Haricots","item":"https:\/\/www.bertschi-cafe.ch\/fr\/produkt-kategorie\/bohnen\/","nextItem":{"@type":"ListItem","@id":"https:\/\/www.bertschi-cafe.ch\/fr\/produit\/helvetas-classico\/#listItem","name":"Helvetas Classico"},"previousItem":{"@type":"ListItem","@id":"https:\/\/www.bertschi-cafe.ch\/fr\/boutique\/#listItem","name":"Boutique"}},{"@type":"ListItem","@id":"https:\/\/www.bertschi-cafe.ch\/fr\/produit\/helvetas-classico\/#listItem","position":4,"name":"Helvetas Classico","previousItem":{"@type":"ListItem","@id":"https:\/\/www.bertschi-cafe.ch\/fr\/produkt-kategorie\/bohnen\/#listItem","name":"Haricots"}}]},{"@type":"Organization","@id":"https:\/\/www.bertschi-cafe.ch\/fr\/#organization","name":"Fritz Bertschi AG","description":"Fairtrade und Bio ist unser Engagement und unsere \u00dcberzeugung. Den ausgew\u00e4hlten Rohkaffee f\u00fcr unser Fairtrade- und Bio-Sortiment importieren wir direkt von den Kooperativen aus den Anbaul\u00e4ndern. Fairer und respektvoller Umgang mit unseren Kaffee-Partner, Mitarbeiter und Transparenz zu unseren Kunden stehen f\u00fcr uns an erster Stelle.","url":"https:\/\/www.bertschi-cafe.ch\/fr\/","email":"info@bertschi-cafe.ch","telephone":"+41613132200","foundingDate":"1932-01-01","logo":{"@type":"ImageObject","url":"https:\/\/www.bertschi-cafe.ch\/webseite\/wp-content\/uploads\/2023\/10\/bertschi-cafe-logo.svg","@id":"https:\/\/www.bertschi-cafe.ch\/fr\/produit\/helvetas-classico\/#organizationLogo","width":1245,"height":1030,"caption":"Bertschi-Caf\u00e9"},"image":{"@id":"https:\/\/www.bertschi-cafe.ch\/fr\/produit\/helvetas-classico\/#organizationLogo"},"sameAs":["https:\/\/www.instagram.com\/bertschicafe\/"]},{"@type":"ProductGroup","@id":"https:\/\/www.bertschi-cafe.ch\/fr\/produit\/helvetas-classico\/#wooCommerceProduct","name":"Helvetas Classico","url":"https:\/\/www.bertschi-cafe.ch\/fr\/produit\/helvetas-classico\/","sku":"126b5733ae54","image":{"@type":"ImageObject","url":"https:\/\/www.bertschi-cafe.ch\/webseite\/wp-content\/uploads\/2023\/12\/helvetas-classico.jpg","@id":"https:\/\/www.bertschi-cafe.ch\/fr\/produit\/helvetas-classico\/#productImage","width":787,"height":787},"productGroupID":20591,"hasVariant":[{"@type":"Product","@id":"https:\/\/www.bertschi-cafe.ch\/fr\/produit\/helvetas-classico\/#wooCommerceProduct","name":"Helvetas Classico - 500g-fr-2, bohnen","url":"https:\/\/www.bertschi-cafe.ch\/fr\/produit\/helvetas-classico\/","sku":"2.2.215","gtin":"7611101125023","image":{"@type":"ImageObject","url":"https:\/\/www.bertschi-cafe.ch\/webseite\/wp-content\/uploads\/2023\/12\/helvetas-classico.jpg","@id":"https:\/\/www.bertschi-cafe.ch\/fr\/produit\/helvetas-classico\/#productImage","width":787,"height":787},"offers":{"@type":"Offer","url":"https:\/\/www.bertschi-cafe.ch\/fr\/produit\/helvetas-classico\/#wooCommerceOffer","price":20,"priceCurrency":"CHF","category":"Haricots","availability":"https:\/\/schema.org\/InStock","priceSpecification":{"@type":"PriceSpecification","price":20,"priceCurrency":"CHF","valueAddedTaxIncluded":false}}},{"@type":"Product","@id":"https:\/\/www.bertschi-cafe.ch\/fr\/produit\/helvetas-classico\/#wooCommerceProduct","name":"Helvetas Classico - 500g-fr-2, gemahlen","url":"https:\/\/www.bertschi-cafe.ch\/fr\/produit\/helvetas-classico\/","sku":"2.2.216","gtin":"7611101150247","image":{"@type":"ImageObject","url":"https:\/\/www.bertschi-cafe.ch\/webseite\/wp-content\/uploads\/2023\/12\/helvetas-classico.jpg","@id":"https:\/\/www.bertschi-cafe.ch\/fr\/produit\/helvetas-classico\/#productImage","width":787,"height":787},"offers":{"@type":"Offer","url":"https:\/\/www.bertschi-cafe.ch\/fr\/produit\/helvetas-classico\/#wooCommerceOffer","price":20,"priceCurrency":"CHF","category":"Haricots","availability":"https:\/\/schema.org\/InStock","priceSpecification":{"@type":"PriceSpecification","price":20,"priceCurrency":"CHF","valueAddedTaxIncluded":false}}}]},{"@type":"WebPage","@id":"https:\/\/www.bertschi-cafe.ch\/fr\/produit\/helvetas-classico\/#webpage","url":"https:\/\/www.bertschi-cafe.ch\/fr\/produit\/helvetas-classico\/","name":"Helvetas Classico | Bertschi-Caf\u00e9","description":"M\u00e9lange Caf\u00e9 s\u00e9lectionn\u00e9 100% Arabica du Mexique et d'Afrique Go\u00fbt M\u00e9lange \u00e9quilibr\u00e9. Ar\u00f4me complet avec de fines nuances de noix et de fruits. Peu d'acidit\u00e9. Torr\u00e9faction Moyens Aptitude pour un caf\u00e9 cr\u00e8me ou un caf\u00e9 au lait classique Disponible sur 500g de grains et moulu En particulier Des caf\u00e9s pr\u00e9cieux provenant de coop\u00e9ratives de petits","inLanguage":"fr-FR","isPartOf":{"@id":"https:\/\/www.bertschi-cafe.ch\/fr\/#website"},"breadcrumb":{"@id":"https:\/\/www.bertschi-cafe.ch\/fr\/produit\/helvetas-classico\/#breadcrumblist"},"image":{"@type":"ImageObject","url":"https:\/\/www.bertschi-cafe.ch\/webseite\/wp-content\/uploads\/2023\/12\/helvetas-classico.jpg","@id":"https:\/\/www.bertschi-cafe.ch\/fr\/produit\/helvetas-classico\/#mainImage","width":787,"height":787},"primaryImageOfPage":{"@id":"https:\/\/www.bertschi-cafe.ch\/fr\/produit\/helvetas-classico\/#mainImage"},"datePublished":"2020-04-15T10:05:00+02:00","dateModified":"2024-02-27T18:54:53+02:00"},{"@type":"WebSite","@id":"https:\/\/www.bertschi-cafe.ch\/fr\/#website","url":"https:\/\/www.bertschi-cafe.ch\/fr\/","name":"Bertschi Caf\u00e9 | Kaffee Onlineshop","description":"Kaffee Online Shop | Kaffeer\u00f6sterei","inLanguage":"fr-FR","publisher":{"@id":"https:\/\/www.bertschi-cafe.ch\/fr\/#organization"}}]},"og:locale":"fr_FR","og:site_name":"Bertschi-Caf\u00e9 | Kaffee Online Shop | Kaffeer\u00f6sterei","og:type":"article","og:title":"Helvetas Classico | Bertschi-Caf\u00e9","og:description":"M\u00e9lange Caf\u00e9 s\u00e9lectionn\u00e9 100% Arabica du Mexique et d'Afrique Go\u00fbt M\u00e9lange \u00e9quilibr\u00e9. Ar\u00f4me complet avec de fines nuances de noix et de fruits. Peu d'acidit\u00e9. Torr\u00e9faction Moyens Aptitude pour un caf\u00e9 cr\u00e8me ou un caf\u00e9 au lait classique Disponible sur 500g de grains et moulu En particulier Des caf\u00e9s pr\u00e9cieux provenant de coop\u00e9ratives de petits","og:url":"https:\/\/www.bertschi-cafe.ch\/fr\/produit\/helvetas-classico\/","og:image":"https:\/\/www.bertschi-cafe.ch\/webseite\/wp-content\/uploads\/2023\/12\/helvetas-classico.jpg","og:image:secure_url":"https:\/\/www.bertschi-cafe.ch\/webseite\/wp-content\/uploads\/2023\/12\/helvetas-classico.jpg","og:image:width":787,"og:image:height":787,"article:published_time":"2020-04-15T10:05:00+00:00","article:modified_time":"2024-02-27T18:54:53+00:00","article:publisher":"https:\/\/www.facebook.com\/bertschicafe\/","twitter:card":"summary_large_image","twitter:title":"Helvetas Classico | Bertschi-Caf\u00e9","twitter:description":"M\u00e9lange Caf\u00e9 s\u00e9lectionn\u00e9 100% Arabica du Mexique et d'Afrique Go\u00fbt M\u00e9lange \u00e9quilibr\u00e9. Ar\u00f4me complet avec de fines nuances de noix et de fruits. Peu d'acidit\u00e9. Torr\u00e9faction Moyens Aptitude pour un caf\u00e9 cr\u00e8me ou un caf\u00e9 au lait classique Disponible sur 500g de grains et moulu En particulier Des caf\u00e9s pr\u00e9cieux provenant de coop\u00e9ratives de petits","twitter:image":"https:\/\/www.bertschi-cafe.ch\/webseite\/wp-content\/uploads\/2023\/12\/helvetas-classico.jpg"},"aioseo_meta_data":{"post_id":"20591","title":null,"description":null,"keywords":[],"keyphrases":{"focus":{"keyphrase":"","score":0,"analysis":{"keyphraseInTitle":{"score":0,"maxScore":9,"error":1}}},"additional":[]},"primary_term":null,"canonical_url":null,"og_title":null,"og_description":null,"og_object_type":"default","og_image_type":"default","og_image_url":null,"og_image_width":null,"og_image_height":null,"og_image_custom_url":null,"og_image_custom_fields":null,"og_video":"","og_custom_url":null,"og_article_section":null,"og_article_tags":[],"twitter_use_og":false,"twitter_card":"default","twitter_image_type":"default","twitter_image_url":null,"twitter_image_custom_url":null,"twitter_image_custom_fields":null,"twitter_title":null,"twitter_description":null,"schema":{"blockGraphs":[],"customGraphs":[],"default":{"data":{"Article":[],"Course":[],"Dataset":[],"FAQPage":[],"Movie":[],"Person":[],"Product":[],"ProductReview":[],"Car":[],"Recipe":[],"Service":[],"SoftwareApplication":[],"WebPage":[]},"graphName":"Product","isEnabled":true},"graphs":[]},"schema_type":"default","schema_type_options":null,"pillar_content":false,"robots_default":false,"robots_noindex":false,"robots_noarchive":false,"robots_nosnippet":false,"robots_nofollow":false,"robots_noimageindex":false,"robots_noodp":false,"robots_notranslate":false,"robots_max_snippet":"-1","robots_max_videopreview":"-1","robots_max_imagepreview":"large","priority":null,"frequency":"default","local_seo":null,"seo_analyzer_scan_date":"2026-05-13 07:03:30","breadcrumb_settings":null,"limit_modified_date":false,"reviewed_by":null,"open_ai":"{\"title\":{\"suggestions\":[],\"usage\":0},\"description\":{\"suggestions\":[],\"usage\":0}}","ai":null,"created":"2024-02-16 18:30:50","updated":"2026-05-13 07:03:30","focus_keyword":null,"additional_keywords":null,"truseo_locale":null},"aioseo_breadcrumb":"<div class=\"aioseo-breadcrumbs\"><span class=\"aioseo-breadcrumb\">\n\t<a href=\"https:\/\/www.bertschi-cafe.ch\/fr\/\" title=\"Home\">Home<\/a>\n<\/span><span class=\"aioseo-breadcrumb-separator\">&raquo;<\/span><span class=\"aioseo-breadcrumb\">\n\t<a href=\"https:\/\/www.bertschi-cafe.ch\/fr\/boutique\/\" title=\"Boutique\">Boutique<\/a>\n<\/span><span class=\"aioseo-breadcrumb-separator\">&raquo;<\/span><span class=\"aioseo-breadcrumb\">\n\t<a href=\"https:\/\/www.bertschi-cafe.ch\/fr\/produkt-kategorie\/bohnen\/\" title=\"Haricots\">Haricots<\/a>\n<\/span><span class=\"aioseo-breadcrumb-separator\">&raquo;<\/span><span class=\"aioseo-breadcrumb\">\n\tHelvetas Classico\n<\/span><\/div>","aioseo_breadcrumb_json":[{"label":"Home","link":"https:\/\/www.bertschi-cafe.ch\/fr\/"},{"label":"Boutique","link":"https:\/\/www.bertschi-cafe.ch\/fr\/boutique\/"},{"label":"Haricots","link":"https:\/\/www.bertschi-cafe.ch\/fr\/produkt-kategorie\/bohnen\/"},{"label":"Helvetas Classico","link":"https:\/\/www.bertschi-cafe.ch\/fr\/produit\/helvetas-classico\/"}],"_links":{"self":[{"href":"https:\/\/www.bertschi-cafe.ch\/fr\/wp-json\/wp\/v2\/product\/20591","targetHints":{"allow":["GET"]}}],"collection":[{"href":"https:\/\/www.bertschi-cafe.ch\/fr\/wp-json\/wp\/v2\/product"}],"about":[{"href":"https:\/\/www.bertschi-cafe.ch\/fr\/wp-json\/wp\/v2\/types\/product"}],"wp:featuredmedia":[{"embeddable":true,"href":"https:\/\/www.bertschi-cafe.ch\/fr\/wp-json\/wp\/v2\/media\/18609"}],"wp:attachment":[{"href":"https:\/\/www.bertschi-cafe.ch\/fr\/wp-json\/wp\/v2\/media?parent=20591"}],"wp:term":[{"taxonomy":"product_brand","embeddable":true,"href":"https:\/\/www.bertschi-cafe.ch\/fr\/wp-json\/wp\/v2\/product_brand?post=20591"},{"taxonomy":"product_cat","embeddable":true,"href":"https:\/\/www.bertschi-cafe.ch\/fr\/wp-json\/wp\/v2\/product_cat?post=20591"},{"taxonomy":"product_tag","embeddable":true,"href":"https:\/\/www.bertschi-cafe.ch\/fr\/wp-json\/wp\/v2\/product_tag?post=20591"}],"curies":[{"name":"wp","href":"https:\/\/api.w.org\/{rel}","templated":true}]}}