{"id":20814,"date":"2023-12-27T08:03:24","date_gmt":"2023-12-27T08:03:24","guid":{"rendered":"https:\/\/www.bertschi-cafe.ch\/webseite\/nos-agriculteurs\/"},"modified":"2024-02-27T20:06:12","modified_gmt":"2024-02-27T20:06:12","slug":"nos-agriculteurs","status":"publish","type":"page","link":"https:\/\/www.bertschi-cafe.ch\/fr\/nos-agriculteurs\/","title":{"rendered":"Nos agriculteurs"},"content":{"rendered":"\t\t<div data-elementor-type=\"wp-page\" data-elementor-id=\"20814\" class=\"elementor elementor-20814 elementor-2105\" data-elementor-post-type=\"page\">\n\t\t\t\t<div class=\"elementor-element elementor-element-ac250b0 e-flex e-con-boxed e-con e-parent\" data-id=\"ac250b0\" data-element_type=\"container\" data-e-type=\"container\" data-settings=\"{&quot;jet_parallax_layout_list&quot;:[],&quot;background_background&quot;:&quot;classic&quot;}\">\n\t\t\t\t\t<div class=\"e-con-inner\">\n\t\t<div class=\"elementor-element elementor-element-bf2fd4d e-flex e-con-boxed e-con e-child\" data-id=\"bf2fd4d\" data-element_type=\"container\" data-e-type=\"container\" data-settings=\"{&quot;background_background&quot;:&quot;classic&quot;,&quot;jet_parallax_layout_list&quot;:[]}\">\n\t\t\t\t\t<div class=\"e-con-inner\">\n\t\t\t\t<div class=\"elementor-element elementor-element-53d3908 elementor-widget elementor-widget-heading\" data-id=\"53d3908\" data-element_type=\"widget\" data-e-type=\"widget\" data-widget_type=\"heading.default\">\n\t\t\t\t<div class=\"elementor-widget-container\">\n\t\t\t\t\t<p class=\"elementor-heading-title elementor-size-default\">Nos agriculteurs<\/p>\t\t\t\t<\/div>\n\t\t\t\t<\/div>\n\t\t\t\t<div class=\"elementor-element elementor-element-9c1276e elementor-widget elementor-widget-heading\" data-id=\"9c1276e\" data-element_type=\"widget\" data-e-type=\"widget\" data-widget_type=\"heading.default\">\n\t\t\t\t<div class=\"elementor-widget-container\">\n\t\t\t\t\t<h1 class=\"elementor-heading-title elementor-size-default\">Un caf\u00e9 durable et \u00e9quitable.<\/h1>\t\t\t\t<\/div>\n\t\t\t\t<\/div>\n\t\t\t\t<div class=\"elementor-element elementor-element-90d764b elementor-widget elementor-widget-spacer\" data-id=\"90d764b\" data-element_type=\"widget\" data-e-type=\"widget\" data-widget_type=\"spacer.default\">\n\t\t\t\t<div class=\"elementor-widget-container\">\n\t\t\t\t\t\t\t<div class=\"elementor-spacer\">\n\t\t\t<div class=\"elementor-spacer-inner\"><\/div>\n\t\t<\/div>\n\t\t\t\t\t\t<\/div>\n\t\t\t\t<\/div>\n\t\t\t\t<div class=\"elementor-element elementor-element-814a1f1 elementor-align-center elementor-widget elementor-widget-button\" data-id=\"814a1f1\" data-element_type=\"widget\" data-e-type=\"widget\" data-widget_type=\"button.default\">\n\t\t\t\t<div class=\"elementor-widget-container\">\n\t\t\t\t\t\t\t\t\t<div class=\"elementor-button-wrapper\">\n\t\t\t\t\t<a class=\"elementor-button elementor-button-link elementor-size-sm\" href=\"#entdecken\">\n\t\t\t\t\t\t<span class=\"elementor-button-content-wrapper\">\n\t\t\t\t\t\t<span class=\"elementor-button-icon\">\n\t\t\t\t<svg xmlns=\"http:\/\/www.w3.org\/2000\/svg\" xmlns:xlink=\"http:\/\/www.w3.org\/1999\/xlink\" xmlns:serif=\"http:\/\/www.serif.com\/\" width=\"100%\" height=\"100%\" viewBox=\"0 0 29 39\" xml:space=\"preserve\" style=\"fill-rule:evenodd;clip-rule:evenodd;stroke-linejoin:round;stroke-miterlimit:2;\"><path d=\"M15.781,38.437l12.188,-12.187c0.625,-0.625 0.625,-1.875 -0,-2.5c-0.625,-0.625 -1.875,-0.625 -2.5,0l-9.375,9.063l-0,-30.938c-0,-0.938 -0.938,-1.875 -1.875,-1.875c-0.938,0 -1.875,0.937 -1.875,1.875l-0,30.938l-9.375,-9.063c-0.625,-0.625 -1.875,-0.625 -2.5,0c-0.625,0.625 -0.625,1.875 -0,2.5l12.187,12.187c1.25,0.625 2.5,0.625 3.125,0Z\" style=\"fill:#fff;fill-rule:nonzero;\"><\/path><\/svg>\t\t\t<\/span>\n\t\t\t\t\t\t\t\t\t<span class=\"elementor-button-text\">D\u00e9couvrir nos agriculteurs<\/span>\n\t\t\t\t\t<\/span>\n\t\t\t\t\t<\/a>\n\t\t\t\t<\/div>\n\t\t\t\t\t\t\t\t<\/div>\n\t\t\t\t<\/div>\n\t\t\t\t\t<\/div>\n\t\t\t\t<\/div>\n\t\t\t\t\t<\/div>\n\t\t\t\t<\/div>\n\t\t<div class=\"elementor-element elementor-element-6f27c55 e-flex e-con-boxed e-con e-parent\" data-id=\"6f27c55\" data-element_type=\"container\" data-e-type=\"container\" id=\"bauern-entdecken\" data-settings=\"{&quot;jet_parallax_layout_list&quot;:[]}\">\n\t\t\t\t\t<div class=\"e-con-inner\">\n\t\t<div class=\"elementor-element elementor-element-11b98fc e-flex e-con-boxed e-con e-child\" data-id=\"11b98fc\" data-element_type=\"container\" data-e-type=\"container\" data-settings=\"{&quot;jet_parallax_layout_list&quot;:[]}\">\n\t\t\t\t\t<div class=\"e-con-inner\">\n\t\t\t\t<div class=\"elementor-element elementor-element-0af998d elementor-widget elementor-widget-text-editor\" data-id=\"0af998d\" data-element_type=\"widget\" data-e-type=\"widget\" data-widget_type=\"text-editor.default\">\n\t\t\t\t<div class=\"elementor-widget-container\">\n\t\t\t\t\t\t\t\t\t<p style=\"text-align: center;\">D\u00e9couvrez le monde du caf\u00e9 durable et \u00e9quitable avec nos coop\u00e9ratives partenaires. Des paysages vallonn\u00e9s aux sols fertiles, chaque gorg\u00e9e raconte une histoire d&rsquo;engagement et de d\u00e9vouement. Nos coop\u00e9ratives sont synonymes de qualit\u00e9, d&rsquo;\u00e9quit\u00e9 et de protection de l&rsquo;environnement, tout en renfor\u00e7ant les communaut\u00e9s et en pr\u00e9servant l&rsquo;h\u00e9ritage de la culture du caf\u00e9. Avec chaque achat, vous soutenez non seulement une culture du caf\u00e9 plus riche, mais aussi les familles d&rsquo;agriculteurs qui travaillent dur et cultivent le caf\u00e9 avec soin et respect pour la nature.<\/p>\n\t\t\t\t\t\t\t\t<\/div>\n\t\t\t\t<\/div>\n\t\t\t\t<div class=\"elementor-element elementor-element-ea40232 elementor-widget elementor-widget-spacer\" data-id=\"ea40232\" data-element_type=\"widget\" data-e-type=\"widget\" data-widget_type=\"spacer.default\">\n\t\t\t\t<div class=\"elementor-widget-container\">\n\t\t\t\t\t\t\t<div class=\"elementor-spacer\">\n\t\t\t<div class=\"elementor-spacer-inner\"><\/div>\n\t\t<\/div>\n\t\t\t\t\t\t<\/div>\n\t\t\t\t<\/div>\n\t\t\t\t\t<\/div>\n\t\t\t\t<\/div>\n\t\t\t\t<div class=\"elementor-element elementor-element-5d25458 elementor-grid-4 elementor-grid-tablet-2 elementor-grid-mobile-1 elementor-widget elementor-widget-loop-grid\" data-id=\"5d25458\" data-element_type=\"widget\" data-e-type=\"widget\" data-settings=\"{&quot;template_id&quot;:20275,&quot;columns&quot;:4,&quot;_skin&quot;:&quot;post&quot;,&quot;columns_tablet&quot;:&quot;2&quot;,&quot;columns_mobile&quot;:&quot;1&quot;,&quot;edit_handle_selector&quot;:&quot;[data-elementor-type=\\&quot;loop-item\\&quot;]&quot;,&quot;row_gap&quot;:{&quot;unit&quot;:&quot;px&quot;,&quot;size&quot;:&quot;&quot;,&quot;sizes&quot;:[]},&quot;row_gap_tablet&quot;:{&quot;unit&quot;:&quot;px&quot;,&quot;size&quot;:&quot;&quot;,&quot;sizes&quot;:[]},&quot;row_gap_mobile&quot;:{&quot;unit&quot;:&quot;px&quot;,&quot;size&quot;:&quot;&quot;,&quot;sizes&quot;:[]}}\" data-widget_type=\"loop-grid.post\">\n\t\t\t\t<div class=\"elementor-widget-container\">\n\t\t\t\t\t\t\t<div class=\"elementor-loop-container elementor-grid\" role=\"list\">\n\t\t<style id=\"loop-dynamic-20275\">.e-loop-item-21512 .elementor-element.elementor-element-2c360d9:not(.elementor-motion-effects-element-type-background), .e-loop-item-21512 .elementor-element.elementor-element-2c360d9 > .elementor-motion-effects-container > .elementor-motion-effects-layer{background-image:url(\"https:\/\/www.bertschi-cafe.ch\/webseite\/wp-content\/uploads\/2023\/12\/bertschi-kaffee-bio-la-florida-2-768x1155-1.png\");}<\/style><style id=\"loop-20275\">.elementor-20275 .elementor-element.elementor-element-2c360d9{--display:flex;--flex-direction:column;--container-widget-width:100%;--container-widget-height:initial;--container-widget-flex-grow:0;--container-widget-align-self:initial;--flex-wrap-mobile:wrap;--gap:40px 40px;--row-gap:40px;--column-gap:40px;--overlay-opacity:0.8;--padding-top:30px;--padding-bottom:30px;--padding-left:30px;--padding-right:30px;}.elementor-20275 .elementor-element.elementor-element-2c360d9:not(.elementor-motion-effects-element-type-background), .elementor-20275 .elementor-element.elementor-element-2c360d9 > .elementor-motion-effects-container > .elementor-motion-effects-layer{background-position:center center;background-size:cover;}.elementor-20275 .elementor-element.elementor-element-2c360d9::before, .elementor-20275 .elementor-element.elementor-element-2c360d9 > .elementor-background-video-container::before, .elementor-20275 .elementor-element.elementor-element-2c360d9 > .e-con-inner > .elementor-background-video-container::before, .elementor-20275 .elementor-element.elementor-element-2c360d9 > .elementor-background-slideshow::before, .elementor-20275 .elementor-element.elementor-element-2c360d9 > .e-con-inner > .elementor-background-slideshow::before, .elementor-20275 .elementor-element.elementor-element-2c360d9 > .elementor-motion-effects-container > .elementor-motion-effects-layer::before{--background-overlay:'';background-color:transparent;background-image:linear-gradient(270deg, #4E4E4E70 0%, var( --e-global-color-9091854 ) 100%);}.elementor-widget-heading .elementor-heading-title{font-family:var( --e-global-typography-primary-font-family ), Sans-serif;font-size:var( --e-global-typography-primary-font-size );font-weight:var( --e-global-typography-primary-font-weight );color:var( --e-global-color-primary );}.elementor-20275 .elementor-element.elementor-element-6301747 .elementor-heading-title{font-family:\"Montserrat\", Sans-serif;font-size:14px;font-weight:400;text-transform:none;line-height:30px;letter-spacing:0.06em;color:var( --e-global-color-64c6096 );}.elementor-20275 .elementor-element.elementor-element-4e8d336 .elementor-heading-title{font-family:\"Montserrat\", Sans-serif;font-size:36px;font-weight:700;text-transform:none;line-height:46px;letter-spacing:1.5px;color:var( --e-global-color-64c6096 );}.elementor-widget-button .elementor-button{font-family:var( --e-global-typography-accent-font-family ), Sans-serif;font-size:var( --e-global-typography-accent-font-size );font-weight:var( --e-global-typography-accent-font-weight );text-transform:var( --e-global-typography-accent-text-transform );background-color:var( --e-global-color-accent );}.elementor-20275 .elementor-element.elementor-element-bd2a8c1 .elementor-button{font-family:\"Montserrat\", Sans-serif;font-size:14px;font-weight:700;text-transform:uppercase;line-height:14px;letter-spacing:0.1em;fill:var( --e-global-color-accent );color:var( --e-global-color-accent );background-color:#B19B5E00;border-style:none;padding:0px 0px 0px 0px;}.elementor-20275 .elementor-element.elementor-element-bd2a8c1 .elementor-button:hover, .elementor-20275 .elementor-element.elementor-element-bd2a8c1 .elementor-button:focus{color:var( --e-global-color-64c6096 );}.elementor-20275 .elementor-element.elementor-element-bd2a8c1 .elementor-button:hover svg, .elementor-20275 .elementor-element.elementor-element-bd2a8c1 .elementor-button:focus svg{fill:var( --e-global-color-64c6096 );}.elementor-20275 .elementor-element.elementor-element-bd2a8c1.elementor-element{--align-self:flex-start;}@media(max-width:1024px){.elementor-widget-heading .elementor-heading-title{font-size:var( --e-global-typography-primary-font-size );}.elementor-widget-button .elementor-button{font-size:var( --e-global-typography-accent-font-size );}}@media(max-width:767px){.elementor-widget-heading .elementor-heading-title{font-size:var( --e-global-typography-primary-font-size );}.elementor-widget-button .elementor-button{font-size:var( --e-global-typography-accent-font-size );}}\/* Start custom CSS for heading, class: .elementor-element-4e8d336 *\/.elementor-20275 .elementor-element.elementor-element-4e8d336 {\n    display: -webkit-box;\n  -webkit-line-clamp: 3;\n  -webkit-box-orient: vertical;  \n  overflow: hidden;\n  text-overflow: ellipsis;\n}\/* End custom CSS *\/\n\/* Start custom CSS for button, class: .elementor-element-bd2a8c1 *\/.elementor-20275 .elementor-element.elementor-element-bd2a8c1:hover {\n    filter: brightness(0) saturate(100%) invert(99%) sepia(4%) saturate(2640%) hue-rotate(234deg) brightness(117%) contrast(100%);\n}\/* End custom CSS *\/\n\/* Start custom CSS for container, class: .elementor-element-2c360d9 *\/.elementor-20275 .elementor-element.elementor-element-2c360d9 {\n    aspect-ratio: 4\/5;\n}\n\n.elementor-20275 .elementor-element.elementor-element-2c360d9 .e-loop-item {\n    background-size: cover;\n}\n\n.elementor-20275 .elementor-element.elementor-element-2c360d9:hover h3 {\n    text-decoration: underline;\n}\/* End custom CSS *\/<\/style>\t\t<div data-elementor-type=\"loop-item\" data-elementor-id=\"20275\" class=\"elementor elementor-20275 elementor-2139 elementor-2139 e-loop-item e-loop-item-21512 post-21512 kaffeebauer type-kaffeebauer status-publish has-post-thumbnail hentry\" data-elementor-post-type=\"elementor_library\" data-custom-edit-handle=\"1\">\n\t\t\t<div data-tp-sc-link=\"https:\/\/www.bertschi-cafe.ch\/fr\/anbau-kaffeebauern\/cooperative-la-florida\/\" data-tp-sc-link-external=\"\" style=\"cursor: pointer\" class=\"elementor-element elementor-element-2c360d9 e-flex e-con-boxed e-con e-parent\" data-id=\"2c360d9\" data-element_type=\"container\" data-e-type=\"container\" data-settings=\"{&quot;background_background&quot;:&quot;classic&quot;,&quot;jet_parallax_layout_list&quot;:[]}\">\n\t\t\t\t\t<div class=\"e-con-inner\">\n\t\t\t\t<div class=\"elementor-element elementor-element-4e8d336 elementor-widget elementor-widget-heading\" data-id=\"4e8d336\" data-element_type=\"widget\" data-e-type=\"widget\" data-widget_type=\"heading.default\">\n\t\t\t\t<div class=\"elementor-widget-container\">\n\t\t\t\t\t<h3 class=\"elementor-heading-title elementor-size-default\">Coop\u00e9rative La Florida<\/h3>\t\t\t\t<\/div>\n\t\t\t\t<\/div>\n\t\t\t\t<div class=\"elementor-element elementor-element-bd2a8c1 elementor-align-left elementor-widget elementor-widget-button\" data-id=\"bd2a8c1\" data-element_type=\"widget\" data-e-type=\"widget\" data-widget_type=\"button.default\">\n\t\t\t\t<div class=\"elementor-widget-container\">\n\t\t\t\t\t\t\t\t\t<div class=\"elementor-button-wrapper\">\n\t\t\t\t\t<a class=\"elementor-button elementor-button-link elementor-size-sm\" href=\"https:\/\/www.bertschi-cafe.ch\/fr\/anbau-kaffeebauern\/cooperative-la-florida\/\">\n\t\t\t\t\t\t<span class=\"elementor-button-content-wrapper\">\n\t\t\t\t\t\t\t\t\t<span class=\"elementor-button-text\">En savoir plus<\/span>\n\t\t\t\t\t<\/span>\n\t\t\t\t\t<\/a>\n\t\t\t\t<\/div>\n\t\t\t\t\t\t\t\t<\/div>\n\t\t\t\t<\/div>\n\t\t\t\t\t<\/div>\n\t\t\t\t<\/div>\n\t\t\t\t<\/div>\n\t\t<style id=\"loop-dynamic-20275\">.e-loop-item-21513 .elementor-element.elementor-element-2c360d9:not(.elementor-motion-effects-element-type-background), .e-loop-item-21513 .elementor-element.elementor-element-2c360d9 > .elementor-motion-effects-container > .elementor-motion-effects-layer{background-image:url(\"https:\/\/www.bertschi-cafe.ch\/webseite\/wp-content\/uploads\/2023\/12\/kooperative-aprod-brasilien-1-e1707847478617.jpg\");}<\/style>\t\t<div data-elementor-type=\"loop-item\" data-elementor-id=\"20275\" class=\"elementor elementor-20275 elementor-2139 elementor-2139 e-loop-item e-loop-item-21513 post-21513 kaffeebauer type-kaffeebauer status-publish has-post-thumbnail hentry\" data-elementor-post-type=\"elementor_library\" data-custom-edit-handle=\"1\">\n\t\t\t<div data-tp-sc-link=\"https:\/\/www.bertschi-cafe.ch\/fr\/anbau-kaffeebauern\/cooperative-kagera-cooperative-union-kcu\/\" data-tp-sc-link-external=\"\" style=\"cursor: pointer\" class=\"elementor-element elementor-element-2c360d9 e-flex e-con-boxed e-con e-parent\" data-id=\"2c360d9\" data-element_type=\"container\" data-e-type=\"container\" data-settings=\"{&quot;background_background&quot;:&quot;classic&quot;,&quot;jet_parallax_layout_list&quot;:[]}\">\n\t\t\t\t\t<div class=\"e-con-inner\">\n\t\t\t\t<div class=\"elementor-element elementor-element-4e8d336 elementor-widget elementor-widget-heading\" data-id=\"4e8d336\" data-element_type=\"widget\" data-e-type=\"widget\" data-widget_type=\"heading.default\">\n\t\t\t\t<div class=\"elementor-widget-container\">\n\t\t\t\t\t<h3 class=\"elementor-heading-title elementor-size-default\">Coop\u00e9rative Kagera Cooperative Union (KCU)<\/h3>\t\t\t\t<\/div>\n\t\t\t\t<\/div>\n\t\t\t\t<div class=\"elementor-element elementor-element-bd2a8c1 elementor-align-left elementor-widget elementor-widget-button\" data-id=\"bd2a8c1\" data-element_type=\"widget\" data-e-type=\"widget\" data-widget_type=\"button.default\">\n\t\t\t\t<div class=\"elementor-widget-container\">\n\t\t\t\t\t\t\t\t\t<div class=\"elementor-button-wrapper\">\n\t\t\t\t\t<a class=\"elementor-button elementor-button-link elementor-size-sm\" href=\"https:\/\/www.bertschi-cafe.ch\/fr\/anbau-kaffeebauern\/cooperative-kagera-cooperative-union-kcu\/\">\n\t\t\t\t\t\t<span class=\"elementor-button-content-wrapper\">\n\t\t\t\t\t\t\t\t\t<span class=\"elementor-button-text\">En savoir plus<\/span>\n\t\t\t\t\t<\/span>\n\t\t\t\t\t<\/a>\n\t\t\t\t<\/div>\n\t\t\t\t\t\t\t\t<\/div>\n\t\t\t\t<\/div>\n\t\t\t\t\t<\/div>\n\t\t\t\t<\/div>\n\t\t\t\t<\/div>\n\t\t<style id=\"loop-dynamic-20275\">.e-loop-item-21514 .elementor-element.elementor-element-2c360d9:not(.elementor-motion-effects-element-type-background), .e-loop-item-21514 .elementor-element.elementor-element-2c360d9 > .elementor-motion-effects-container > .elementor-motion-effects-layer{background-image:url(\"https:\/\/www.bertschi-cafe.ch\/webseite\/wp-content\/uploads\/2023\/12\/bertschi-kaffee-bio-la-florida-1-1000x750-1.png\");}<\/style>\t\t<div data-elementor-type=\"loop-item\" data-elementor-id=\"20275\" class=\"elementor elementor-20275 elementor-2139 elementor-2139 e-loop-item e-loop-item-21514 post-21514 kaffeebauer type-kaffeebauer status-publish has-post-thumbnail hentry\" data-elementor-post-type=\"elementor_library\" data-custom-edit-handle=\"1\">\n\t\t\t<div data-tp-sc-link=\"https:\/\/www.bertschi-cafe.ch\/fr\/anbau-kaffeebauern\/cooperative-atahualpa\/\" data-tp-sc-link-external=\"\" style=\"cursor: pointer\" class=\"elementor-element elementor-element-2c360d9 e-flex e-con-boxed e-con e-parent\" data-id=\"2c360d9\" data-element_type=\"container\" data-e-type=\"container\" data-settings=\"{&quot;background_background&quot;:&quot;classic&quot;,&quot;jet_parallax_layout_list&quot;:[]}\">\n\t\t\t\t\t<div class=\"e-con-inner\">\n\t\t\t\t<div class=\"elementor-element elementor-element-4e8d336 elementor-widget elementor-widget-heading\" data-id=\"4e8d336\" data-element_type=\"widget\" data-e-type=\"widget\" data-widget_type=\"heading.default\">\n\t\t\t\t<div class=\"elementor-widget-container\">\n\t\t\t\t\t<h3 class=\"elementor-heading-title elementor-size-default\">Coop\u00e9rative Atahualpa<\/h3>\t\t\t\t<\/div>\n\t\t\t\t<\/div>\n\t\t\t\t<div class=\"elementor-element elementor-element-bd2a8c1 elementor-align-left elementor-widget elementor-widget-button\" data-id=\"bd2a8c1\" data-element_type=\"widget\" data-e-type=\"widget\" data-widget_type=\"button.default\">\n\t\t\t\t<div class=\"elementor-widget-container\">\n\t\t\t\t\t\t\t\t\t<div class=\"elementor-button-wrapper\">\n\t\t\t\t\t<a class=\"elementor-button elementor-button-link elementor-size-sm\" href=\"https:\/\/www.bertschi-cafe.ch\/fr\/anbau-kaffeebauern\/cooperative-atahualpa\/\">\n\t\t\t\t\t\t<span class=\"elementor-button-content-wrapper\">\n\t\t\t\t\t\t\t\t\t<span class=\"elementor-button-text\">En savoir plus<\/span>\n\t\t\t\t\t<\/span>\n\t\t\t\t\t<\/a>\n\t\t\t\t<\/div>\n\t\t\t\t\t\t\t\t<\/div>\n\t\t\t\t<\/div>\n\t\t\t\t\t<\/div>\n\t\t\t\t<\/div>\n\t\t\t\t<\/div>\n\t\t<style id=\"loop-dynamic-20275\">.e-loop-item-21508 .elementor-element.elementor-element-2c360d9:not(.elementor-motion-effects-element-type-background), .e-loop-item-21508 .elementor-element.elementor-element-2c360d9 > .elementor-motion-effects-container > .elementor-motion-effects-layer{background-image:url(\"https:\/\/www.bertschi-cafe.ch\/webseite\/wp-content\/uploads\/2023\/12\/bertschi-kaffee-bio-la-florida-7-1000x665-1.jpg\");}<\/style>\t\t<div data-elementor-type=\"loop-item\" data-elementor-id=\"20275\" class=\"elementor elementor-20275 elementor-2139 elementor-2139 e-loop-item e-loop-item-21508 post-21508 kaffeebauer type-kaffeebauer status-publish has-post-thumbnail hentry\" data-elementor-post-type=\"elementor_library\" data-custom-edit-handle=\"1\">\n\t\t\t<div data-tp-sc-link=\"https:\/\/www.bertschi-cafe.ch\/fr\/anbau-kaffeebauern\/cooperative-san-fernando\/\" data-tp-sc-link-external=\"\" style=\"cursor: pointer\" class=\"elementor-element elementor-element-2c360d9 e-flex e-con-boxed e-con e-parent\" data-id=\"2c360d9\" data-element_type=\"container\" data-e-type=\"container\" data-settings=\"{&quot;background_background&quot;:&quot;classic&quot;,&quot;jet_parallax_layout_list&quot;:[]}\">\n\t\t\t\t\t<div class=\"e-con-inner\">\n\t\t\t\t<div class=\"elementor-element elementor-element-4e8d336 elementor-widget elementor-widget-heading\" data-id=\"4e8d336\" data-element_type=\"widget\" data-e-type=\"widget\" data-widget_type=\"heading.default\">\n\t\t\t\t<div class=\"elementor-widget-container\">\n\t\t\t\t\t<h3 class=\"elementor-heading-title elementor-size-default\">Coop\u00e9rative Sociedad de Producci\u00f3n Rural Uni\u00f3n de Ejidos y Comunidades San Fernando S.P.R. de R.L<\/h3>\t\t\t\t<\/div>\n\t\t\t\t<\/div>\n\t\t\t\t<div class=\"elementor-element elementor-element-bd2a8c1 elementor-align-left elementor-widget elementor-widget-button\" data-id=\"bd2a8c1\" data-element_type=\"widget\" data-e-type=\"widget\" data-widget_type=\"button.default\">\n\t\t\t\t<div class=\"elementor-widget-container\">\n\t\t\t\t\t\t\t\t\t<div class=\"elementor-button-wrapper\">\n\t\t\t\t\t<a class=\"elementor-button elementor-button-link elementor-size-sm\" href=\"https:\/\/www.bertschi-cafe.ch\/fr\/anbau-kaffeebauern\/cooperative-san-fernando\/\">\n\t\t\t\t\t\t<span class=\"elementor-button-content-wrapper\">\n\t\t\t\t\t\t\t\t\t<span class=\"elementor-button-text\">En savoir plus<\/span>\n\t\t\t\t\t<\/span>\n\t\t\t\t\t<\/a>\n\t\t\t\t<\/div>\n\t\t\t\t\t\t\t\t<\/div>\n\t\t\t\t<\/div>\n\t\t\t\t\t<\/div>\n\t\t\t\t<\/div>\n\t\t\t\t<\/div>\n\t\t<style id=\"loop-dynamic-20275\">.e-loop-item-21507 .elementor-element.elementor-element-2c360d9:not(.elementor-motion-effects-element-type-background), .e-loop-item-21507 .elementor-element.elementor-element-2c360d9 > .elementor-motion-effects-container > .elementor-motion-effects-layer{background-image:url(\"https:\/\/www.bertschi-cafe.ch\/webseite\/wp-content\/uploads\/2023\/12\/kooperative-aprod-brasilien-5-e1707847579119.jpg\");}<\/style>\t\t<div data-elementor-type=\"loop-item\" data-elementor-id=\"20275\" class=\"elementor elementor-20275 elementor-2139 elementor-2139 e-loop-item e-loop-item-21507 post-21507 kaffeebauer type-kaffeebauer status-publish has-post-thumbnail hentry\" data-elementor-post-type=\"elementor_library\" data-custom-edit-handle=\"1\">\n\t\t\t<div data-tp-sc-link=\"https:\/\/www.bertschi-cafe.ch\/fr\/anbau-kaffeebauern\/cafe-cooperatif-aprod-fairtrade\/\" data-tp-sc-link-external=\"\" style=\"cursor: pointer\" class=\"elementor-element elementor-element-2c360d9 e-flex e-con-boxed e-con e-parent\" data-id=\"2c360d9\" data-element_type=\"container\" data-e-type=\"container\" data-settings=\"{&quot;background_background&quot;:&quot;classic&quot;,&quot;jet_parallax_layout_list&quot;:[]}\">\n\t\t\t\t\t<div class=\"e-con-inner\">\n\t\t\t\t<div class=\"elementor-element elementor-element-4e8d336 elementor-widget elementor-widget-heading\" data-id=\"4e8d336\" data-element_type=\"widget\" data-e-type=\"widget\" data-widget_type=\"heading.default\">\n\t\t\t\t<div class=\"elementor-widget-container\">\n\t\t\t\t\t<h3 class=\"elementor-heading-title elementor-size-default\">Coop\u00e9ration APROD<\/h3>\t\t\t\t<\/div>\n\t\t\t\t<\/div>\n\t\t\t\t<div class=\"elementor-element elementor-element-bd2a8c1 elementor-align-left elementor-widget elementor-widget-button\" data-id=\"bd2a8c1\" data-element_type=\"widget\" data-e-type=\"widget\" data-widget_type=\"button.default\">\n\t\t\t\t<div class=\"elementor-widget-container\">\n\t\t\t\t\t\t\t\t\t<div class=\"elementor-button-wrapper\">\n\t\t\t\t\t<a class=\"elementor-button elementor-button-link elementor-size-sm\" href=\"https:\/\/www.bertschi-cafe.ch\/fr\/anbau-kaffeebauern\/cafe-cooperatif-aprod-fairtrade\/\">\n\t\t\t\t\t\t<span class=\"elementor-button-content-wrapper\">\n\t\t\t\t\t\t\t\t\t<span class=\"elementor-button-text\">En savoir plus<\/span>\n\t\t\t\t\t<\/span>\n\t\t\t\t\t<\/a>\n\t\t\t\t<\/div>\n\t\t\t\t\t\t\t\t<\/div>\n\t\t\t\t<\/div>\n\t\t\t\t\t<\/div>\n\t\t\t\t<\/div>\n\t\t\t\t<\/div>\n\t\t<style id=\"loop-dynamic-20275\">.e-loop-item-21503 .elementor-element.elementor-element-2c360d9:not(.elementor-motion-effects-element-type-background), .e-loop-item-21503 .elementor-element.elementor-element-2c360d9 > .elementor-motion-effects-container > .elementor-motion-effects-layer{background-image:url(\"https:\/\/www.bertschi-cafe.ch\/webseite\/wp-content\/uploads\/2023\/12\/bertschi-kaffee-demeter-2.png\");}<\/style>\t\t<div data-elementor-type=\"loop-item\" data-elementor-id=\"20275\" class=\"elementor elementor-20275 elementor-2139 elementor-2139 e-loop-item e-loop-item-21503 post-21503 kaffeebauer type-kaffeebauer status-publish has-post-thumbnail hentry\" data-elementor-post-type=\"elementor_library\" data-custom-edit-handle=\"1\">\n\t\t\t<div data-tp-sc-link=\"https:\/\/www.bertschi-cafe.ch\/fr\/anbau-kaffeebauern\/fazenda-camocim-demeter\/\" data-tp-sc-link-external=\"\" style=\"cursor: pointer\" class=\"elementor-element elementor-element-2c360d9 e-flex e-con-boxed e-con e-parent\" data-id=\"2c360d9\" data-element_type=\"container\" data-e-type=\"container\" data-settings=\"{&quot;background_background&quot;:&quot;classic&quot;,&quot;jet_parallax_layout_list&quot;:[]}\">\n\t\t\t\t\t<div class=\"e-con-inner\">\n\t\t\t\t<div class=\"elementor-element elementor-element-4e8d336 elementor-widget elementor-widget-heading\" data-id=\"4e8d336\" data-element_type=\"widget\" data-e-type=\"widget\" data-widget_type=\"heading.default\">\n\t\t\t\t<div class=\"elementor-widget-container\">\n\t\t\t\t\t<h3 class=\"elementor-heading-title elementor-size-default\">Fazenda Camocim<\/h3>\t\t\t\t<\/div>\n\t\t\t\t<\/div>\n\t\t\t\t<div class=\"elementor-element elementor-element-bd2a8c1 elementor-align-left elementor-widget elementor-widget-button\" data-id=\"bd2a8c1\" data-element_type=\"widget\" data-e-type=\"widget\" data-widget_type=\"button.default\">\n\t\t\t\t<div class=\"elementor-widget-container\">\n\t\t\t\t\t\t\t\t\t<div class=\"elementor-button-wrapper\">\n\t\t\t\t\t<a class=\"elementor-button elementor-button-link elementor-size-sm\" href=\"https:\/\/www.bertschi-cafe.ch\/fr\/anbau-kaffeebauern\/fazenda-camocim-demeter\/\">\n\t\t\t\t\t\t<span class=\"elementor-button-content-wrapper\">\n\t\t\t\t\t\t\t\t\t<span class=\"elementor-button-text\">En savoir plus<\/span>\n\t\t\t\t\t<\/span>\n\t\t\t\t\t<\/a>\n\t\t\t\t<\/div>\n\t\t\t\t\t\t\t\t<\/div>\n\t\t\t\t<\/div>\n\t\t\t\t\t<\/div>\n\t\t\t\t<\/div>\n\t\t\t\t<\/div>\n\t\t<style id=\"loop-dynamic-20275\">.e-loop-item-21505 .elementor-element.elementor-element-2c360d9:not(.elementor-motion-effects-element-type-background), .e-loop-item-21505 .elementor-element.elementor-element-2c360d9 > .elementor-motion-effects-container > .elementor-motion-effects-layer{background-image:url(\"https:\/\/www.bertschi-cafe.ch\/webseite\/wp-content\/uploads\/2023\/12\/kooperative-aprod-brasilien-6-e1707847524343.jpg\");}<\/style>\t\t<div data-elementor-type=\"loop-item\" data-elementor-id=\"20275\" class=\"elementor elementor-20275 elementor-2139 elementor-2139 e-loop-item e-loop-item-21505 post-21505 kaffeebauer type-kaffeebauer status-publish has-post-thumbnail hentry\" data-elementor-post-type=\"elementor_library\" data-custom-edit-handle=\"1\">\n\t\t\t<div data-tp-sc-link=\"https:\/\/www.bertschi-cafe.ch\/fr\/anbau-kaffeebauern\/kooperative-asociacion-de-productores-de-cafe-san-andres\/\" data-tp-sc-link-external=\"\" style=\"cursor: pointer\" class=\"elementor-element elementor-element-2c360d9 e-flex e-con-boxed e-con e-parent\" data-id=\"2c360d9\" data-element_type=\"container\" data-e-type=\"container\" data-settings=\"{&quot;background_background&quot;:&quot;classic&quot;,&quot;jet_parallax_layout_list&quot;:[]}\">\n\t\t\t\t\t<div class=\"e-con-inner\">\n\t\t\t\t<div class=\"elementor-element elementor-element-4e8d336 elementor-widget elementor-widget-heading\" data-id=\"4e8d336\" data-element_type=\"widget\" data-e-type=\"widget\" data-widget_type=\"heading.default\">\n\t\t\t\t<div class=\"elementor-widget-container\">\n\t\t\t\t\t<h3 class=\"elementor-heading-title elementor-size-default\">Coop\u00e9rative Asociaci\u00f3n de Productores de Caf\u00e9 San Andr\u00e9s<\/h3>\t\t\t\t<\/div>\n\t\t\t\t<\/div>\n\t\t\t\t<div class=\"elementor-element elementor-element-bd2a8c1 elementor-align-left elementor-widget elementor-widget-button\" data-id=\"bd2a8c1\" data-element_type=\"widget\" data-e-type=\"widget\" data-widget_type=\"button.default\">\n\t\t\t\t<div class=\"elementor-widget-container\">\n\t\t\t\t\t\t\t\t\t<div class=\"elementor-button-wrapper\">\n\t\t\t\t\t<a class=\"elementor-button elementor-button-link elementor-size-sm\" href=\"https:\/\/www.bertschi-cafe.ch\/fr\/anbau-kaffeebauern\/kooperative-asociacion-de-productores-de-cafe-san-andres\/\">\n\t\t\t\t\t\t<span class=\"elementor-button-content-wrapper\">\n\t\t\t\t\t\t\t\t\t<span class=\"elementor-button-text\">En savoir plus<\/span>\n\t\t\t\t\t<\/span>\n\t\t\t\t\t<\/a>\n\t\t\t\t<\/div>\n\t\t\t\t\t\t\t\t<\/div>\n\t\t\t\t<\/div>\n\t\t\t\t\t<\/div>\n\t\t\t\t<\/div>\n\t\t\t\t<\/div>\n\t\t\t\t<\/div>\n\t\t\n\t\t\t\t\t\t<\/div>\n\t\t\t\t<\/div>\n\t\t\t\t\t<\/div>\n\t\t\t\t<\/div>\n\t\t<div class=\"elementor-element elementor-element-a81e111 e-flex e-con-boxed e-con e-parent\" data-id=\"a81e111\" data-element_type=\"container\" data-e-type=\"container\" data-settings=\"{&quot;jet_parallax_layout_list&quot;:[]}\">\n\t\t\t\t\t<div class=\"e-con-inner\">\n\t\t\t\t<div class=\"elementor-element elementor-element-beb63eb elementor-widget elementor-widget-heading\" data-id=\"beb63eb\" data-element_type=\"widget\" data-e-type=\"widget\" data-widget_type=\"heading.default\">\n\t\t\t\t<div class=\"elementor-widget-container\">\n\t\t\t\t\t<h2 class=\"elementor-heading-title elementor-size-default\">Notre caf\u00e9<\/h2>\t\t\t\t<\/div>\n\t\t\t\t<\/div>\n\t\t\t\t<div class=\"elementor-element elementor-element-8c2892d elementor-widget elementor-widget-text-editor\" data-id=\"8c2892d\" data-element_type=\"widget\" data-e-type=\"widget\" data-widget_type=\"text-editor.default\">\n\t\t\t\t<div class=\"elementor-widget-container\">\n\t\t\t\t\t\t\t\t\t<p>Commander le vrai plaisir du caf\u00e9 \u00e0 domicile.<\/p>\n\t\t\t\t\t\t\t\t<\/div>\n\t\t\t\t<\/div>\n\t\t\t\t<div class=\"elementor-element elementor-element-27041c2 elementor-widget elementor-widget-spacer\" data-id=\"27041c2\" data-element_type=\"widget\" data-e-type=\"widget\" data-widget_type=\"spacer.default\">\n\t\t\t\t<div class=\"elementor-widget-container\">\n\t\t\t\t\t\t\t<div class=\"elementor-spacer\">\n\t\t\t<div class=\"elementor-spacer-inner\"><\/div>\n\t\t<\/div>\n\t\t\t\t\t\t<\/div>\n\t\t\t\t<\/div>\n\t\t\t\t<div class=\"elementor-element elementor-element-51b44f3 elementor-product-loop-item--align-center elementor-grid-tablet-2 elementor-grid-mobile-1 elementor-grid-4 elementor-products-grid elementor-wc-products elementor-widget elementor-widget-woocommerce-products\" data-id=\"51b44f3\" data-element_type=\"widget\" data-e-type=\"widget\" data-widget_type=\"woocommerce-products.default\">\n\t\t\t\t<div class=\"elementor-widget-container\">\n\t\t\t\t\t<div class=\"woocommerce columns-4 \"><ul class=\"products elementor-grid columns-4\">\n<li class=\"product type-product post-35475 status-publish first instock product_cat-bohnen product_cat-gemahlen product_cat-geschenk-und-probiersets product_cat-spezialitaeten has-post-thumbnail taxable shipping-taxable purchasable product-type-variable\">\n\t<a href=\"https:\/\/www.bertschi-cafe.ch\/fr\/produit\/entdecker-set-espresso-kaffee-genuss-paket-6-x-250g\/\" class=\"woocommerce-LoopProduct-link woocommerce-loop-product__link\"><div class=\"cg-badge-container\"><div class=\"cg-badge\"><img decoding=\"async\" src=\"https:\/\/www.bertschi-cafe.ch\/webseite\/wp-content\/uploads\/2024\/03\/bio-logo-import.svg\" alt=\"Caf\u00e9 bio\" title=\"Caf\u00e9 bio\"><\/div><div class=\"cg-badge\"><img decoding=\"async\" src=\"https:\/\/www.bertschi-cafe.ch\/webseite\/wp-content\/uploads\/2024\/02\/fairtrade-certification-mark-1.svg\" alt=\"Caf\u00e9 du commerce \u00e9quitable\" title=\"Caf\u00e9 du commerce \u00e9quitable\"><\/div><\/div><img decoding=\"async\" width=\"300\" height=\"300\" src=\"https:\/\/www.bertschi-cafe.ch\/webseite\/wp-content\/uploads\/2026\/01\/Produktbild-Set-300x300.png\" class=\"attachment-woocommerce_thumbnail size-woocommerce_thumbnail\" alt=\"Entdecker-Set: Espresso &amp; Kaffee Genuss-Paket (6 x 250g)\" srcset=\"https:\/\/www.bertschi-cafe.ch\/webseite\/wp-content\/uploads\/2026\/01\/Produktbild-Set-300x300.png 300w, https:\/\/www.bertschi-cafe.ch\/webseite\/wp-content\/uploads\/2026\/01\/Produktbild-Set-1024x1024.png 1024w, https:\/\/www.bertschi-cafe.ch\/webseite\/wp-content\/uploads\/2026\/01\/Produktbild-Set-150x150.png 150w, https:\/\/www.bertschi-cafe.ch\/webseite\/wp-content\/uploads\/2026\/01\/Produktbild-Set-768x768.png 768w, https:\/\/www.bertschi-cafe.ch\/webseite\/wp-content\/uploads\/2026\/01\/Produktbild-Set-700x700.png 700w, https:\/\/www.bertschi-cafe.ch\/webseite\/wp-content\/uploads\/2026\/01\/Produktbild-Set-600x600.png 600w, https:\/\/www.bertschi-cafe.ch\/webseite\/wp-content\/uploads\/2026\/01\/Produktbild-Set-100x100.png 100w, https:\/\/www.bertschi-cafe.ch\/webseite\/wp-content\/uploads\/2026\/01\/Produktbild-Set.png 1080w\" sizes=\"(max-width: 300px) 100vw, 300px\" \/><span class=\"product-varietaet\"><\/span><h2 class=\"woocommerce-loop-product__title\">Entdecker-Set: Espresso &#038; Kaffee Genuss-Paket (6 x 250g)<\/h2>\n\t<span class=\"price\">\u00c0 partir de <span class=\"woocommerce-Price-amount amount\"><bdi><span class=\"woocommerce-Price-currencySymbol\">&#67;&#72;&#70;<\/span>&nbsp;37.30<\/bdi><\/span> <span class=\"price-per-kg\">(CHF 24.87\/kg)<\/span><\/span>\n<\/a><div class=\"custom-group\"><span class=\"price\">Ab <span class=\"woocommerce-Price-amount amount\"><bdi><span class=\"woocommerce-Price-currencySymbol\">&#67;&#72;&#70;<\/span>&nbsp;37.30<\/bdi><\/span><\/span><div class=\"woocommerce-loop-product__buttons\"><a href=\"https:\/\/www.bertschi-cafe.ch\/fr\/produit\/entdecker-set-espresso-kaffee-genuss-paket-6-x-250g\/\" aria-describedby=\"woocommerce_loop_add_to_cart_link_describedby_35475\" data-quantity=\"1\" class=\"button product_type_variable add_to_cart_button\" data-product_id=\"35475\" data-product_sku=\"\" aria-label=\"S\u00e9lectionner les options pour &ldquo;Entdecker-Set: Espresso &amp; Kaffee Genuss-Paket (6 x 250g)&rdquo;\" rel=\"nofollow\">Choix des options<\/a><\/div>\t<span id=\"woocommerce_loop_add_to_cart_link_describedby_35475\" class=\"screen-reader-text\">\n\t\tCe produit a plusieurs variations. Les options peuvent \u00eatre choisies sur la page du produit\t<\/span>\n<\/div><span class=\"gtm4wp_productdata\" style=\"display:none; visibility:hidden;\" data-gtm4wp_product_data=\"{&quot;internal_id&quot;:35475,&quot;item_id&quot;:35475,&quot;item_name&quot;:&quot;Entdecker-Set: Espresso &amp; Kaffee Genuss-Paket (6 x 250g)&quot;,&quot;sku&quot;:35475,&quot;price&quot;:37.2999999999999971578290569595992565155029296875,&quot;stocklevel&quot;:null,&quot;stockstatus&quot;:&quot;instock&quot;,&quot;google_business_vertical&quot;:&quot;retail&quot;,&quot;item_category&quot;:&quot;Geschenk- und Probiersets&quot;,&quot;id&quot;:35475,&quot;productlink&quot;:&quot;https:\\\/\\\/www.bertschi-cafe.ch\\\/fr\\\/produit\\\/entdecker-set-espresso-kaffee-genuss-paket-6-x-250g\\\/&quot;,&quot;item_list_name&quot;:&quot;Liste g\\u00e9n\\u00e9rale des produits&quot;,&quot;index&quot;:1,&quot;product_type&quot;:&quot;variable&quot;,&quot;item_brand&quot;:&quot;&quot;}\"><\/span>\t\t\t<input type=\"hidden\" class=\"pmwProductId\" data-id=\"35475\">\n\t\t\t\t\t<script>\n\t\t\t(window.pmwDataLayer = window.pmwDataLayer || {}).products                = window.pmwDataLayer.products || {};\n\t\t\twindow.pmwDataLayer.products[35475] = {\"id\":\"35475\",\"sku\":\"\",\"price\":38.27000000000000312638803734444081783294677734375,\"brand\":\"\",\"quantity\":1,\"dyn_r_ids\":{\"post_id\":\"35475\",\"sku\":35475,\"gpf\":\"woocommerce_gpf_35475\",\"gla\":\"gla_35475\"},\"is_variable\":true,\"type\":\"variable\",\"name\":\"Entdecker-Set: Espresso & Kaffee Genuss-Paket (6 x 250g)\",\"category\":[\"Bohnen\",\"gemahlen\",\"Geschenk- und Probiersets\",\"Spezialit\u00e4ten\"],\"is_variation\":false};\n\t\t\t\t\twindow.pmw_product_position = window.pmw_product_position || 1;\n\t\twindow.pmwDataLayer.products[35475]['position'] = window.pmw_product_position++;\n\t\t\t\t<\/script>\n\t\t<\/li>\n<li class=\"product type-product post-34121 status-publish instock product_cat-geschenk-und-probiersets product_cat-zubehoer has-post-thumbnail taxable shipping-taxable purchasable product-type-simple\">\n\t<a href=\"https:\/\/www.bertschi-cafe.ch\/fr\/produit\/upcycling-tasche-aus-kaffeeverpackung\/\" class=\"woocommerce-LoopProduct-link woocommerce-loop-product__link\"><img decoding=\"async\" width=\"300\" height=\"300\" src=\"https:\/\/www.bertschi-cafe.ch\/webseite\/wp-content\/uploads\/2025\/08\/Tasche-Bertschi-Cafe-300x300.png\" class=\"attachment-woocommerce_thumbnail size-woocommerce_thumbnail\" alt=\"Upcycling Tasche aus Kaffeeverpackung\" srcset=\"https:\/\/www.bertschi-cafe.ch\/webseite\/wp-content\/uploads\/2025\/08\/Tasche-Bertschi-Cafe-300x300.png 300w, https:\/\/www.bertschi-cafe.ch\/webseite\/wp-content\/uploads\/2025\/08\/Tasche-Bertschi-Cafe-150x150.png 150w, https:\/\/www.bertschi-cafe.ch\/webseite\/wp-content\/uploads\/2025\/08\/Tasche-Bertschi-Cafe-700x700.png 700w, https:\/\/www.bertschi-cafe.ch\/webseite\/wp-content\/uploads\/2025\/08\/Tasche-Bertschi-Cafe-100x100.png 100w\" sizes=\"(max-width: 300px) 100vw, 300px\" \/><h2 class=\"woocommerce-loop-product__title\">Upcycling Tasche aus Kaffeeverpackung<\/h2>\n\t<span class=\"price\"><span class=\"woocommerce-Price-amount amount\"><bdi><span class=\"woocommerce-Price-currencySymbol\">&#67;&#72;&#70;<\/span>&nbsp;20.00<\/bdi><\/span><\/span>\n<\/a><div class=\"custom-group\"><span class=\"price\"><span class=\"woocommerce-Price-amount amount\"><bdi><span class=\"woocommerce-Price-currencySymbol\">&#67;&#72;&#70;<\/span>&nbsp;20.00<\/bdi><\/span><\/span><div class=\"woocommerce-loop-product__buttons\"><a href=\"\/fr\/wp-json\/wp\/v2\/pages\/20814?add-to-cart=34121\" aria-describedby=\"woocommerce_loop_add_to_cart_link_describedby_34121\" data-quantity=\"1\" class=\"button product_type_simple add_to_cart_button ajax_add_to_cart\" data-product_id=\"34121\" data-product_sku=\"8.15.1527\" aria-label=\"Ajouter au panier\u00a0: &ldquo;Upcycling Tasche aus Kaffeeverpackung&rdquo;\" rel=\"nofollow\" data-success_message=\"\u00ab\u00a0Upcycling Tasche aus Kaffeeverpackung\u00a0\u00bb a \u00e9t\u00e9 ajout\u00e9 \u00e0 votre panier\" role=\"button\">Ajouter au panier<\/a><\/div>\t<span id=\"woocommerce_loop_add_to_cart_link_describedby_34121\" class=\"screen-reader-text\">\n\t\t\t<\/span>\n<\/div><span class=\"gtm4wp_productdata\" style=\"display:none; visibility:hidden;\" data-gtm4wp_product_data=\"{&quot;internal_id&quot;:34121,&quot;item_id&quot;:34121,&quot;item_name&quot;:&quot;Upcycling Tasche aus Kaffeeverpackung&quot;,&quot;sku&quot;:&quot;8.15.1527&quot;,&quot;price&quot;:20,&quot;stocklevel&quot;:null,&quot;stockstatus&quot;:&quot;instock&quot;,&quot;google_business_vertical&quot;:&quot;retail&quot;,&quot;item_category&quot;:&quot;Geschenk- und Probiersets&quot;,&quot;id&quot;:34121,&quot;productlink&quot;:&quot;https:\\\/\\\/www.bertschi-cafe.ch\\\/fr\\\/produit\\\/upcycling-tasche-aus-kaffeeverpackung\\\/&quot;,&quot;item_list_name&quot;:&quot;Liste g\\u00e9n\\u00e9rale des produits&quot;,&quot;index&quot;:2,&quot;product_type&quot;:&quot;simple&quot;,&quot;item_brand&quot;:&quot;&quot;}\"><\/span>\t\t\t<input type=\"hidden\" class=\"pmwProductId\" data-id=\"34121\">\n\t\t\t\t\t<script>\n\t\t\t(window.pmwDataLayer = window.pmwDataLayer || {}).products                = window.pmwDataLayer.products || {};\n\t\t\twindow.pmwDataLayer.products[34121] = {\"id\":\"34121\",\"sku\":\"8.15.1527\",\"price\":21.620000000000000994759830064140260219573974609375,\"brand\":\"\",\"quantity\":1,\"dyn_r_ids\":{\"post_id\":\"34121\",\"sku\":\"8.15.1527\",\"gpf\":\"woocommerce_gpf_34121\",\"gla\":\"gla_34121\"},\"is_variable\":false,\"type\":\"simple\",\"name\":\"Upcycling Tasche aus Kaffeeverpackung\",\"category\":[\"Geschenk- und Probiersets\",\"Zubeh\u00f6r\"],\"is_variation\":false};\n\t\t\t\t\twindow.pmw_product_position = window.pmw_product_position || 1;\n\t\twindow.pmwDataLayer.products[34121]['position'] = window.pmw_product_position++;\n\t\t\t\t<\/script>\n\t\t<\/li>\n<li class=\"product type-product post-33451 status-publish instock product_cat-bohnen product_cat-gemahlen product_cat-spezialitaeten has-post-thumbnail taxable shipping-taxable purchasable product-type-variable has-default-attributes\">\n\t<a href=\"https:\/\/www.bertschi-cafe.ch\/fr\/produit\/saison-kaffee-sommer\/\" class=\"woocommerce-LoopProduct-link woocommerce-loop-product__link\"><img decoding=\"async\" width=\"300\" height=\"300\" src=\"https:\/\/www.bertschi-cafe.ch\/webseite\/wp-content\/uploads\/2025\/06\/Saison-Kaffee-Sommer-300x300.png\" class=\"attachment-woocommerce_thumbnail size-woocommerce_thumbnail\" alt=\"Saison-Kaffee Sommer\" srcset=\"https:\/\/www.bertschi-cafe.ch\/webseite\/wp-content\/uploads\/2025\/06\/Saison-Kaffee-Sommer-300x300.png 300w, https:\/\/www.bertschi-cafe.ch\/webseite\/wp-content\/uploads\/2025\/06\/Saison-Kaffee-Sommer-1024x1024.png 1024w, https:\/\/www.bertschi-cafe.ch\/webseite\/wp-content\/uploads\/2025\/06\/Saison-Kaffee-Sommer-150x150.png 150w, https:\/\/www.bertschi-cafe.ch\/webseite\/wp-content\/uploads\/2025\/06\/Saison-Kaffee-Sommer-768x768.png 768w, https:\/\/www.bertschi-cafe.ch\/webseite\/wp-content\/uploads\/2025\/06\/Saison-Kaffee-Sommer-700x700.png 700w, https:\/\/www.bertschi-cafe.ch\/webseite\/wp-content\/uploads\/2025\/06\/Saison-Kaffee-Sommer-600x600.png 600w, https:\/\/www.bertschi-cafe.ch\/webseite\/wp-content\/uploads\/2025\/06\/Saison-Kaffee-Sommer-100x100.png 100w, https:\/\/www.bertschi-cafe.ch\/webseite\/wp-content\/uploads\/2025\/06\/Saison-Kaffee-Sommer.png 1074w\" sizes=\"(max-width: 300px) 100vw, 300px\" \/><span class=\"product-varietaet\">80% Arabica \/ 20% Robusta<\/span><h2 class=\"woocommerce-loop-product__title\">Saison-Kaffee Sommer<\/h2><span class=\"product-pa_geschmack\">Nois\u00e9, Chocolat\u00e9<\/span>\n\t<span class=\"price\">\u00c0 partir de <span class=\"woocommerce-Price-amount amount\"><bdi><span class=\"woocommerce-Price-currencySymbol\">&#67;&#72;&#70;<\/span>&nbsp;9.75<\/bdi><\/span> <span class=\"price-per-kg\">(CHF 19.50\/kg)<\/span><\/span>\n<\/a><div class=\"custom-group\"><span class=\"price\">Ab <span class=\"woocommerce-Price-amount amount\"><bdi><span class=\"woocommerce-Price-currencySymbol\">&#67;&#72;&#70;<\/span>&nbsp;9.75<\/bdi><\/span><\/span><div class=\"woocommerce-loop-product__buttons\"><a href=\"https:\/\/www.bertschi-cafe.ch\/fr\/produit\/saison-kaffee-sommer\/\" aria-describedby=\"woocommerce_loop_add_to_cart_link_describedby_33451\" data-quantity=\"1\" class=\"button product_type_variable add_to_cart_button\" data-product_id=\"33451\" data-product_sku=\"\" aria-label=\"S\u00e9lectionner les options pour &ldquo;Saison-Kaffee Sommer&rdquo;\" rel=\"nofollow\">Choix des options<\/a><\/div>\t<span id=\"woocommerce_loop_add_to_cart_link_describedby_33451\" class=\"screen-reader-text\">\n\t\tCe produit a plusieurs variations. Les options peuvent \u00eatre choisies sur la page du produit\t<\/span>\n<\/div><span class=\"gtm4wp_productdata\" style=\"display:none; visibility:hidden;\" data-gtm4wp_product_data=\"{&quot;internal_id&quot;:33451,&quot;item_id&quot;:33451,&quot;item_name&quot;:&quot;Saison-Kaffee Sommer&quot;,&quot;sku&quot;:33451,&quot;price&quot;:9.75,&quot;stocklevel&quot;:null,&quot;stockstatus&quot;:&quot;instock&quot;,&quot;google_business_vertical&quot;:&quot;retail&quot;,&quot;item_category&quot;:&quot;Spezialit\\u00e4ten&quot;,&quot;id&quot;:33451,&quot;productlink&quot;:&quot;https:\\\/\\\/www.bertschi-cafe.ch\\\/fr\\\/produit\\\/saison-kaffee-sommer\\\/&quot;,&quot;item_list_name&quot;:&quot;Liste g\\u00e9n\\u00e9rale des produits&quot;,&quot;index&quot;:3,&quot;product_type&quot;:&quot;variable&quot;,&quot;item_brand&quot;:&quot;&quot;}\"><\/span>\t\t\t<input type=\"hidden\" class=\"pmwProductId\" data-id=\"33451\">\n\t\t\t\t\t<script>\n\t\t\t(window.pmwDataLayer = window.pmwDataLayer || {}).products                = window.pmwDataLayer.products || {};\n\t\t\twindow.pmwDataLayer.products[33451] = {\"id\":\"33451\",\"sku\":\"\",\"price\":10,\"brand\":\"\",\"quantity\":1,\"dyn_r_ids\":{\"post_id\":\"33451\",\"sku\":33451,\"gpf\":\"woocommerce_gpf_33451\",\"gla\":\"gla_33451\"},\"is_variable\":true,\"type\":\"variable\",\"name\":\"Saison-Kaffee Sommer\",\"category\":[\"Bohnen\",\"gemahlen\",\"Spezialit\u00e4ten\"],\"is_variation\":false};\n\t\t\t\t\twindow.pmw_product_position = window.pmw_product_position || 1;\n\t\twindow.pmwDataLayer.products[33451]['position'] = window.pmw_product_position++;\n\t\t\t\t<\/script>\n\t\t<\/li>\n<li class=\"product type-product post-32926 status-publish last instock product_cat-bohnen product_cat-gemahlen product_cat-spezialitaeten has-post-thumbnail taxable shipping-taxable purchasable product-type-variable has-default-attributes\">\n\t<a href=\"https:\/\/www.bertschi-cafe.ch\/fr\/produit\/good-vibes-kaffee\/\" class=\"woocommerce-LoopProduct-link woocommerce-loop-product__link\"><img decoding=\"async\" width=\"300\" height=\"300\" src=\"https:\/\/www.bertschi-cafe.ch\/webseite\/wp-content\/uploads\/2025\/04\/Good-Vibes-Kaffee-300x300.webp\" class=\"attachment-woocommerce_thumbnail size-woocommerce_thumbnail\" alt=\"Good Vibes Kaffee\" srcset=\"https:\/\/www.bertschi-cafe.ch\/webseite\/wp-content\/uploads\/2025\/04\/Good-Vibes-Kaffee-300x300.webp 300w, https:\/\/www.bertschi-cafe.ch\/webseite\/wp-content\/uploads\/2025\/04\/Good-Vibes-Kaffee-150x150.webp 150w, https:\/\/www.bertschi-cafe.ch\/webseite\/wp-content\/uploads\/2025\/04\/Good-Vibes-Kaffee-768x768.webp 768w, https:\/\/www.bertschi-cafe.ch\/webseite\/wp-content\/uploads\/2025\/04\/Good-Vibes-Kaffee-700x700.webp 700w, https:\/\/www.bertschi-cafe.ch\/webseite\/wp-content\/uploads\/2025\/04\/Good-Vibes-Kaffee-600x600.webp 600w, https:\/\/www.bertschi-cafe.ch\/webseite\/wp-content\/uploads\/2025\/04\/Good-Vibes-Kaffee-100x100.webp 100w, https:\/\/www.bertschi-cafe.ch\/webseite\/wp-content\/uploads\/2025\/04\/Good-Vibes-Kaffee.webp 1024w\" sizes=\"(max-width: 300px) 100vw, 300px\" \/><span class=\"product-varietaet\">100% Arabica<\/span><h2 class=\"woocommerce-loop-product__title\">Good Vibes Kaffee<\/h2><span class=\"product-pa_geschmack\">Nois\u00e9, Sucr\u00e9<\/span>\n\t<span class=\"price\">\u00c0 partir de <span class=\"woocommerce-Price-amount amount\"><bdi><span class=\"woocommerce-Price-currencySymbol\">&#67;&#72;&#70;<\/span>&nbsp;12.75<\/bdi><\/span> <span class=\"price-per-kg\">(CHF 25.50\/kg)<\/span><\/span>\n<\/a><div class=\"custom-group\"><span class=\"price\">Ab <span class=\"woocommerce-Price-amount amount\"><bdi><span class=\"woocommerce-Price-currencySymbol\">&#67;&#72;&#70;<\/span>&nbsp;12.75<\/bdi><\/span><\/span><div class=\"woocommerce-loop-product__buttons\"><a href=\"https:\/\/www.bertschi-cafe.ch\/fr\/produit\/good-vibes-kaffee\/\" aria-describedby=\"woocommerce_loop_add_to_cart_link_describedby_32926\" data-quantity=\"1\" class=\"button product_type_variable add_to_cart_button\" data-product_id=\"32926\" data-product_sku=\"\" aria-label=\"S\u00e9lectionner les options pour &ldquo;Good Vibes Kaffee&rdquo;\" rel=\"nofollow\">Choix des options<\/a><\/div>\t<span id=\"woocommerce_loop_add_to_cart_link_describedby_32926\" class=\"screen-reader-text\">\n\t\tCe produit a plusieurs variations. Les options peuvent \u00eatre choisies sur la page du produit\t<\/span>\n<\/div><span class=\"gtm4wp_productdata\" style=\"display:none; visibility:hidden;\" data-gtm4wp_product_data=\"{&quot;internal_id&quot;:32926,&quot;item_id&quot;:32926,&quot;item_name&quot;:&quot;Good Vibes Kaffee&quot;,&quot;sku&quot;:32926,&quot;price&quot;:12.75,&quot;stocklevel&quot;:null,&quot;stockstatus&quot;:&quot;instock&quot;,&quot;google_business_vertical&quot;:&quot;retail&quot;,&quot;item_category&quot;:&quot;Spezialit\\u00e4ten&quot;,&quot;id&quot;:32926,&quot;productlink&quot;:&quot;https:\\\/\\\/www.bertschi-cafe.ch\\\/fr\\\/produit\\\/good-vibes-kaffee\\\/&quot;,&quot;item_list_name&quot;:&quot;Liste g\\u00e9n\\u00e9rale des produits&quot;,&quot;index&quot;:4,&quot;product_type&quot;:&quot;variable&quot;,&quot;item_brand&quot;:&quot;&quot;}\"><\/span>\t\t\t<input type=\"hidden\" class=\"pmwProductId\" data-id=\"32926\">\n\t\t\t\t\t<script>\n\t\t\t(window.pmwDataLayer = window.pmwDataLayer || {}).products                = window.pmwDataLayer.products || {};\n\t\t\twindow.pmwDataLayer.products[32926] = {\"id\":\"32926\",\"sku\":\"\",\"price\":13.0800000000000000710542735760100185871124267578125,\"brand\":\"\",\"quantity\":1,\"dyn_r_ids\":{\"post_id\":\"32926\",\"sku\":32926,\"gpf\":\"woocommerce_gpf_32926\",\"gla\":\"gla_32926\"},\"is_variable\":true,\"type\":\"variable\",\"name\":\"Good Vibes Kaffee\",\"category\":[\"Bohnen\",\"gemahlen\",\"Spezialit\u00e4ten\"],\"is_variation\":false};\n\t\t\t\t\twindow.pmw_product_position = window.pmw_product_position || 1;\n\t\twindow.pmwDataLayer.products[32926]['position'] = window.pmw_product_position++;\n\t\t\t\t<\/script>\n\t\t<\/li>\n<\/ul>\n<\/div>\t\t\t\t<\/div>\n\t\t\t\t<\/div>\n\t\t\t\t<div class=\"elementor-element elementor-element-716034d elementor-widget elementor-widget-html\" data-id=\"716034d\" data-element_type=\"widget\" data-e-type=\"widget\" data-widget_type=\"html.default\">\n\t\t\t\t<div class=\"elementor-widget-container\">\n\t\t\t\t\t<script>jQuery(document).ready(function($) {\n    $(document).on('click', '[data-tp-sc-link]', function(e) {\n        e.preventDefault();\n        const isExternal = $(this).attr('data-tp-sc-link-external') === 'yes';\n        const url = $(this).attr('data-tp-sc-link');\n\n        if (isExternal) {\n            window.open(url, '_blank');\n        } else {\n            window.location.href = url;\n        }\n    });\n});\n<\/script>\t\t\t\t<\/div>\n\t\t\t\t<\/div>\n\t\t\t\t\t<\/div>\n\t\t\t\t<\/div>\n\t\t\t\t<\/div>\n\t\t","protected":false},"excerpt":{"rendered":"<p>Nos agriculteurs Un caf\u00e9 durable et \u00e9quitable. D\u00e9couvrir nos agriculteurs D\u00e9couvrez le monde du caf\u00e9 durable et \u00e9quitable avec nos coop\u00e9ratives partenaires. Des paysages vallonn\u00e9s aux sols fertiles, chaque gorg\u00e9e raconte une histoire d&rsquo;engagement et de d\u00e9vouement. Nos coop\u00e9ratives sont synonymes de qualit\u00e9, d&rsquo;\u00e9quit\u00e9 et de protection de l&rsquo;environnement, tout en renfor\u00e7ant les communaut\u00e9s et [&hellip;]<\/p>\n","protected":false},"author":2,"featured_media":0,"parent":0,"menu_order":0,"comment_status":"closed","ping_status":"closed","template":"elementor_header_footer","meta":{"_acf_changed":false,"_coblocks_attr":"","_coblocks_dimensions":"","_coblocks_responsive_height":"","_coblocks_accordion_ie_support":"","inline_featured_image":false,"_monsterinsights_skip_tracking":false,"_monsterinsights_sitenote_active":false,"_monsterinsights_sitenote_note":"","_monsterinsights_sitenote_category":0,"footnotes":""},"class_list":["post-20814","page","type-page","status-publish","hentry"],"acf":[],"aioseo_notices":[],"_links":{"self":[{"href":"https:\/\/www.bertschi-cafe.ch\/fr\/wp-json\/wp\/v2\/pages\/20814","targetHints":{"allow":["GET"]}}],"collection":[{"href":"https:\/\/www.bertschi-cafe.ch\/fr\/wp-json\/wp\/v2\/pages"}],"about":[{"href":"https:\/\/www.bertschi-cafe.ch\/fr\/wp-json\/wp\/v2\/types\/page"}],"author":[{"embeddable":true,"href":"https:\/\/www.bertschi-cafe.ch\/fr\/wp-json\/wp\/v2\/users\/2"}],"replies":[{"embeddable":true,"href":"https:\/\/www.bertschi-cafe.ch\/fr\/wp-json\/wp\/v2\/comments?post=20814"}],"version-history":[{"count":0,"href":"https:\/\/www.bertschi-cafe.ch\/fr\/wp-json\/wp\/v2\/pages\/20814\/revisions"}],"wp:attachment":[{"href":"https:\/\/www.bertschi-cafe.ch\/fr\/wp-json\/wp\/v2\/media?parent=20814"}],"curies":[{"name":"wp","href":"https:\/\/api.w.org\/{rel}","templated":true}]}}