{"id":20795,"date":"2023-12-28T10:15:53","date_gmt":"2023-12-28T08:15:53","guid":{"rendered":"https:\/\/www.bertschi-cafe.ch\/webseite\/musee-du-cafe\/"},"modified":"2024-02-28T10:27:53","modified_gmt":"2024-02-28T10:27:53","slug":"musee-du-cafe","status":"publish","type":"page","link":"https:\/\/www.bertschi-cafe.ch\/fr\/musee-du-cafe\/","title":{"rendered":"Mus\u00e9e du caf\u00e9"},"content":{"rendered":"\t\t<div data-elementor-type=\"wp-page\" data-elementor-id=\"20795\" class=\"elementor elementor-20795 elementor-2523\" data-elementor-post-type=\"page\">\n\t\t\t\t<div class=\"elementor-element elementor-element-3593c520 e-flex e-con-boxed e-con e-parent\" data-id=\"3593c520\" data-element_type=\"container\" data-e-type=\"container\" data-settings=\"{&quot;jet_parallax_layout_list&quot;:[],&quot;background_background&quot;:&quot;classic&quot;}\">\n\t\t\t\t\t<div class=\"e-con-inner\">\n\t\t<div class=\"elementor-element elementor-element-7b4bef5b e-flex e-con-boxed e-con e-child\" data-id=\"7b4bef5b\" data-element_type=\"container\" data-e-type=\"container\" data-settings=\"{&quot;background_background&quot;:&quot;classic&quot;,&quot;jet_parallax_layout_list&quot;:[]}\">\n\t\t\t\t\t<div class=\"e-con-inner\">\n\t\t\t\t<div class=\"elementor-element elementor-element-4eb297b8 elementor-widget elementor-widget-heading\" data-id=\"4eb297b8\" data-element_type=\"widget\" data-e-type=\"widget\" data-widget_type=\"heading.default\">\n\t\t\t\t<div class=\"elementor-widget-container\">\n\t\t\t\t\t<p class=\"elementor-heading-title elementor-size-default\">Mus\u00e9e du caf\u00e9<\/p>\t\t\t\t<\/div>\n\t\t\t\t<\/div>\n\t\t\t\t<div class=\"elementor-element elementor-element-324c87bd elementor-widget elementor-widget-heading\" data-id=\"324c87bd\" data-element_type=\"widget\" data-e-type=\"widget\" data-widget_type=\"heading.default\">\n\t\t\t\t<div class=\"elementor-widget-container\">\n\t\t\t\t\t<h1 class=\"elementor-heading-title elementor-size-default\">Nos anc\u00eatres buvaient aussi du caf\u00e9.<\/h1>\t\t\t\t<\/div>\n\t\t\t\t<\/div>\n\t\t\t\t<div class=\"elementor-element elementor-element-b3be35e elementor-widget elementor-widget-spacer\" data-id=\"b3be35e\" data-element_type=\"widget\" data-e-type=\"widget\" data-widget_type=\"spacer.default\">\n\t\t\t\t<div class=\"elementor-widget-container\">\n\t\t\t\t\t\t\t<div class=\"elementor-spacer\">\n\t\t\t<div class=\"elementor-spacer-inner\"><\/div>\n\t\t<\/div>\n\t\t\t\t\t\t<\/div>\n\t\t\t\t<\/div>\n\t\t\t\t<div class=\"elementor-element elementor-element-2b4a1938 elementor-align-center elementor-widget elementor-widget-button\" data-id=\"2b4a1938\" data-element_type=\"widget\" data-e-type=\"widget\" data-widget_type=\"button.default\">\n\t\t\t\t<div class=\"elementor-widget-container\">\n\t\t\t\t\t\t\t\t\t<div class=\"elementor-button-wrapper\">\n\t\t\t\t\t<a class=\"elementor-button elementor-button-link elementor-size-sm\" href=\"#angebot\" id=\"angebot\">\n\t\t\t\t\t\t<span class=\"elementor-button-content-wrapper\">\n\t\t\t\t\t\t<span class=\"elementor-button-icon\">\n\t\t\t\t<svg xmlns=\"http:\/\/www.w3.org\/2000\/svg\" xmlns:xlink=\"http:\/\/www.w3.org\/1999\/xlink\" xmlns:serif=\"http:\/\/www.serif.com\/\" width=\"100%\" height=\"100%\" viewBox=\"0 0 29 39\" xml:space=\"preserve\" style=\"fill-rule:evenodd;clip-rule:evenodd;stroke-linejoin:round;stroke-miterlimit:2;\"><path d=\"M15.781,38.437l12.188,-12.187c0.625,-0.625 0.625,-1.875 -0,-2.5c-0.625,-0.625 -1.875,-0.625 -2.5,0l-9.375,9.063l-0,-30.938c-0,-0.938 -0.938,-1.875 -1.875,-1.875c-0.938,0 -1.875,0.937 -1.875,1.875l-0,30.938l-9.375,-9.063c-0.625,-0.625 -1.875,-0.625 -2.5,0c-0.625,0.625 -0.625,1.875 -0,2.5l12.187,12.187c1.25,0.625 2.5,0.625 3.125,0Z\" style=\"fill:#fff;fill-rule:nonzero;\"><\/path><\/svg>\t\t\t<\/span>\n\t\t\t\t\t\t\t\t\t<span class=\"elementor-button-text\">D\u00e9couvrir l'offre<\/span>\n\t\t\t\t\t<\/span>\n\t\t\t\t\t<\/a>\n\t\t\t\t<\/div>\n\t\t\t\t\t\t\t\t<\/div>\n\t\t\t\t<\/div>\n\t\t\t\t\t<\/div>\n\t\t\t\t<\/div>\n\t\t\t\t\t<\/div>\n\t\t\t\t<\/div>\n\t\t<div class=\"elementor-element elementor-element-c02e002 e-flex e-con-boxed e-con e-parent\" data-id=\"c02e002\" data-element_type=\"container\" data-e-type=\"container\" id=\"angebot\" data-settings=\"{&quot;jet_parallax_layout_list&quot;:[]}\">\n\t\t\t\t\t<div class=\"e-con-inner\">\n\t\t<div class=\"elementor-element elementor-element-f768124 e-flex e-con-boxed e-con e-child\" data-id=\"f768124\" data-element_type=\"container\" data-e-type=\"container\" data-settings=\"{&quot;jet_parallax_layout_list&quot;:[]}\">\n\t\t\t\t\t<div class=\"e-con-inner\">\n\t\t\t\t<div class=\"elementor-element elementor-element-6c7fccb elementor-widget elementor-widget-text-editor\" data-id=\"6c7fccb\" data-element_type=\"widget\" data-e-type=\"widget\" data-widget_type=\"text-editor.default\">\n\t\t\t\t<div class=\"elementor-widget-container\">\n\t\t\t\t\t\t\t\t\t<p style=\"text-align: center;\">C&rsquo;est par pure passion et par amour du caf\u00e9 que Hans-J\u00fcrg Reber a commenc\u00e9 \u00e0 collectionner des appareils historiques, des ustensiles anciens et d&rsquo;autres traces de l&rsquo;histoire du caf\u00e9. Entre-temps, l&rsquo;envie de collectionner du d\u00e9but s&rsquo;est transform\u00e9e en un petit mus\u00e9e avec une collection imposante de plus de 1600 pi\u00e8ces.<\/p>\n\t\t\t\t\t\t\t\t<\/div>\n\t\t\t\t<\/div>\n\t\t\t\t\t<\/div>\n\t\t\t\t<\/div>\n\t\t\t\t\t<\/div>\n\t\t\t\t<\/div>\n\t\t<div class=\"elementor-element elementor-element-eee038a e-flex e-con-boxed e-con e-parent\" data-id=\"eee038a\" data-element_type=\"container\" data-e-type=\"container\" data-settings=\"{&quot;jet_parallax_layout_list&quot;:[]}\">\n\t\t\t\t\t<div class=\"e-con-inner\">\n\t\t\t\t<div class=\"elementor-element elementor-element-4ff3f95 elementor-widget elementor-widget-text-editor\" data-id=\"4ff3f95\" data-element_type=\"widget\" data-e-type=\"widget\" data-widget_type=\"text-editor.default\">\n\t\t\t\t<div class=\"elementor-widget-container\">\n\t\t\t\t\t\t\t\t\t<p>Nous vous invitons \u00e0 vivre et \u00e0 d\u00e9couvrir l&rsquo;origine et l&rsquo;histoire du caf\u00e9 dans notre mus\u00e9e du caf\u00e9 et \u00e0 profiter de l&rsquo;atmosph\u00e8re paisible autour d&rsquo;une d\u00e9licieuse tasse de caf\u00e9 (merci de r\u00e9server \u00e0 l&rsquo;avance).<\/p>\n<p>Notre mus\u00e9e se trouve juste \u00e0 c\u00f4t\u00e9 de notre torr\u00e9faction. Pour les \u00e9coles, les associations et les entreprises, la visite du mus\u00e9e du caf\u00e9 se combine bien avec une visite de l&rsquo;atelier de torr\u00e9faction. Regardez par-dessus l&rsquo;\u00e9paule du ma\u00eetre torr\u00e9facteur et apprenez ainsi pourquoi les certifications bio et commerce \u00e9quitable sont si importantes pour un bon caf\u00e9.<\/p>\n\t\t\t\t\t\t\t\t<\/div>\n\t\t\t\t<\/div>\n\t\t\t\t\t<\/div>\n\t\t\t\t<\/div>\n\t\t<div class=\"elementor-element elementor-element-57c7804 e-flex e-con-boxed e-con e-parent\" data-id=\"57c7804\" data-element_type=\"container\" data-e-type=\"container\" data-settings=\"{&quot;jet_parallax_layout_list&quot;:[]}\">\n\t\t\t\t\t<div class=\"e-con-inner\">\n\t\t\t\t<div class=\"elementor-element elementor-element-096def7 elementor-widget elementor-widget-heading\" data-id=\"096def7\" data-element_type=\"widget\" data-e-type=\"widget\" data-widget_type=\"heading.default\">\n\t\t\t\t<div class=\"elementor-widget-container\">\n\t\t\t\t\t<h2 class=\"elementor-heading-title elementor-size-default\">Informations<\/h2>\t\t\t\t<\/div>\n\t\t\t\t<\/div>\n\t\t\t\t<div class=\"elementor-element elementor-element-7d2d926 elementor-widget elementor-widget-spacer\" data-id=\"7d2d926\" data-element_type=\"widget\" data-e-type=\"widget\" data-widget_type=\"spacer.default\">\n\t\t\t\t<div class=\"elementor-widget-container\">\n\t\t\t\t\t\t\t<div class=\"elementor-spacer\">\n\t\t\t<div class=\"elementor-spacer-inner\"><\/div>\n\t\t<\/div>\n\t\t\t\t\t\t<\/div>\n\t\t\t\t<\/div>\n\t\t\t\t<div class=\"elementor-element elementor-element-35ef7ac elementor-widget-divider--view-line elementor-widget elementor-widget-divider\" data-id=\"35ef7ac\" data-element_type=\"widget\" data-e-type=\"widget\" data-widget_type=\"divider.default\">\n\t\t\t\t<div class=\"elementor-widget-container\">\n\t\t\t\t\t\t\t<div class=\"elementor-divider\">\n\t\t\t<span class=\"elementor-divider-separator\">\n\t\t\t\t\t\t<\/span>\n\t\t<\/div>\n\t\t\t\t\t\t<\/div>\n\t\t\t\t<\/div>\n\t\t<div class=\"elementor-element elementor-element-0557246 e-con-full e-flex e-con e-child\" data-id=\"0557246\" data-element_type=\"container\" data-e-type=\"container\" data-settings=\"{&quot;jet_parallax_layout_list&quot;:[]}\">\n\t\t<div class=\"elementor-element elementor-element-92d5e43 e-con-full e-flex e-con e-child\" data-id=\"92d5e43\" data-element_type=\"container\" data-e-type=\"container\" data-settings=\"{&quot;jet_parallax_layout_list&quot;:[]}\">\n\t\t\t\t<div class=\"elementor-element elementor-element-13e9c5d elementor-widget elementor-widget-heading\" data-id=\"13e9c5d\" data-element_type=\"widget\" data-e-type=\"widget\" data-widget_type=\"heading.default\">\n\t\t\t\t<div class=\"elementor-widget-container\">\n\t\t\t\t\t<p class=\"elementor-heading-title elementor-size-default\">Adresse<\/p>\t\t\t\t<\/div>\n\t\t\t\t<\/div>\n\t\t\t\t<\/div>\n\t\t<div class=\"elementor-element elementor-element-8808302 e-con-full e-flex e-con e-child\" data-id=\"8808302\" data-element_type=\"container\" data-e-type=\"container\" data-settings=\"{&quot;jet_parallax_layout_list&quot;:[]}\">\n\t\t\t\t<div class=\"elementor-element elementor-element-7c3a197 elementor-widget elementor-widget-text-editor\" data-id=\"7c3a197\" data-element_type=\"widget\" data-e-type=\"widget\" data-widget_type=\"text-editor.default\">\n\t\t\t\t<div class=\"elementor-widget-container\">\n\t\t\t\t\t\t\t\t\t<p>Bertschi-Caf\u00e9<br \/>R\u00fchrbergstrasse 13<br \/>4127 Birsfelden<\/p>\n<p>T\u00e9l\u00e9phone 061 313 22 00<br \/>Courrier \u00e9lectronique info@bertschi-cafe.ch<\/p>\n\t\t\t\t\t\t\t\t<\/div>\n\t\t\t\t<\/div>\n\t\t\t\t<\/div>\n\t\t\t\t<\/div>\n\t\t\t\t<div class=\"elementor-element elementor-element-28ab2b2 elementor-widget-divider--view-line elementor-widget elementor-widget-divider\" data-id=\"28ab2b2\" data-element_type=\"widget\" data-e-type=\"widget\" data-widget_type=\"divider.default\">\n\t\t\t\t<div class=\"elementor-widget-container\">\n\t\t\t\t\t\t\t<div class=\"elementor-divider\">\n\t\t\t<span class=\"elementor-divider-separator\">\n\t\t\t\t\t\t<\/span>\n\t\t<\/div>\n\t\t\t\t\t\t<\/div>\n\t\t\t\t<\/div>\n\t\t<div class=\"elementor-element elementor-element-ce1d0ee e-con-full e-flex e-con e-child\" data-id=\"ce1d0ee\" data-element_type=\"container\" data-e-type=\"container\" data-settings=\"{&quot;jet_parallax_layout_list&quot;:[]}\">\n\t\t<div class=\"elementor-element elementor-element-b4d4c2a e-con-full e-flex e-con e-child\" data-id=\"b4d4c2a\" data-element_type=\"container\" data-e-type=\"container\" data-settings=\"{&quot;jet_parallax_layout_list&quot;:[]}\">\n\t\t\t\t<div class=\"elementor-element elementor-element-8588c9f elementor-widget elementor-widget-heading\" data-id=\"8588c9f\" data-element_type=\"widget\" data-e-type=\"widget\" data-widget_type=\"heading.default\">\n\t\t\t\t<div class=\"elementor-widget-container\">\n\t\t\t\t\t<p class=\"elementor-heading-title elementor-size-default\">Heures d'ouverture<\/p>\t\t\t\t<\/div>\n\t\t\t\t<\/div>\n\t\t\t\t<\/div>\n\t\t<div class=\"elementor-element elementor-element-aa727f3 e-con-full e-flex e-con e-child\" data-id=\"aa727f3\" data-element_type=\"container\" data-e-type=\"container\" data-settings=\"{&quot;jet_parallax_layout_list&quot;:[]}\">\n\t\t\t\t<div class=\"elementor-element elementor-element-93599b3 elementor-widget elementor-widget-text-editor\" data-id=\"93599b3\" data-element_type=\"widget\" data-e-type=\"widget\" data-widget_type=\"text-editor.default\">\n\t\t\t\t<div class=\"elementor-widget-container\">\n\t\t\t\t\t\t\t\t\t<p>Pendant les heures de bureau (merci de prendre rendez-vous) de 8h00 \u00e0 16h00 ou sur demande. Inscription aupr\u00e8s du torr\u00e9facteur. \u00c9coles et groupes uniquement sur r\u00e9servation.<\/p>\n\t\t\t\t\t\t\t\t<\/div>\n\t\t\t\t<\/div>\n\t\t\t\t<\/div>\n\t\t\t\t<\/div>\n\t\t\t\t<div class=\"elementor-element elementor-element-95028d2 elementor-widget-divider--view-line elementor-widget elementor-widget-divider\" data-id=\"95028d2\" data-element_type=\"widget\" data-e-type=\"widget\" data-widget_type=\"divider.default\">\n\t\t\t\t<div class=\"elementor-widget-container\">\n\t\t\t\t\t\t\t<div class=\"elementor-divider\">\n\t\t\t<span class=\"elementor-divider-separator\">\n\t\t\t\t\t\t<\/span>\n\t\t<\/div>\n\t\t\t\t\t\t<\/div>\n\t\t\t\t<\/div>\n\t\t<div class=\"elementor-element elementor-element-090f6cd e-con-full e-flex e-con e-child\" data-id=\"090f6cd\" data-element_type=\"container\" data-e-type=\"container\" data-settings=\"{&quot;jet_parallax_layout_list&quot;:[]}\">\n\t\t<div class=\"elementor-element elementor-element-4af9624 e-con-full e-flex e-con e-child\" data-id=\"4af9624\" data-element_type=\"container\" data-e-type=\"container\" data-settings=\"{&quot;jet_parallax_layout_list&quot;:[]}\">\n\t\t\t\t<div class=\"elementor-element elementor-element-2ec1c8d elementor-widget elementor-widget-heading\" data-id=\"2ec1c8d\" data-element_type=\"widget\" data-e-type=\"widget\" data-widget_type=\"heading.default\">\n\t\t\t\t<div class=\"elementor-widget-container\">\n\t\t\t\t\t<p class=\"elementor-heading-title elementor-size-default\">T\u00e9l\u00e9chargement<\/p>\t\t\t\t<\/div>\n\t\t\t\t<\/div>\n\t\t\t\t<\/div>\n\t\t<div class=\"elementor-element elementor-element-e11d870 e-con-full e-flex e-con e-child\" data-id=\"e11d870\" data-element_type=\"container\" data-e-type=\"container\" data-settings=\"{&quot;jet_parallax_layout_list&quot;:[]}\">\n\t\t\t\t<div class=\"elementor-element elementor-element-c371e77 elementor-align-left elementor-widget elementor-widget-jet-download-button\" data-id=\"c371e77\" data-element_type=\"widget\" data-e-type=\"widget\" data-widget_type=\"jet-download-button.default\">\n\t\t\t\t<div class=\"elementor-widget-container\">\n\t\t\t\t\t<div class=\"elementor-jet-download-button jet-elements\"><a class=\"elementor-button elementor-size-md jet-download jet-download-icon-position-left\" data-e-disable-page-transition=\"true\" href=\"https:\/\/www.bertschi-cafe.ch\/fr\/?jet_download=d9047eaae96bb643f08d3e4693b215ec02bbcf34\" ><span class=\"jet-download__text\"><span class=\"jet-download__label\">D\u00e9pliant Mus\u00e9e du caf\u00e9<\/span><span class=\"jet-download__file-name\"><\/span><small class=\"jet-download__sub-label\"><\/small><\/span><\/a>\n<\/div>\t\t\t\t<\/div>\n\t\t\t\t<\/div>\n\t\t\t\t<\/div>\n\t\t\t\t<\/div>\n\t\t\t\t<div class=\"elementor-element elementor-element-ab840d2 elementor-widget-divider--view-line elementor-widget elementor-widget-divider\" data-id=\"ab840d2\" data-element_type=\"widget\" data-e-type=\"widget\" data-widget_type=\"divider.default\">\n\t\t\t\t<div class=\"elementor-widget-container\">\n\t\t\t\t\t\t\t<div class=\"elementor-divider\">\n\t\t\t<span class=\"elementor-divider-separator\">\n\t\t\t\t\t\t<\/span>\n\t\t<\/div>\n\t\t\t\t\t\t<\/div>\n\t\t\t\t<\/div>\n\t\t<div class=\"elementor-element elementor-element-ca7ccdc e-con-full e-flex e-con e-child\" data-id=\"ca7ccdc\" data-element_type=\"container\" data-e-type=\"container\" data-settings=\"{&quot;jet_parallax_layout_list&quot;:[]}\">\n\t\t<div class=\"elementor-element elementor-element-5d64b33 e-con-full e-flex e-con e-child\" data-id=\"5d64b33\" data-element_type=\"container\" data-e-type=\"container\" data-settings=\"{&quot;jet_parallax_layout_list&quot;:[]}\">\n\t\t\t\t<div class=\"elementor-element elementor-element-c363692 elementor-widget elementor-widget-heading\" data-id=\"c363692\" data-element_type=\"widget\" data-e-type=\"widget\" data-widget_type=\"heading.default\">\n\t\t\t\t<div class=\"elementor-widget-container\">\n\t\t\t\t\t<p class=\"elementor-heading-title elementor-size-default\">Co\u00fbts<\/p>\t\t\t\t<\/div>\n\t\t\t\t<\/div>\n\t\t\t\t<\/div>\n\t\t<div class=\"elementor-element elementor-element-86472d7 e-con-full e-flex e-con e-child\" data-id=\"86472d7\" data-element_type=\"container\" data-e-type=\"container\" data-settings=\"{&quot;jet_parallax_layout_list&quot;:[]}\">\n\t\t\t\t<div class=\"elementor-element elementor-element-9e0aed1 elementor-widget elementor-widget-text-editor\" data-id=\"9e0aed1\" data-element_type=\"widget\" data-e-type=\"widget\" data-widget_type=\"text-editor.default\">\n\t\t\t\t<div class=\"elementor-widget-container\">\n\t\t\t\t\t\t\t\t\t<p>Sur demande<\/p>\n\t\t\t\t\t\t\t\t<\/div>\n\t\t\t\t<\/div>\n\t\t\t\t<\/div>\n\t\t\t\t<\/div>\n\t\t\t\t<div class=\"elementor-element elementor-element-f6fc4f5 elementor-widget-divider--view-line elementor-widget elementor-widget-divider\" data-id=\"f6fc4f5\" data-element_type=\"widget\" data-e-type=\"widget\" data-widget_type=\"divider.default\">\n\t\t\t\t<div class=\"elementor-widget-container\">\n\t\t\t\t\t\t\t<div class=\"elementor-divider\">\n\t\t\t<span class=\"elementor-divider-separator\">\n\t\t\t\t\t\t<\/span>\n\t\t<\/div>\n\t\t\t\t\t\t<\/div>\n\t\t\t\t<\/div>\n\t\t\t\t\t<\/div>\n\t\t\t\t<\/div>\n\t\t<div class=\"elementor-element elementor-element-0bf31ff e-flex e-con-boxed e-con e-parent\" data-id=\"0bf31ff\" data-element_type=\"container\" data-e-type=\"container\" data-settings=\"{&quot;jet_parallax_layout_list&quot;:[]}\">\n\t\t\t\t\t<div class=\"e-con-inner\">\n\t\t\t\t<div class=\"elementor-element elementor-element-3c092f6 elementor-widget elementor-widget-heading\" data-id=\"3c092f6\" data-element_type=\"widget\" data-e-type=\"widget\" data-widget_type=\"heading.default\">\n\t\t\t\t<div class=\"elementor-widget-container\">\n\t\t\t\t\t<h2 class=\"elementor-heading-title elementor-size-default\">Formulaire de demande<\/h2>\t\t\t\t<\/div>\n\t\t\t\t<\/div>\n\t\t\t\t<div class=\"elementor-element elementor-element-2513 elementor-button-align-center elementor-widget elementor-widget-global elementor-global-20294 elementor-global-2513 elementor-widget-form\" data-id=\"2513\" data-element_type=\"widget\" data-e-type=\"widget\" data-settings=\"{&quot;step_next_label&quot;:&quot;Prochain&quot;,&quot;step_previous_label&quot;:&quot;Pr\\u00e9c\\u00e9dent&quot;,&quot;button_width&quot;:&quot;100&quot;,&quot;step_type&quot;:&quot;number_text&quot;,&quot;step_icon_shape&quot;:&quot;circle&quot;}\" data-widget_type=\"form.default\">\n\t\t\t\t<div class=\"elementor-widget-container\">\n\t\t\t\t\t\t\t<form class=\"elementor-form\" method=\"post\" id=\"anfrageformular\" name=\"Formulaire de demande\" aria-label=\"Formulaire de demande\">\n\t\t\t<input type=\"hidden\" name=\"post_id\" value=\"20795\"\/>\n\t\t\t<input type=\"hidden\" name=\"form_id\" value=\"2513\"\/>\n\t\t\t<input type=\"hidden\" name=\"referer_title\" value=\"\" \/>\n\n\t\t\t\n\t\t\t<div class=\"elementor-form-fields-wrapper elementor-labels-\">\n\t\t\t\t\t\t\t\t<div class=\"elementor-field-type-radio elementor-field-group elementor-column elementor-field-group-geschlecht elementor-col-100\">\n\t\t\t\t\t\t\t\t\t\t\t\t<label for=\"form-field-geschlecht\" class=\"elementor-field-label elementor-screen-only\">\n\t\t\t\t\t\t\t\tSexe\t\t\t\t\t\t\t<\/label>\n\t\t\t\t\t\t<div class=\"elementor-field-subgroup  elementor-subgroup-inline\"><span class=\"elementor-field-option\"><input type=\"radio\" value=\"Mme\" id=\"form-field-geschlecht-0\" name=\"form_fields[geschlecht]\"> <label for=\"form-field-geschlecht-0\">Mme<\/label><\/span><span class=\"elementor-field-option\"><input type=\"radio\" value=\"Monsieur\" id=\"form-field-geschlecht-1\" name=\"form_fields[geschlecht]\"> <label for=\"form-field-geschlecht-1\">Monsieur<\/label><\/span><\/div>\t\t\t\t<\/div>\n\t\t\t\t\t\t\t\t<div class=\"elementor-field-type-text elementor-field-group elementor-column elementor-field-group-name elementor-col-50 elementor-field-required\">\n\t\t\t\t\t\t\t\t\t\t\t\t<label for=\"form-field-name\" class=\"elementor-field-label elementor-screen-only\">\n\t\t\t\t\t\t\t\tNom*\t\t\t\t\t\t\t<\/label>\n\t\t\t\t\t\t\t\t\t\t\t\t\t\t<input size=\"1\" type=\"text\" name=\"form_fields[name]\" id=\"form-field-name\" class=\"elementor-field elementor-size-sm  elementor-field-textual\" placeholder=\"Nom*\" required=\"required\">\n\t\t\t\t\t\t\t\t\t\t\t<\/div>\n\t\t\t\t\t\t\t\t<div class=\"elementor-field-type-email elementor-field-group elementor-column elementor-field-group-email elementor-col-50 elementor-field-required\">\n\t\t\t\t\t\t\t\t\t\t\t\t<label for=\"form-field-email\" class=\"elementor-field-label elementor-screen-only\">\n\t\t\t\t\t\t\t\tE-mail*\t\t\t\t\t\t\t<\/label>\n\t\t\t\t\t\t\t\t\t\t\t\t\t\t<input size=\"1\" type=\"email\" name=\"form_fields[email]\" id=\"form-field-email\" class=\"elementor-field elementor-size-sm  elementor-field-textual\" placeholder=\"E-mail*\" required=\"required\">\n\t\t\t\t\t\t\t\t\t\t\t<\/div>\n\t\t\t\t\t\t\t\t<div class=\"elementor-field-type-tel elementor-field-group elementor-column elementor-field-group-telefon elementor-col-50\">\n\t\t\t\t\t\t\t\t\t\t\t\t<label for=\"form-field-telefon\" class=\"elementor-field-label elementor-screen-only\">\n\t\t\t\t\t\t\t\tT\u00e9l\u00e9phone\t\t\t\t\t\t\t<\/label>\n\t\t\t\t\t\t\t\t<input size=\"1\" type=\"tel\" name=\"form_fields[telefon]\" id=\"form-field-telefon\" class=\"elementor-field elementor-size-sm  elementor-field-textual\" placeholder=\"T\u00e9l\u00e9phone\" pattern=\"[0-9()#&amp;+*-=.]+\" title=\"Seuls les caract\u00e8res de num\u00e9ros de t\u00e9l\u00e9phone (#, -, *, etc.) sont accept\u00e9s.\">\n\n\t\t\t\t\t\t<\/div>\n\t\t\t\t\t\t\t\t<div class=\"elementor-field-type-text elementor-field-group elementor-column elementor-field-group-firma elementor-col-50\">\n\t\t\t\t\t\t\t\t\t\t\t\t<label for=\"form-field-firma\" class=\"elementor-field-label elementor-screen-only\">\n\t\t\t\t\t\t\t\tSoci\u00e9t\u00e9\t\t\t\t\t\t\t<\/label>\n\t\t\t\t\t\t\t\t\t\t\t\t\t\t<input size=\"1\" type=\"text\" name=\"form_fields[firma]\" id=\"form-field-firma\" class=\"elementor-field elementor-size-sm  elementor-field-textual\" placeholder=\"Soci\u00e9t\u00e9\">\n\t\t\t\t\t\t\t\t\t\t\t<\/div>\n\t\t\t\t\t\t\t\t<div class=\"elementor-field-type-text elementor-field-group elementor-column elementor-field-group-anlass elementor-col-50 elementor-field-required\">\n\t\t\t\t\t\t\t\t\t\t\t\t<label for=\"form-field-anlass\" class=\"elementor-field-label elementor-screen-only\">\n\t\t\t\t\t\t\t\tOccasion*\t\t\t\t\t\t\t<\/label>\n\t\t\t\t\t\t\t\t\t\t\t\t\t\t<input size=\"1\" type=\"text\" name=\"form_fields[anlass]\" id=\"form-field-anlass\" class=\"elementor-field elementor-size-sm  elementor-field-textual\" placeholder=\"Occasion*\" required=\"required\">\n\t\t\t\t\t\t\t\t\t\t\t<\/div>\n\t\t\t\t\t\t\t\t<div class=\"elementor-field-type-number elementor-field-group elementor-column elementor-field-group-field_d854e4d elementor-col-50 elementor-field-required\">\n\t\t\t\t\t\t\t\t\t\t\t\t<label for=\"form-field-field_d854e4d\" class=\"elementor-field-label elementor-screen-only\">\n\t\t\t\t\t\t\t\tNombre de personnes*.\t\t\t\t\t\t\t<\/label>\n\t\t\t\t\t\t\t\t\t<input type=\"number\" name=\"form_fields[field_d854e4d]\" id=\"form-field-field_d854e4d\" class=\"elementor-field elementor-size-sm  elementor-field-textual\" placeholder=\"Nombre de personnes*.\" required=\"required\" min=\"\" max=\"\" >\n\t\t\t\t\t\t<\/div>\n\t\t\t\t\t\t\t\t<div class=\"elementor-field-type-date elementor-field-group elementor-column elementor-field-group-datum elementor-col-50 elementor-field-required\">\n\t\t\t\t\t\t\t\t\t\t\t\t<label for=\"form-field-datum\" class=\"elementor-field-label elementor-screen-only\">\n\t\t\t\t\t\t\t\tdate*\t\t\t\t\t\t\t<\/label>\n\t\t\t\t\t\t\n\t\t<input type=\"date\" name=\"form_fields[datum]\" id=\"form-field-datum\" class=\"elementor-field elementor-size-sm  elementor-field-textual elementor-date-field\" placeholder=\"date*\" required=\"required\" pattern=\"[0-9]{4}-[0-9]{2}-[0-9]{2}\">\n\t\t\t\t\t\t<\/div>\n\t\t\t\t\t\t\t\t<div class=\"elementor-field-type-time elementor-field-group elementor-column elementor-field-group-uhrzeit elementor-col-50 elementor-field-required\">\n\t\t\t\t\t\t\t\t\t\t\t\t<label for=\"form-field-uhrzeit\" class=\"elementor-field-label elementor-screen-only\">\n\t\t\t\t\t\t\t\tHeure*\t\t\t\t\t\t\t<\/label>\n\t\t\t\t\t\t\t\t<input type=\"time\" name=\"form_fields[uhrzeit]\" id=\"form-field-uhrzeit\" class=\"elementor-field elementor-size-sm  elementor-field-textual elementor-time-field\" placeholder=\"Heure*\" required=\"required\">\n\t\t\t\t\t\t<\/div>\n\t\t\t\t\t\t\t\t<div class=\"elementor-field-type-textarea elementor-field-group elementor-column elementor-field-group-bermerkung elementor-col-100\">\n\t\t\t\t\t\t\t\t\t\t\t\t<label for=\"form-field-bermerkung\" class=\"elementor-field-label elementor-screen-only\">\n\t\t\t\t\t\t\t\tRemarque\t\t\t\t\t\t\t<\/label>\n\t\t\t\t\t\t<textarea class=\"elementor-field-textual elementor-field  elementor-size-sm\" name=\"form_fields[bermerkung]\" id=\"form-field-bermerkung\" rows=\"4\" placeholder=\"Remarque\"><\/textarea>\t\t\t\t<\/div>\n\t\t\t\t\t\t\t\t<div class=\"elementor-field-group elementor-column elementor-field-type-submit elementor-col-100 e-form__buttons\">\n\t\t\t\t\t<button class=\"elementor-button elementor-size-sm\" type=\"submit\">\n\t\t\t\t\t\t<span class=\"elementor-button-content-wrapper\">\n\t\t\t\t\t\t\t\t\t\t\t\t\t\t\t\t\t\t\t\t\t\t<span class=\"elementor-button-text\">Envoyer la demande<\/span>\n\t\t\t\t\t\t\t\t\t\t\t\t\t<\/span>\n\t\t\t\t\t<\/button>\n\t\t\t\t<\/div>\n\t\t\t<\/div>\n\t\t<\/form>\n\t\t\t\t\t\t<\/div>\n\t\t\t\t<\/div>\n\t\t\t\t\t<\/div>\n\t\t\t\t<\/div>\n\t\t\t\t<\/div>\n\t\t","protected":false},"excerpt":{"rendered":"<p>Mus\u00e9e du caf\u00e9 Nos anc\u00eatres buvaient aussi du caf\u00e9. D\u00e9couvrir l&rsquo;offre C&rsquo;est par pure passion et par amour du caf\u00e9 que Hans-J\u00fcrg Reber a commenc\u00e9 \u00e0 collectionner des appareils historiques, des ustensiles anciens et d&rsquo;autres traces de l&rsquo;histoire du caf\u00e9. Entre-temps, l&rsquo;envie de collectionner du d\u00e9but s&rsquo;est transform\u00e9e en un petit mus\u00e9e avec une collection [&hellip;]<\/p>\n","protected":false},"author":2,"featured_media":0,"parent":0,"menu_order":0,"comment_status":"closed","ping_status":"closed","template":"","meta":{"_acf_changed":false,"_coblocks_attr":"","_coblocks_dimensions":"","_coblocks_responsive_height":"","_coblocks_accordion_ie_support":"","om_disable_all_campaigns":false,"inline_featured_image":false,"_monsterinsights_skip_tracking":false,"footnotes":""},"class_list":["post-20795","page","type-page","status-publish","hentry"],"acf":[],"aioseo_notices":[],"aioseo_head":"\n\t\t<!-- All in One SEO Pro 5.0.1.1 - aioseo.com -->\n\t<meta name=\"description\" content=\"Mus\u00e9e du caf\u00e9 Nos anc\u00eatres buvaient aussi du caf\u00e9. D\u00e9couvrir l&#039;offre C\u2019est par pure passion et par amour du caf\u00e9 que Hans-J\u00fcrg Reber a commenc\u00e9 \u00e0 collectionner des appareils historiques, des ustensiles anciens et d\u2019autres traces de l\u2019histoire du caf\u00e9. Entre-temps, l\u2019envie de collectionner du d\u00e9but s\u2019est transform\u00e9e en un petit mus\u00e9e avec une collection\" \/>\n\t<meta name=\"robots\" content=\"max-image-preview:large\" \/>\n\t<meta name=\"google-site-verification\" content=\"h1VBNyRnYwf7vlpSUpYFZHNKZWWJvCPABXVYULovAwk\" \/>\n\t<link rel=\"canonical\" href=\"https:\/\/www.bertschi-cafe.ch\/fr\/musee-du-cafe\/\" \/>\n\t<meta name=\"generator\" content=\"All in One SEO Pro (AIOSEO) 5.0.1.1\" \/>\n\t\t<meta property=\"og:locale\" content=\"fr_FR\" \/>\n\t\t<meta property=\"og:site_name\" content=\"Bertschi-Caf\u00e9 | Kaffee Online Shop | Kaffeer\u00f6sterei\" \/>\n\t\t<meta property=\"og:type\" content=\"article\" \/>\n\t\t<meta property=\"og:title\" content=\"Mus\u00e9e du caf\u00e9 | Bertschi-Caf\u00e9\" \/>\n\t\t<meta property=\"og:description\" content=\"Mus\u00e9e du caf\u00e9 Nos anc\u00eatres buvaient aussi du caf\u00e9. D\u00e9couvrir l&#039;offre C\u2019est par pure passion et par amour du caf\u00e9 que Hans-J\u00fcrg Reber a commenc\u00e9 \u00e0 collectionner des appareils historiques, des ustensiles anciens et d\u2019autres traces de l\u2019histoire du caf\u00e9. Entre-temps, l\u2019envie de collectionner du d\u00e9but s\u2019est transform\u00e9e en un petit mus\u00e9e avec une collection\" \/>\n\t\t<meta property=\"og:url\" content=\"https:\/\/www.bertschi-cafe.ch\/fr\/musee-du-cafe\/\" \/>\n\t\t<meta property=\"og:image\" content=\"https:\/\/www.bertschi-cafe.ch\/webseite\/wp-content\/uploads\/2023\/12\/bertschi-cafe-social-share.jpg\" \/>\n\t\t<meta property=\"og:image:secure_url\" content=\"https:\/\/www.bertschi-cafe.ch\/webseite\/wp-content\/uploads\/2023\/12\/bertschi-cafe-social-share.jpg\" \/>\n\t\t<meta property=\"og:image:width\" content=\"1200\" \/>\n\t\t<meta property=\"og:image:height\" content=\"630\" \/>\n\t\t<meta property=\"article:published_time\" content=\"2023-12-28T08:15:53+00:00\" \/>\n\t\t<meta property=\"article:modified_time\" content=\"2024-02-28T10:27:53+00:00\" \/>\n\t\t<meta property=\"article:publisher\" content=\"https:\/\/www.facebook.com\/bertschicafe\/\" \/>\n\t\t<meta name=\"twitter:card\" content=\"summary_large_image\" \/>\n\t\t<meta name=\"twitter:title\" content=\"Mus\u00e9e du caf\u00e9 | Bertschi-Caf\u00e9\" \/>\n\t\t<meta name=\"twitter:description\" content=\"Mus\u00e9e du caf\u00e9 Nos anc\u00eatres buvaient aussi du caf\u00e9. D\u00e9couvrir l&#039;offre C\u2019est par pure passion et par amour du caf\u00e9 que Hans-J\u00fcrg Reber a commenc\u00e9 \u00e0 collectionner des appareils historiques, des ustensiles anciens et d\u2019autres traces de l\u2019histoire du caf\u00e9. Entre-temps, l\u2019envie de collectionner du d\u00e9but s\u2019est transform\u00e9e en un petit mus\u00e9e avec une collection\" \/>\n\t\t<meta name=\"twitter:image\" content=\"https:\/\/www.bertschi-cafe.ch\/webseite\/wp-content\/uploads\/2023\/12\/bertschi-cafe-social-share.jpg\" \/>\n\t\t<script type=\"application\/ld+json\" class=\"aioseo-schema\">\n\t\t\t{\"@context\":\"https:\\\/\\\/schema.org\",\"@graph\":[{\"@type\":\"BreadcrumbList\",\"@id\":\"https:\\\/\\\/www.bertschi-cafe.ch\\\/fr\\\/musee-du-cafe\\\/#breadcrumblist\",\"itemListElement\":[{\"@type\":\"ListItem\",\"@id\":\"https:\\\/\\\/www.bertschi-cafe.ch\\\/fr\\\/#listItem\",\"position\":1,\"name\":\"Home\",\"item\":\"https:\\\/\\\/www.bertschi-cafe.ch\\\/fr\\\/\",\"nextItem\":{\"@type\":\"ListItem\",\"@id\":\"https:\\\/\\\/www.bertschi-cafe.ch\\\/fr\\\/musee-du-cafe\\\/#listItem\",\"name\":\"Mus\\u00e9e du caf\\u00e9\"}},{\"@type\":\"ListItem\",\"@id\":\"https:\\\/\\\/www.bertschi-cafe.ch\\\/fr\\\/musee-du-cafe\\\/#listItem\",\"position\":2,\"name\":\"Mus\\u00e9e du caf\\u00e9\",\"previousItem\":{\"@type\":\"ListItem\",\"@id\":\"https:\\\/\\\/www.bertschi-cafe.ch\\\/fr\\\/#listItem\",\"name\":\"Home\"}}]},{\"@type\":\"Organization\",\"@id\":\"https:\\\/\\\/www.bertschi-cafe.ch\\\/fr\\\/#organization\",\"name\":\"Fritz Bertschi AG\",\"description\":\"Fairtrade und Bio ist unser Engagement und unsere \\u00dcberzeugung. Den ausgew\\u00e4hlten Rohkaffee f\\u00fcr unser Fairtrade- und Bio-Sortiment importieren wir direkt von den Kooperativen aus den Anbaul\\u00e4ndern. Fairer und respektvoller Umgang mit unseren Kaffee-Partner, Mitarbeiter und Transparenz zu unseren Kunden stehen f\\u00fcr uns an erster Stelle.\",\"url\":\"https:\\\/\\\/www.bertschi-cafe.ch\\\/fr\\\/\",\"email\":\"info@bertschi-cafe.ch\",\"telephone\":\"+41613132200\",\"foundingDate\":\"1932-01-01\",\"logo\":{\"@type\":\"ImageObject\",\"url\":\"https:\\\/\\\/www.bertschi-cafe.ch\\\/webseite\\\/wp-content\\\/uploads\\\/2023\\\/10\\\/bertschi-cafe-logo.svg\",\"@id\":\"https:\\\/\\\/www.bertschi-cafe.ch\\\/fr\\\/musee-du-cafe\\\/#organizationLogo\",\"width\":1245,\"height\":1030,\"caption\":\"Bertschi-Caf\\u00e9\"},\"image\":{\"@id\":\"https:\\\/\\\/www.bertschi-cafe.ch\\\/fr\\\/musee-du-cafe\\\/#organizationLogo\"},\"sameAs\":[\"https:\\\/\\\/www.instagram.com\\\/bertschicafe\\\/\"]},{\"@type\":\"WebPage\",\"@id\":\"https:\\\/\\\/www.bertschi-cafe.ch\\\/fr\\\/musee-du-cafe\\\/#webpage\",\"url\":\"https:\\\/\\\/www.bertschi-cafe.ch\\\/fr\\\/musee-du-cafe\\\/\",\"name\":\"Mus\\u00e9e du caf\\u00e9 | Bertschi-Caf\\u00e9\",\"description\":\"Mus\\u00e9e du caf\\u00e9 Nos anc\\u00eatres buvaient aussi du caf\\u00e9. D\\u00e9couvrir l'offre C\\u2019est par pure passion et par amour du caf\\u00e9 que Hans-J\\u00fcrg Reber a commenc\\u00e9 \\u00e0 collectionner des appareils historiques, des ustensiles anciens et d\\u2019autres traces de l\\u2019histoire du caf\\u00e9. Entre-temps, l\\u2019envie de collectionner du d\\u00e9but s\\u2019est transform\\u00e9e en un petit mus\\u00e9e avec une collection\",\"inLanguage\":\"fr-FR\",\"isPartOf\":{\"@id\":\"https:\\\/\\\/www.bertschi-cafe.ch\\\/fr\\\/#website\"},\"breadcrumb\":{\"@id\":\"https:\\\/\\\/www.bertschi-cafe.ch\\\/fr\\\/musee-du-cafe\\\/#breadcrumblist\"},\"datePublished\":\"2023-12-28T10:15:53+02:00\",\"dateModified\":\"2024-02-28T10:27:53+02:00\"},{\"@type\":\"WebSite\",\"@id\":\"https:\\\/\\\/www.bertschi-cafe.ch\\\/fr\\\/#website\",\"url\":\"https:\\\/\\\/www.bertschi-cafe.ch\\\/fr\\\/\",\"name\":\"Bertschi Caf\\u00e9 | Kaffee Onlineshop\",\"description\":\"Kaffee Online Shop | Kaffeer\\u00f6sterei\",\"inLanguage\":\"fr-FR\",\"publisher\":{\"@id\":\"https:\\\/\\\/www.bertschi-cafe.ch\\\/fr\\\/#organization\"}}]}\n\t\t<\/script>\n\t\t<!-- All in One SEO Pro -->\r\n\t\t<title>Mus\u00e9e du caf\u00e9 | Bertschi-Caf\u00e9<\/title>\n\n","aioseo_head_json":{"title":"Mus\u00e9e du caf\u00e9 | Bertschi-Caf\u00e9","description":"Mus\u00e9e du caf\u00e9 Nos anc\u00eatres buvaient aussi du caf\u00e9. D\u00e9couvrir l'offre C\u2019est par pure passion et par amour du caf\u00e9 que Hans-J\u00fcrg Reber a commenc\u00e9 \u00e0 collectionner des appareils historiques, des ustensiles anciens et d\u2019autres traces de l\u2019histoire du caf\u00e9. Entre-temps, l\u2019envie de collectionner du d\u00e9but s\u2019est transform\u00e9e en un petit mus\u00e9e avec une collection","canonical_url":"https:\/\/www.bertschi-cafe.ch\/fr\/musee-du-cafe\/","robots":"max-image-preview:large","keywords":"","webmasterTools":{"google-site-verification":"h1VBNyRnYwf7vlpSUpYFZHNKZWWJvCPABXVYULovAwk","miscellaneous":""},"schema":{"@context":"https:\/\/schema.org","@graph":[{"@type":"BreadcrumbList","@id":"https:\/\/www.bertschi-cafe.ch\/fr\/musee-du-cafe\/#breadcrumblist","itemListElement":[{"@type":"ListItem","@id":"https:\/\/www.bertschi-cafe.ch\/fr\/#listItem","position":1,"name":"Home","item":"https:\/\/www.bertschi-cafe.ch\/fr\/","nextItem":{"@type":"ListItem","@id":"https:\/\/www.bertschi-cafe.ch\/fr\/musee-du-cafe\/#listItem","name":"Mus\u00e9e du caf\u00e9"}},{"@type":"ListItem","@id":"https:\/\/www.bertschi-cafe.ch\/fr\/musee-du-cafe\/#listItem","position":2,"name":"Mus\u00e9e du caf\u00e9","previousItem":{"@type":"ListItem","@id":"https:\/\/www.bertschi-cafe.ch\/fr\/#listItem","name":"Home"}}]},{"@type":"Organization","@id":"https:\/\/www.bertschi-cafe.ch\/fr\/#organization","name":"Fritz Bertschi AG","description":"Fairtrade und Bio ist unser Engagement und unsere \u00dcberzeugung. Den ausgew\u00e4hlten Rohkaffee f\u00fcr unser Fairtrade- und Bio-Sortiment importieren wir direkt von den Kooperativen aus den Anbaul\u00e4ndern. Fairer und respektvoller Umgang mit unseren Kaffee-Partner, Mitarbeiter und Transparenz zu unseren Kunden stehen f\u00fcr uns an erster Stelle.","url":"https:\/\/www.bertschi-cafe.ch\/fr\/","email":"info@bertschi-cafe.ch","telephone":"+41613132200","foundingDate":"1932-01-01","logo":{"@type":"ImageObject","url":"https:\/\/www.bertschi-cafe.ch\/webseite\/wp-content\/uploads\/2023\/10\/bertschi-cafe-logo.svg","@id":"https:\/\/www.bertschi-cafe.ch\/fr\/musee-du-cafe\/#organizationLogo","width":1245,"height":1030,"caption":"Bertschi-Caf\u00e9"},"image":{"@id":"https:\/\/www.bertschi-cafe.ch\/fr\/musee-du-cafe\/#organizationLogo"},"sameAs":["https:\/\/www.instagram.com\/bertschicafe\/"]},{"@type":"WebPage","@id":"https:\/\/www.bertschi-cafe.ch\/fr\/musee-du-cafe\/#webpage","url":"https:\/\/www.bertschi-cafe.ch\/fr\/musee-du-cafe\/","name":"Mus\u00e9e du caf\u00e9 | Bertschi-Caf\u00e9","description":"Mus\u00e9e du caf\u00e9 Nos anc\u00eatres buvaient aussi du caf\u00e9. D\u00e9couvrir l'offre C\u2019est par pure passion et par amour du caf\u00e9 que Hans-J\u00fcrg Reber a commenc\u00e9 \u00e0 collectionner des appareils historiques, des ustensiles anciens et d\u2019autres traces de l\u2019histoire du caf\u00e9. Entre-temps, l\u2019envie de collectionner du d\u00e9but s\u2019est transform\u00e9e en un petit mus\u00e9e avec une collection","inLanguage":"fr-FR","isPartOf":{"@id":"https:\/\/www.bertschi-cafe.ch\/fr\/#website"},"breadcrumb":{"@id":"https:\/\/www.bertschi-cafe.ch\/fr\/musee-du-cafe\/#breadcrumblist"},"datePublished":"2023-12-28T10:15:53+02:00","dateModified":"2024-02-28T10:27:53+02:00"},{"@type":"WebSite","@id":"https:\/\/www.bertschi-cafe.ch\/fr\/#website","url":"https:\/\/www.bertschi-cafe.ch\/fr\/","name":"Bertschi Caf\u00e9 | Kaffee Onlineshop","description":"Kaffee Online Shop | Kaffeer\u00f6sterei","inLanguage":"fr-FR","publisher":{"@id":"https:\/\/www.bertschi-cafe.ch\/fr\/#organization"}}]},"og:locale":"fr_FR","og:site_name":"Bertschi-Caf\u00e9 | Kaffee Online Shop | Kaffeer\u00f6sterei","og:type":"article","og:title":"Mus\u00e9e du caf\u00e9 | Bertschi-Caf\u00e9","og:description":"Mus\u00e9e du caf\u00e9 Nos anc\u00eatres buvaient aussi du caf\u00e9. D\u00e9couvrir l'offre C\u2019est par pure passion et par amour du caf\u00e9 que Hans-J\u00fcrg Reber a commenc\u00e9 \u00e0 collectionner des appareils historiques, des ustensiles anciens et d\u2019autres traces de l\u2019histoire du caf\u00e9. Entre-temps, l\u2019envie de collectionner du d\u00e9but s\u2019est transform\u00e9e en un petit mus\u00e9e avec une collection","og:url":"https:\/\/www.bertschi-cafe.ch\/fr\/musee-du-cafe\/","og:image":"https:\/\/www.bertschi-cafe.ch\/webseite\/wp-content\/uploads\/2023\/12\/bertschi-cafe-social-share.jpg","og:image:secure_url":"https:\/\/www.bertschi-cafe.ch\/webseite\/wp-content\/uploads\/2023\/12\/bertschi-cafe-social-share.jpg","og:image:width":1200,"og:image:height":630,"article:published_time":"2023-12-28T08:15:53+00:00","article:modified_time":"2024-02-28T10:27:53+00:00","article:publisher":"https:\/\/www.facebook.com\/bertschicafe\/","twitter:card":"summary_large_image","twitter:title":"Mus\u00e9e du caf\u00e9 | Bertschi-Caf\u00e9","twitter:description":"Mus\u00e9e du caf\u00e9 Nos anc\u00eatres buvaient aussi du caf\u00e9. D\u00e9couvrir l'offre C\u2019est par pure passion et par amour du caf\u00e9 que Hans-J\u00fcrg Reber a commenc\u00e9 \u00e0 collectionner des appareils historiques, des ustensiles anciens et d\u2019autres traces de l\u2019histoire du caf\u00e9. Entre-temps, l\u2019envie de collectionner du d\u00e9but s\u2019est transform\u00e9e en un petit mus\u00e9e avec une collection","twitter:image":"https:\/\/www.bertschi-cafe.ch\/webseite\/wp-content\/uploads\/2023\/12\/bertschi-cafe-social-share.jpg"},"aioseo_meta_data":{"post_id":"20795","title":null,"description":null,"keywords":[],"keyphrases":{"focus":{"keyphrase":"","score":0,"analysis":{"keyphraseInTitle":{"score":0,"maxScore":9,"error":1}}},"additional":[]},"primary_term":null,"canonical_url":null,"og_title":null,"og_description":null,"og_object_type":"default","og_image_type":"default","og_image_url":null,"og_image_width":null,"og_image_height":null,"og_image_custom_url":null,"og_image_custom_fields":null,"og_video":"","og_custom_url":null,"og_article_section":null,"og_article_tags":[],"twitter_use_og":false,"twitter_card":"default","twitter_image_type":"default","twitter_image_url":null,"twitter_image_custom_url":null,"twitter_image_custom_fields":null,"twitter_title":null,"twitter_description":null,"schema":{"blockGraphs":[],"customGraphs":[],"default":{"data":{"Article":[],"Course":[],"Dataset":[],"FAQPage":[],"Movie":[],"Person":[],"Product":[],"ProductReview":[],"Car":[],"Recipe":[],"Service":[],"SoftwareApplication":[],"WebPage":[]},"graphName":"WebPage","isEnabled":true},"graphs":[]},"schema_type":"default","schema_type_options":null,"pillar_content":false,"robots_default":true,"robots_noindex":false,"robots_noarchive":false,"robots_nosnippet":false,"robots_nofollow":false,"robots_noimageindex":false,"robots_noodp":false,"robots_notranslate":false,"robots_max_snippet":"-1","robots_max_videopreview":"-1","robots_max_imagepreview":"large","priority":null,"frequency":"default","local_seo":null,"seo_analyzer_scan_date":"2026-05-13 04:34:15","breadcrumb_settings":null,"limit_modified_date":false,"reviewed_by":null,"open_ai":"{\"title\":{\"suggestions\":[],\"usage\":0},\"description\":{\"suggestions\":[],\"usage\":0}}","ai":null,"created":"2024-02-18 13:29:52","updated":"2026-05-13 04:34:15","focus_keyword":null,"additional_keywords":null,"truseo_locale":null},"aioseo_breadcrumb":"<div class=\"aioseo-breadcrumbs\"><span class=\"aioseo-breadcrumb\">\n\t<a href=\"https:\/\/www.bertschi-cafe.ch\/fr\/\" title=\"Home\">Home<\/a>\n<\/span><span class=\"aioseo-breadcrumb-separator\">&raquo;<\/span><span class=\"aioseo-breadcrumb\">\n\tMus\u00e9e du caf\u00e9\n<\/span><\/div>","aioseo_breadcrumb_json":[{"label":"Home","link":"https:\/\/www.bertschi-cafe.ch\/fr\/"},{"label":"Mus\u00e9e du caf\u00e9","link":"https:\/\/www.bertschi-cafe.ch\/fr\/musee-du-cafe\/"}],"_links":{"self":[{"href":"https:\/\/www.bertschi-cafe.ch\/fr\/wp-json\/wp\/v2\/pages\/20795","targetHints":{"allow":["GET"]}}],"collection":[{"href":"https:\/\/www.bertschi-cafe.ch\/fr\/wp-json\/wp\/v2\/pages"}],"about":[{"href":"https:\/\/www.bertschi-cafe.ch\/fr\/wp-json\/wp\/v2\/types\/page"}],"author":[{"embeddable":true,"href":"https:\/\/www.bertschi-cafe.ch\/fr\/wp-json\/wp\/v2\/users\/2"}],"replies":[{"embeddable":true,"href":"https:\/\/www.bertschi-cafe.ch\/fr\/wp-json\/wp\/v2\/comments?post=20795"}],"version-history":[{"count":0,"href":"https:\/\/www.bertschi-cafe.ch\/fr\/wp-json\/wp\/v2\/pages\/20795\/revisions"}],"wp:attachment":[{"href":"https:\/\/www.bertschi-cafe.ch\/fr\/wp-json\/wp\/v2\/media?parent=20795"}],"curies":[{"name":"wp","href":"https:\/\/api.w.org\/{rel}","templated":true}]}}