{"id":20789,"date":"2023-12-22T14:11:15","date_gmt":"2023-12-22T14:11:15","guid":{"rendered":"https:\/\/www.bertschi-cafe.ch\/webseite\/contact\/"},"modified":"2024-02-23T17:04:09","modified_gmt":"2024-02-23T17:04:09","slug":"contact","status":"publish","type":"page","link":"https:\/\/www.bertschi-cafe.ch\/fr\/contact\/","title":{"rendered":"Contact"},"content":{"rendered":"\t\t<div data-elementor-type=\"wp-page\" data-elementor-id=\"20789\" class=\"elementor elementor-20789 elementor-1972\" data-elementor-post-type=\"page\">\n\t\t\t\t<div class=\"elementor-element elementor-element-8449db7 e-flex e-con-boxed e-con e-parent\" data-id=\"8449db7\" data-element_type=\"container\" data-e-type=\"container\" data-settings=\"{&quot;jet_parallax_layout_list&quot;:[]}\">\n\t\t\t\t\t<div class=\"e-con-inner\">\n\t\t\t\t<div class=\"elementor-element elementor-element-06af01f elementor-widget elementor-widget-heading\" data-id=\"06af01f\" data-element_type=\"widget\" data-e-type=\"widget\" data-widget_type=\"heading.default\">\n\t\t\t\t<div class=\"elementor-widget-container\">\n\t\t\t\t\t<p class=\"elementor-heading-title elementor-size-default\">Contact<\/p>\t\t\t\t<\/div>\n\t\t\t\t<\/div>\n\t\t\t\t<div class=\"elementor-element elementor-element-7ff086b elementor-widget elementor-widget-heading\" data-id=\"7ff086b\" data-element_type=\"widget\" data-e-type=\"widget\" data-widget_type=\"heading.default\">\n\t\t\t\t<div class=\"elementor-widget-container\">\n\t\t\t\t\t<h1 class=\"elementor-heading-title elementor-size-default\">Nous sommes \u00e0 votre disposition<\/h1>\t\t\t\t<\/div>\n\t\t\t\t<\/div>\n\t\t\t\t<div class=\"elementor-element elementor-element-47bc280 elementor-widget elementor-widget-text-editor\" data-id=\"47bc280\" data-element_type=\"widget\" data-e-type=\"widget\" data-widget_type=\"text-editor.default\">\n\t\t\t\t<div class=\"elementor-widget-container\">\n\t\t\t\t\t\t\t\t\t<p>Vous avez des questions sur notre caf\u00e9 ou vous avez besoin d&rsquo;aide pour passer votre commande ? N&rsquo;h\u00e9sitez pas \u00e0 nous contacter. Remplissez le formulaire ci-dessous et nous vous contacterons rapidement. Votre exp\u00e9rience d&rsquo;achat est importante pour nous. Faites-nous part de vos r\u00e9flexions, questions ou suggestions. Nous sommes \u00e0 votre disposition !<\/p>\n\t\t\t\t\t\t\t\t<\/div>\n\t\t\t\t<\/div>\n\t\t\t\t\t<\/div>\n\t\t\t\t<\/div>\n\t\t<div class=\"elementor-element elementor-element-5589860 e-flex e-con-boxed e-con e-parent\" data-id=\"5589860\" data-element_type=\"container\" data-e-type=\"container\" data-settings=\"{&quot;jet_parallax_layout_list&quot;:[]}\">\n\t\t\t\t\t<div class=\"e-con-inner\">\n\t\t<div class=\"elementor-element elementor-element-842897c e-con-full e-flex e-con e-child\" data-id=\"842897c\" data-element_type=\"container\" data-e-type=\"container\" data-settings=\"{&quot;jet_parallax_layout_list&quot;:[],&quot;background_background&quot;:&quot;classic&quot;}\">\n\t\t\t\t<div class=\"elementor-element elementor-element-46f4fce elementor-widget elementor-widget-jet-map\" data-id=\"46f4fce\" data-element_type=\"widget\" data-e-type=\"widget\" data-widget_type=\"jet-map.default\">\n\t\t\t\t<div class=\"elementor-widget-container\">\n\t\t\t\t\t<div class=\"jet-map\" data-provider=\"google\" data-init=\"{&quot;center&quot;:{&quot;lat&quot;:47.55542229999999648271113983355462551116943359375,&quot;lng&quot;:7.6353705999999998965677150408737361431121826171875},&quot;zoom&quot;:14,&quot;scrollwheel&quot;:false,&quot;zoomControl&quot;:true,&quot;pinsAutoClose&quot;:false,&quot;draggable&quot;:true,&quot;provider&quot;:&quot;google&quot;,&quot;fullscreenControl&quot;:true,&quot;streetViewControl&quot;:false,&quot;mapTypeControl&quot;:false}\" data-pins=\"[{&quot;address&quot;:&quot;R\\u00fchrbergstrasse 13, CH-4127 Birsfelden&quot;,&quot;position&quot;:{&quot;lat&quot;:47.55542229999999648271113983355462551116943359375,&quot;lng&quot;:7.6353705999999998965677150408737361431121826171875},&quot;desc&quot;:&quot;&lt;p&gt;Bertschi-Caf\\u00e9&lt;\\\/p&gt;&quot;,&quot;state&quot;:&quot;visible&quot;}]\"><\/div>\t\t\t\t<\/div>\n\t\t\t\t<\/div>\n\t\t\t\t<\/div>\n\t\t<div class=\"elementor-element elementor-element-34ee17a e-con-full e-flex e-con e-child\" data-id=\"34ee17a\" data-element_type=\"container\" data-e-type=\"container\" data-settings=\"{&quot;background_background&quot;:&quot;classic&quot;,&quot;jet_parallax_layout_list&quot;:[]}\">\n\t\t\t\t<div class=\"elementor-element elementor-element-bee2ac0 elementor-widget elementor-widget-heading\" data-id=\"bee2ac0\" data-element_type=\"widget\" data-e-type=\"widget\" data-widget_type=\"heading.default\">\n\t\t\t\t<div class=\"elementor-widget-container\">\n\t\t\t\t\t<h2 class=\"elementor-heading-title elementor-size-default\">Bertschi-Caf\u00e9<\/h2>\t\t\t\t<\/div>\n\t\t\t\t<\/div>\n\t\t\t\t<div class=\"elementor-element elementor-element-8f9848f elementor-widget elementor-widget-text-editor\" data-id=\"8f9848f\" data-element_type=\"widget\" data-e-type=\"widget\" data-widget_type=\"text-editor.default\">\n\t\t\t\t<div class=\"elementor-widget-container\">\n\t\t\t\t\t\t\t\t\t<p><strong>Fritz Bertschi AG<\/strong><br \/>R\u00fchrbergstrasse 13<br \/>CH-4127 Birsfelden<\/p>\n<p>LU &#8211; VE 07:30 &#8211; 16.00 heures<\/p>\n<p>T\u00e9l\u00e9phone 061 313 22 00<br \/>T\u00e9l\u00e9fax 061 311 19 49<\/p>\n<p><a href=\"mailto:info@bertschi-cafe.ch\">info@bertschi-cafe.ch<\/a><\/p>\n\t\t\t\t\t\t\t\t<\/div>\n\t\t\t\t<\/div>\n\t\t\t\t<\/div>\n\t\t\t\t\t<\/div>\n\t\t\t\t<\/div>\n\t\t\t\t<\/div>\n\t\t","protected":false},"excerpt":{"rendered":"<p>Contact Nous sommes \u00e0 votre disposition Vous avez des questions sur notre caf\u00e9 ou vous avez besoin d&rsquo;aide pour passer votre commande ? N&rsquo;h\u00e9sitez pas \u00e0 nous contacter. Remplissez le formulaire ci-dessous et nous vous contacterons rapidement. Votre exp\u00e9rience d&rsquo;achat est importante pour nous. Faites-nous part de vos r\u00e9flexions, questions ou suggestions. Nous sommes \u00e0 [&hellip;]<\/p>\n","protected":false},"author":2,"featured_media":0,"parent":0,"menu_order":0,"comment_status":"closed","ping_status":"closed","template":"","meta":{"_acf_changed":false,"_coblocks_attr":"","_coblocks_dimensions":"","_coblocks_responsive_height":"","_coblocks_accordion_ie_support":"","om_disable_all_campaigns":false,"inline_featured_image":false,"_monsterinsights_skip_tracking":false,"footnotes":""},"class_list":["post-20789","page","type-page","status-publish","hentry"],"acf":[],"aioseo_notices":[],"aioseo_head":"\n\t\t<!-- All in One SEO Pro 5.0.1.1 - aioseo.com -->\n\t<meta name=\"description\" content=\"Contact Nous sommes \u00e0 votre disposition Vous avez des questions sur notre caf\u00e9 ou vous avez besoin d\u2019aide pour passer votre commande ? N\u2019h\u00e9sitez pas \u00e0 nous contacter. Remplissez le formulaire ci-dessous et nous vous contacterons rapidement. Votre exp\u00e9rience d\u2019achat est importante pour nous. Faites-nous part de vos r\u00e9flexions, questions ou suggestions. Nous sommes \u00e0\" \/>\n\t<meta name=\"robots\" content=\"max-image-preview:large\" \/>\n\t<meta name=\"google-site-verification\" content=\"h1VBNyRnYwf7vlpSUpYFZHNKZWWJvCPABXVYULovAwk\" \/>\n\t<link rel=\"canonical\" href=\"https:\/\/www.bertschi-cafe.ch\/fr\/contact\/\" \/>\n\t<meta name=\"generator\" content=\"All in One SEO Pro (AIOSEO) 5.0.1.1\" \/>\n\t\t<meta property=\"og:locale\" content=\"fr_FR\" \/>\n\t\t<meta property=\"og:site_name\" content=\"Bertschi-Caf\u00e9 | Kaffee Online Shop | Kaffeer\u00f6sterei\" \/>\n\t\t<meta property=\"og:type\" content=\"article\" \/>\n\t\t<meta property=\"og:title\" content=\"Contact | Bertschi-Caf\u00e9\" \/>\n\t\t<meta property=\"og:description\" content=\"Contact Nous sommes \u00e0 votre disposition Vous avez des questions sur notre caf\u00e9 ou vous avez besoin d\u2019aide pour passer votre commande ? N\u2019h\u00e9sitez pas \u00e0 nous contacter. Remplissez le formulaire ci-dessous et nous vous contacterons rapidement. Votre exp\u00e9rience d\u2019achat est importante pour nous. Faites-nous part de vos r\u00e9flexions, questions ou suggestions. Nous sommes \u00e0\" \/>\n\t\t<meta property=\"og:url\" content=\"https:\/\/www.bertschi-cafe.ch\/fr\/contact\/\" \/>\n\t\t<meta property=\"og:image\" content=\"https:\/\/www.bertschi-cafe.ch\/webseite\/wp-content\/uploads\/2023\/12\/bertschi-cafe-social-share.jpg\" \/>\n\t\t<meta property=\"og:image:secure_url\" content=\"https:\/\/www.bertschi-cafe.ch\/webseite\/wp-content\/uploads\/2023\/12\/bertschi-cafe-social-share.jpg\" \/>\n\t\t<meta property=\"og:image:width\" content=\"1200\" \/>\n\t\t<meta property=\"og:image:height\" content=\"630\" \/>\n\t\t<meta property=\"article:published_time\" content=\"2023-12-22T14:11:15+00:00\" \/>\n\t\t<meta property=\"article:modified_time\" content=\"2024-02-23T17:04:09+00:00\" \/>\n\t\t<meta property=\"article:publisher\" content=\"https:\/\/www.facebook.com\/bertschicafe\/\" \/>\n\t\t<meta name=\"twitter:card\" content=\"summary_large_image\" \/>\n\t\t<meta name=\"twitter:title\" content=\"Contact | Bertschi-Caf\u00e9\" \/>\n\t\t<meta name=\"twitter:description\" content=\"Contact Nous sommes \u00e0 votre disposition Vous avez des questions sur notre caf\u00e9 ou vous avez besoin d\u2019aide pour passer votre commande ? N\u2019h\u00e9sitez pas \u00e0 nous contacter. Remplissez le formulaire ci-dessous et nous vous contacterons rapidement. Votre exp\u00e9rience d\u2019achat est importante pour nous. Faites-nous part de vos r\u00e9flexions, questions ou suggestions. Nous sommes \u00e0\" \/>\n\t\t<meta name=\"twitter:image\" content=\"https:\/\/www.bertschi-cafe.ch\/webseite\/wp-content\/uploads\/2023\/12\/bertschi-cafe-social-share.jpg\" \/>\n\t\t<script type=\"application\/ld+json\" class=\"aioseo-schema\">\n\t\t\t{\"@context\":\"https:\\\/\\\/schema.org\",\"@graph\":[{\"@type\":\"BreadcrumbList\",\"@id\":\"https:\\\/\\\/www.bertschi-cafe.ch\\\/fr\\\/contact\\\/#breadcrumblist\",\"itemListElement\":[{\"@type\":\"ListItem\",\"@id\":\"https:\\\/\\\/www.bertschi-cafe.ch\\\/fr\\\/#listItem\",\"position\":1,\"name\":\"Home\",\"item\":\"https:\\\/\\\/www.bertschi-cafe.ch\\\/fr\\\/\",\"nextItem\":{\"@type\":\"ListItem\",\"@id\":\"https:\\\/\\\/www.bertschi-cafe.ch\\\/fr\\\/contact\\\/#listItem\",\"name\":\"Contact\"}},{\"@type\":\"ListItem\",\"@id\":\"https:\\\/\\\/www.bertschi-cafe.ch\\\/fr\\\/contact\\\/#listItem\",\"position\":2,\"name\":\"Contact\",\"previousItem\":{\"@type\":\"ListItem\",\"@id\":\"https:\\\/\\\/www.bertschi-cafe.ch\\\/fr\\\/#listItem\",\"name\":\"Home\"}}]},{\"@type\":\"Organization\",\"@id\":\"https:\\\/\\\/www.bertschi-cafe.ch\\\/fr\\\/#organization\",\"name\":\"Fritz Bertschi AG\",\"description\":\"Fairtrade und Bio ist unser Engagement und unsere \\u00dcberzeugung. Den ausgew\\u00e4hlten Rohkaffee f\\u00fcr unser Fairtrade- und Bio-Sortiment importieren wir direkt von den Kooperativen aus den Anbaul\\u00e4ndern. Fairer und respektvoller Umgang mit unseren Kaffee-Partner, Mitarbeiter und Transparenz zu unseren Kunden stehen f\\u00fcr uns an erster Stelle.\",\"url\":\"https:\\\/\\\/www.bertschi-cafe.ch\\\/fr\\\/\",\"email\":\"info@bertschi-cafe.ch\",\"telephone\":\"+41613132200\",\"foundingDate\":\"1932-01-01\",\"logo\":{\"@type\":\"ImageObject\",\"url\":\"https:\\\/\\\/www.bertschi-cafe.ch\\\/webseite\\\/wp-content\\\/uploads\\\/2023\\\/10\\\/bertschi-cafe-logo.svg\",\"@id\":\"https:\\\/\\\/www.bertschi-cafe.ch\\\/fr\\\/contact\\\/#organizationLogo\",\"width\":1245,\"height\":1030,\"caption\":\"Bertschi-Caf\\u00e9\"},\"image\":{\"@id\":\"https:\\\/\\\/www.bertschi-cafe.ch\\\/fr\\\/contact\\\/#organizationLogo\"},\"sameAs\":[\"https:\\\/\\\/www.instagram.com\\\/bertschicafe\\\/\"]},{\"@type\":\"WebPage\",\"@id\":\"https:\\\/\\\/www.bertschi-cafe.ch\\\/fr\\\/contact\\\/#webpage\",\"url\":\"https:\\\/\\\/www.bertschi-cafe.ch\\\/fr\\\/contact\\\/\",\"name\":\"Contact | Bertschi-Caf\\u00e9\",\"description\":\"Contact Nous sommes \\u00e0 votre disposition Vous avez des questions sur notre caf\\u00e9 ou vous avez besoin d\\u2019aide pour passer votre commande ? N\\u2019h\\u00e9sitez pas \\u00e0 nous contacter. Remplissez le formulaire ci-dessous et nous vous contacterons rapidement. Votre exp\\u00e9rience d\\u2019achat est importante pour nous. Faites-nous part de vos r\\u00e9flexions, questions ou suggestions. Nous sommes \\u00e0\",\"inLanguage\":\"fr-FR\",\"isPartOf\":{\"@id\":\"https:\\\/\\\/www.bertschi-cafe.ch\\\/fr\\\/#website\"},\"breadcrumb\":{\"@id\":\"https:\\\/\\\/www.bertschi-cafe.ch\\\/fr\\\/contact\\\/#breadcrumblist\"},\"datePublished\":\"2023-12-22T14:11:15+02:00\",\"dateModified\":\"2024-02-23T17:04:09+02:00\"},{\"@type\":\"WebSite\",\"@id\":\"https:\\\/\\\/www.bertschi-cafe.ch\\\/fr\\\/#website\",\"url\":\"https:\\\/\\\/www.bertschi-cafe.ch\\\/fr\\\/\",\"name\":\"Bertschi Caf\\u00e9 | Kaffee Onlineshop\",\"description\":\"Kaffee Online Shop | Kaffeer\\u00f6sterei\",\"inLanguage\":\"fr-FR\",\"publisher\":{\"@id\":\"https:\\\/\\\/www.bertschi-cafe.ch\\\/fr\\\/#organization\"}}]}\n\t\t<\/script>\n\t\t<!-- All in One SEO Pro -->\r\n\t\t<title>Contact | Bertschi-Caf\u00e9<\/title>\n\n","aioseo_head_json":{"title":"Contact | Bertschi-Caf\u00e9","description":"Contact Nous sommes \u00e0 votre disposition Vous avez des questions sur notre caf\u00e9 ou vous avez besoin d\u2019aide pour passer votre commande ? N\u2019h\u00e9sitez pas \u00e0 nous contacter. Remplissez le formulaire ci-dessous et nous vous contacterons rapidement. Votre exp\u00e9rience d\u2019achat est importante pour nous. Faites-nous part de vos r\u00e9flexions, questions ou suggestions. Nous sommes \u00e0","canonical_url":"https:\/\/www.bertschi-cafe.ch\/fr\/contact\/","robots":"max-image-preview:large","keywords":"","webmasterTools":{"google-site-verification":"h1VBNyRnYwf7vlpSUpYFZHNKZWWJvCPABXVYULovAwk","miscellaneous":""},"schema":{"@context":"https:\/\/schema.org","@graph":[{"@type":"BreadcrumbList","@id":"https:\/\/www.bertschi-cafe.ch\/fr\/contact\/#breadcrumblist","itemListElement":[{"@type":"ListItem","@id":"https:\/\/www.bertschi-cafe.ch\/fr\/#listItem","position":1,"name":"Home","item":"https:\/\/www.bertschi-cafe.ch\/fr\/","nextItem":{"@type":"ListItem","@id":"https:\/\/www.bertschi-cafe.ch\/fr\/contact\/#listItem","name":"Contact"}},{"@type":"ListItem","@id":"https:\/\/www.bertschi-cafe.ch\/fr\/contact\/#listItem","position":2,"name":"Contact","previousItem":{"@type":"ListItem","@id":"https:\/\/www.bertschi-cafe.ch\/fr\/#listItem","name":"Home"}}]},{"@type":"Organization","@id":"https:\/\/www.bertschi-cafe.ch\/fr\/#organization","name":"Fritz Bertschi AG","description":"Fairtrade und Bio ist unser Engagement und unsere \u00dcberzeugung. Den ausgew\u00e4hlten Rohkaffee f\u00fcr unser Fairtrade- und Bio-Sortiment importieren wir direkt von den Kooperativen aus den Anbaul\u00e4ndern. Fairer und respektvoller Umgang mit unseren Kaffee-Partner, Mitarbeiter und Transparenz zu unseren Kunden stehen f\u00fcr uns an erster Stelle.","url":"https:\/\/www.bertschi-cafe.ch\/fr\/","email":"info@bertschi-cafe.ch","telephone":"+41613132200","foundingDate":"1932-01-01","logo":{"@type":"ImageObject","url":"https:\/\/www.bertschi-cafe.ch\/webseite\/wp-content\/uploads\/2023\/10\/bertschi-cafe-logo.svg","@id":"https:\/\/www.bertschi-cafe.ch\/fr\/contact\/#organizationLogo","width":1245,"height":1030,"caption":"Bertschi-Caf\u00e9"},"image":{"@id":"https:\/\/www.bertschi-cafe.ch\/fr\/contact\/#organizationLogo"},"sameAs":["https:\/\/www.instagram.com\/bertschicafe\/"]},{"@type":"WebPage","@id":"https:\/\/www.bertschi-cafe.ch\/fr\/contact\/#webpage","url":"https:\/\/www.bertschi-cafe.ch\/fr\/contact\/","name":"Contact | Bertschi-Caf\u00e9","description":"Contact Nous sommes \u00e0 votre disposition Vous avez des questions sur notre caf\u00e9 ou vous avez besoin d\u2019aide pour passer votre commande ? N\u2019h\u00e9sitez pas \u00e0 nous contacter. Remplissez le formulaire ci-dessous et nous vous contacterons rapidement. Votre exp\u00e9rience d\u2019achat est importante pour nous. Faites-nous part de vos r\u00e9flexions, questions ou suggestions. Nous sommes \u00e0","inLanguage":"fr-FR","isPartOf":{"@id":"https:\/\/www.bertschi-cafe.ch\/fr\/#website"},"breadcrumb":{"@id":"https:\/\/www.bertschi-cafe.ch\/fr\/contact\/#breadcrumblist"},"datePublished":"2023-12-22T14:11:15+02:00","dateModified":"2024-02-23T17:04:09+02:00"},{"@type":"WebSite","@id":"https:\/\/www.bertschi-cafe.ch\/fr\/#website","url":"https:\/\/www.bertschi-cafe.ch\/fr\/","name":"Bertschi Caf\u00e9 | Kaffee Onlineshop","description":"Kaffee Online Shop | Kaffeer\u00f6sterei","inLanguage":"fr-FR","publisher":{"@id":"https:\/\/www.bertschi-cafe.ch\/fr\/#organization"}}]},"og:locale":"fr_FR","og:site_name":"Bertschi-Caf\u00e9 | Kaffee Online Shop | Kaffeer\u00f6sterei","og:type":"article","og:title":"Contact | Bertschi-Caf\u00e9","og:description":"Contact Nous sommes \u00e0 votre disposition Vous avez des questions sur notre caf\u00e9 ou vous avez besoin d\u2019aide pour passer votre commande ? N\u2019h\u00e9sitez pas \u00e0 nous contacter. Remplissez le formulaire ci-dessous et nous vous contacterons rapidement. Votre exp\u00e9rience d\u2019achat est importante pour nous. Faites-nous part de vos r\u00e9flexions, questions ou suggestions. Nous sommes \u00e0","og:url":"https:\/\/www.bertschi-cafe.ch\/fr\/contact\/","og:image":"https:\/\/www.bertschi-cafe.ch\/webseite\/wp-content\/uploads\/2023\/12\/bertschi-cafe-social-share.jpg","og:image:secure_url":"https:\/\/www.bertschi-cafe.ch\/webseite\/wp-content\/uploads\/2023\/12\/bertschi-cafe-social-share.jpg","og:image:width":1200,"og:image:height":630,"article:published_time":"2023-12-22T14:11:15+00:00","article:modified_time":"2024-02-23T17:04:09+00:00","article:publisher":"https:\/\/www.facebook.com\/bertschicafe\/","twitter:card":"summary_large_image","twitter:title":"Contact | Bertschi-Caf\u00e9","twitter:description":"Contact Nous sommes \u00e0 votre disposition Vous avez des questions sur notre caf\u00e9 ou vous avez besoin d\u2019aide pour passer votre commande ? N\u2019h\u00e9sitez pas \u00e0 nous contacter. Remplissez le formulaire ci-dessous et nous vous contacterons rapidement. Votre exp\u00e9rience d\u2019achat est importante pour nous. Faites-nous part de vos r\u00e9flexions, questions ou suggestions. Nous sommes \u00e0","twitter:image":"https:\/\/www.bertschi-cafe.ch\/webseite\/wp-content\/uploads\/2023\/12\/bertschi-cafe-social-share.jpg"},"aioseo_meta_data":{"post_id":"20789","title":null,"description":null,"keywords":[],"keyphrases":{"focus":{"keyphrase":"","score":0,"analysis":{"keyphraseInTitle":{"score":0,"maxScore":9,"error":1}}},"additional":[]},"primary_term":null,"canonical_url":null,"og_title":null,"og_description":null,"og_object_type":"default","og_image_type":"default","og_image_url":null,"og_image_width":null,"og_image_height":null,"og_image_custom_url":null,"og_image_custom_fields":null,"og_video":"","og_custom_url":null,"og_article_section":null,"og_article_tags":[],"twitter_use_og":false,"twitter_card":"default","twitter_image_type":"default","twitter_image_url":null,"twitter_image_custom_url":null,"twitter_image_custom_fields":null,"twitter_title":null,"twitter_description":null,"schema":{"blockGraphs":[],"customGraphs":[],"default":{"data":{"Article":[],"Course":[],"Dataset":[],"FAQPage":[],"Movie":[],"Person":[],"Product":[],"ProductReview":[],"Car":[],"Recipe":[],"Service":[],"SoftwareApplication":[],"WebPage":[]},"graphName":"WebPage","isEnabled":true},"graphs":[]},"schema_type":"default","schema_type_options":null,"pillar_content":false,"robots_default":true,"robots_noindex":false,"robots_noarchive":false,"robots_nosnippet":false,"robots_nofollow":false,"robots_noimageindex":false,"robots_noodp":false,"robots_notranslate":false,"robots_max_snippet":"-1","robots_max_videopreview":"-1","robots_max_imagepreview":"large","priority":null,"frequency":"default","local_seo":null,"seo_analyzer_scan_date":"2026-05-13 04:59:31","breadcrumb_settings":null,"limit_modified_date":false,"reviewed_by":null,"open_ai":"{\"title\":{\"suggestions\":[],\"usage\":0},\"description\":{\"suggestions\":[],\"usage\":0}}","ai":null,"created":"2024-02-18 13:29:40","updated":"2026-05-13 04:59:31","focus_keyword":null,"additional_keywords":null,"truseo_locale":null},"aioseo_breadcrumb":"<div class=\"aioseo-breadcrumbs\"><span class=\"aioseo-breadcrumb\">\n\t<a href=\"https:\/\/www.bertschi-cafe.ch\/fr\/\" title=\"Home\">Home<\/a>\n<\/span><span class=\"aioseo-breadcrumb-separator\">&raquo;<\/span><span class=\"aioseo-breadcrumb\">\n\tContact\n<\/span><\/div>","aioseo_breadcrumb_json":[{"label":"Home","link":"https:\/\/www.bertschi-cafe.ch\/fr\/"},{"label":"Contact","link":"https:\/\/www.bertschi-cafe.ch\/fr\/contact\/"}],"_links":{"self":[{"href":"https:\/\/www.bertschi-cafe.ch\/fr\/wp-json\/wp\/v2\/pages\/20789","targetHints":{"allow":["GET"]}}],"collection":[{"href":"https:\/\/www.bertschi-cafe.ch\/fr\/wp-json\/wp\/v2\/pages"}],"about":[{"href":"https:\/\/www.bertschi-cafe.ch\/fr\/wp-json\/wp\/v2\/types\/page"}],"author":[{"embeddable":true,"href":"https:\/\/www.bertschi-cafe.ch\/fr\/wp-json\/wp\/v2\/users\/2"}],"replies":[{"embeddable":true,"href":"https:\/\/www.bertschi-cafe.ch\/fr\/wp-json\/wp\/v2\/comments?post=20789"}],"version-history":[{"count":0,"href":"https:\/\/www.bertschi-cafe.ch\/fr\/wp-json\/wp\/v2\/pages\/20789\/revisions"}],"wp:attachment":[{"href":"https:\/\/www.bertschi-cafe.ch\/fr\/wp-json\/wp\/v2\/media?parent=20789"}],"curies":[{"name":"wp","href":"https:\/\/api.w.org\/{rel}","templated":true}]}}