{"id":21514,"date":"2024-01-03T15:38:51","date_gmt":"2024-01-03T15:38:51","guid":{"rendered":"https:\/\/www.bertschi-cafe.ch\/webseite\/anbau-kaffeebauern\/cooperative-atahualpa\/"},"modified":"2024-02-20T18:33:09","modified_gmt":"2024-02-20T18:33:09","slug":"cooperative-atahualpa","status":"publish","type":"kaffeebauer","link":"https:\/\/www.bertschi-cafe.ch\/fr\/anbau-kaffeebauern\/cooperative-atahualpa\/","title":{"rendered":"Coop\u00e9rative Atahualpa"},"content":{"rendered":"\n<div class=\"wp-block-group width-750 is-layout-constrained wp-block-group-is-layout-constrained\">\n<p class=\"has-text-align-center has-medium-font-size\"><\/p>\n\n\n\n<div style=\"height:2rem\" aria-hidden=\"true\" class=\"wp-block-spacer\"><\/div>\n\n\n\n<div class=\"wp-block-buttons anker-buttons is-content-justification-center is-layout-flex wp-container-core-buttons-is-layout-a89b3969 wp-block-buttons-is-layout-flex\">\n<div class=\"wp-block-button\"><a class=\"wp-block-button__link wp-element-button\" href=\"#coop&#xE9;rative\" rel=\"#kooperative\">La coop\u00e9rative<\/a><\/div>\n\n\n\n<div class=\"wp-block-button\" id=\"auswirkungen\"><a class=\"wp-block-button__link wp-element-button\" href=\"#projets\" rel=\"\">Projets r\u00e9alis\u00e9s<\/a><\/div>\n<\/div>\n<\/div>\n\n<div style=\"height:7.25rem\" aria-hidden=\"true\" class=\"wp-block-spacer\"><\/div>\n\n<div style=\"min-height:400px\" data-map-attr=\"\/qaddress\/q:\/qAgroecol\u00f3gica Industrial Juan Santos Atahualpa Pichanki Peru\/q||\/qlat\/q:\/qundefined\/q||\/qlng\/q:\/qundefined\/q||\/qskin\/q:\/qstandard\/q||\/qzoom\/q:\/q5\/q||\/qiconSize\/q:\/q36\/q||\/qmapTypeControl\/q:\/qtrue\/q||\/qzoomControl\/q:\/qtrue\/q||\/qstreetViewControl\/q:\/qtrue\/q||\/qfullscreenControl\/q:\/qtrue\/q\" class=\"wp-block-coblocks-map\"><iframe title=\"Google Map\" frameborder=\"0\" style=\"width:100%;min-height:400px\" src=\"https:\/\/www.google.com\/maps?q=Agroecol%C3%B3gica%20Industrial%20Juan%20Santos%20Atahualpa%20Pichanki%20Peru&amp;output=embed&amp;hl=de-DE&amp;z=5\"><\/iframe><\/div>\n\n<div style=\"height:7.25rem\" aria-hidden=\"true\" class=\"wp-block-spacer\"><\/div>\n\n<div class=\"wp-block-group width-620 is-layout-constrained wp-block-group-is-layout-constrained\">\n<h2 class=\"wp-block-heading has-text-align-center\" id=\"kooperative\">La coop\u00e9rative<\/h2>\n\n\n\n<p class=\"has-text-align-left width-620\">La coop\u00e9rative Agroecol\u00f3gica Industrial Juan Santos Atahualpa, connue sous le nom d&rsquo;Atahualpa, est situ\u00e9e \u00e0 Pichanaki et r\u00e9unit des agriculteurs de Huancavelica, Ayacucho et des montagnes de Jun\u00edn (24% des membres sont des femmes). La principale source de revenus pour les habitants de cette r\u00e9gion est l&rsquo;agriculture, principalement la culture du caf\u00e9. Le cacao et les arbres fruitiers sont cultiv\u00e9s \u00e0 des altitudes plus basses. Le reste de la r\u00e9gion est une for\u00eat naturelle.<\/p>\n\n\n\n<p class=\"has-text-align-left width-620\">L&rsquo;objectif de l&rsquo;organisation est de r\u00e9unir des petits producteurs qui peuvent utiliser leur pouvoir collectif pour acc\u00e9der \u00e0 la technologie et promouvoir la production de caf\u00e9 de qualit\u00e9. Cela doit se faire en \u00e9quilibre avec l&rsquo;environnement et les ressources naturelles. La qualit\u00e9 de vie des personnes vivant dans la communaut\u00e9 du caf\u00e9 peut ainsi \u00eatre am\u00e9lior\u00e9e.<\/p>\n\n\n\n<p><\/p>\n<\/div>\n\n<div style=\"height:4rem\" aria-hidden=\"true\" class=\"wp-block-spacer\"><\/div>\n\n<figure class=\"wp-block-coblocks-gallery-masonry masonry-grid has-small-gutter\">\n<figure class=\"wp-block-image size-large masonry-brick\"><img decoding=\"async\" width=\"1000\" height=\"750\" src=\"https:\/\/www.bertschi-cafe.ch\/webseite\/wp-content\/uploads\/2023\/12\/bertschi-kaffee-bio-la-florida-1-1000x750-1.png\" alt=\"Caf&#xE9; Bertschi Bio La Florida\" class=\"wp-image-4175\" srcset=\"https:\/\/www.bertschi-cafe.ch\/webseite\/wp-content\/uploads\/2023\/12\/bertschi-kaffee-bio-la-florida-1-1000x750-1.png 1000w, https:\/\/www.bertschi-cafe.ch\/webseite\/wp-content\/uploads\/2023\/12\/bertschi-kaffee-bio-la-florida-1-1000x750-1-300x225.png 300w, https:\/\/www.bertschi-cafe.ch\/webseite\/wp-content\/uploads\/2023\/12\/bertschi-kaffee-bio-la-florida-1-1000x750-1-768x576.png 768w, https:\/\/www.bertschi-cafe.ch\/webseite\/wp-content\/uploads\/2023\/12\/bertschi-kaffee-bio-la-florida-1-1000x750-1-600x450.png 600w\" sizes=\"(max-width: 1000px) 100vw, 1000px\" \/><\/figure>\n\n\n\n<figure class=\"wp-block-image size-large masonry-brick\"><img decoding=\"async\" width=\"768\" height=\"1155\" src=\"https:\/\/www.bertschi-cafe.ch\/webseite\/wp-content\/uploads\/2023\/12\/bertschi-kaffee-bio-la-florida-2-768x1155-1.png\" alt=\"Caf&#xE9; Bertschi Bio La Florida\" class=\"wp-image-4177\" srcset=\"https:\/\/www.bertschi-cafe.ch\/webseite\/wp-content\/uploads\/2023\/12\/bertschi-kaffee-bio-la-florida-2-768x1155-1.png 768w, https:\/\/www.bertschi-cafe.ch\/webseite\/wp-content\/uploads\/2023\/12\/bertschi-kaffee-bio-la-florida-2-768x1155-1-199x300.png 199w, https:\/\/www.bertschi-cafe.ch\/webseite\/wp-content\/uploads\/2023\/12\/bertschi-kaffee-bio-la-florida-2-768x1155-1-681x1024.png 681w, https:\/\/www.bertschi-cafe.ch\/webseite\/wp-content\/uploads\/2023\/12\/bertschi-kaffee-bio-la-florida-2-768x1155-1-600x902.png 600w\" sizes=\"(max-width: 768px) 100vw, 768px\" \/><\/figure>\n\n\n\n<figure class=\"wp-block-image size-large masonry-brick\"><img decoding=\"async\" width=\"768\" height=\"1024\" src=\"https:\/\/www.bertschi-cafe.ch\/webseite\/wp-content\/uploads\/2023\/12\/bertschi-kaffee-bio-la-florida-3-768x1024-1.jpg\" alt=\"Caf&#xE9; Bertschi Bio La Florida\" class=\"wp-image-4178\" srcset=\"https:\/\/www.bertschi-cafe.ch\/webseite\/wp-content\/uploads\/2023\/12\/bertschi-kaffee-bio-la-florida-3-768x1024-1.jpg 768w, https:\/\/www.bertschi-cafe.ch\/webseite\/wp-content\/uploads\/2023\/12\/bertschi-kaffee-bio-la-florida-3-768x1024-1-225x300.jpg 225w, https:\/\/www.bertschi-cafe.ch\/webseite\/wp-content\/uploads\/2023\/12\/bertschi-kaffee-bio-la-florida-3-768x1024-1-600x800.jpg 600w\" sizes=\"(max-width: 768px) 100vw, 768px\" \/><\/figure>\n\n\n\n<figure class=\"wp-block-image size-large masonry-brick\"><img decoding=\"async\" width=\"1000\" height=\"665\" src=\"https:\/\/www.bertschi-cafe.ch\/webseite\/wp-content\/uploads\/2023\/12\/bertschi-kaffee-bio-la-florida-4-1000x665-1.jpg\" alt=\"Caf&#xE9; Bertschi Bio La Florida\" class=\"wp-image-4179\" srcset=\"https:\/\/www.bertschi-cafe.ch\/webseite\/wp-content\/uploads\/2023\/12\/bertschi-kaffee-bio-la-florida-4-1000x665-1.jpg 1000w, https:\/\/www.bertschi-cafe.ch\/webseite\/wp-content\/uploads\/2023\/12\/bertschi-kaffee-bio-la-florida-4-1000x665-1-300x200.jpg 300w, https:\/\/www.bertschi-cafe.ch\/webseite\/wp-content\/uploads\/2023\/12\/bertschi-kaffee-bio-la-florida-4-1000x665-1-768x511.jpg 768w, https:\/\/www.bertschi-cafe.ch\/webseite\/wp-content\/uploads\/2023\/12\/bertschi-kaffee-bio-la-florida-4-1000x665-1-600x399.jpg 600w\" sizes=\"(max-width: 1000px) 100vw, 1000px\" \/><\/figure>\n\n\n\n<figure class=\"wp-block-image size-large masonry-brick\"><img decoding=\"async\" width=\"1000\" height=\"750\" src=\"https:\/\/www.bertschi-cafe.ch\/webseite\/wp-content\/uploads\/2023\/12\/bertschi-kaffee-bio-la-florida-9-1000x750-1.jpg\" alt=\"Caf&#xE9; Bertschi Bio La Florida\" class=\"wp-image-4184\" srcset=\"https:\/\/www.bertschi-cafe.ch\/webseite\/wp-content\/uploads\/2023\/12\/bertschi-kaffee-bio-la-florida-9-1000x750-1.jpg 1000w, https:\/\/www.bertschi-cafe.ch\/webseite\/wp-content\/uploads\/2023\/12\/bertschi-kaffee-bio-la-florida-9-1000x750-1-300x225.jpg 300w, https:\/\/www.bertschi-cafe.ch\/webseite\/wp-content\/uploads\/2023\/12\/bertschi-kaffee-bio-la-florida-9-1000x750-1-768x576.jpg 768w, https:\/\/www.bertschi-cafe.ch\/webseite\/wp-content\/uploads\/2023\/12\/bertschi-kaffee-bio-la-florida-9-1000x750-1-600x450.jpg 600w\" sizes=\"(max-width: 1000px) 100vw, 1000px\" \/><\/figure>\n\n\n\n<figure class=\"wp-block-image size-large masonry-brick\"><img decoding=\"async\" width=\"1000\" height=\"665\" src=\"https:\/\/www.bertschi-cafe.ch\/webseite\/wp-content\/uploads\/2023\/12\/bertschi-kaffee-bio-la-florida-7-1000x665-1.jpg\" alt=\"Caf&#xE9; Bertschi Bio La Florida\" class=\"wp-image-4182\" srcset=\"https:\/\/www.bertschi-cafe.ch\/webseite\/wp-content\/uploads\/2023\/12\/bertschi-kaffee-bio-la-florida-7-1000x665-1.jpg 1000w, https:\/\/www.bertschi-cafe.ch\/webseite\/wp-content\/uploads\/2023\/12\/bertschi-kaffee-bio-la-florida-7-1000x665-1-300x200.jpg 300w, https:\/\/www.bertschi-cafe.ch\/webseite\/wp-content\/uploads\/2023\/12\/bertschi-kaffee-bio-la-florida-7-1000x665-1-768x511.jpg 768w, https:\/\/www.bertschi-cafe.ch\/webseite\/wp-content\/uploads\/2023\/12\/bertschi-kaffee-bio-la-florida-7-1000x665-1-600x399.jpg 600w\" sizes=\"(max-width: 1000px) 100vw, 1000px\" \/><\/figure>\n\n\n\n<figure class=\"wp-block-image size-large masonry-brick\"><img decoding=\"async\" width=\"1000\" height=\"665\" src=\"https:\/\/www.bertschi-cafe.ch\/webseite\/wp-content\/uploads\/2023\/12\/bertschi-kaffee-bio-la-florida-6-1000x665-1.jpg\" alt=\"Caf&#xE9; Bertschi Bio La Florida\" class=\"wp-image-4181\" srcset=\"https:\/\/www.bertschi-cafe.ch\/webseite\/wp-content\/uploads\/2023\/12\/bertschi-kaffee-bio-la-florida-6-1000x665-1.jpg 1000w, https:\/\/www.bertschi-cafe.ch\/webseite\/wp-content\/uploads\/2023\/12\/bertschi-kaffee-bio-la-florida-6-1000x665-1-300x200.jpg 300w, https:\/\/www.bertschi-cafe.ch\/webseite\/wp-content\/uploads\/2023\/12\/bertschi-kaffee-bio-la-florida-6-1000x665-1-768x511.jpg 768w, https:\/\/www.bertschi-cafe.ch\/webseite\/wp-content\/uploads\/2023\/12\/bertschi-kaffee-bio-la-florida-6-1000x665-1-600x399.jpg 600w\" sizes=\"(max-width: 1000px) 100vw, 1000px\" \/><\/figure>\n\n\n\n<figure class=\"wp-block-image size-large masonry-brick\"><img decoding=\"async\" width=\"1000\" height=\"665\" src=\"https:\/\/www.bertschi-cafe.ch\/webseite\/wp-content\/uploads\/2023\/12\/bertschi-kaffee-bio-la-florida-8-1000x665-1.jpg\" alt=\"Caf&#xE9; Bertschi Bio La Florida\" class=\"wp-image-4183\" srcset=\"https:\/\/www.bertschi-cafe.ch\/webseite\/wp-content\/uploads\/2023\/12\/bertschi-kaffee-bio-la-florida-8-1000x665-1.jpg 1000w, https:\/\/www.bertschi-cafe.ch\/webseite\/wp-content\/uploads\/2023\/12\/bertschi-kaffee-bio-la-florida-8-1000x665-1-300x200.jpg 300w, https:\/\/www.bertschi-cafe.ch\/webseite\/wp-content\/uploads\/2023\/12\/bertschi-kaffee-bio-la-florida-8-1000x665-1-768x511.jpg 768w, https:\/\/www.bertschi-cafe.ch\/webseite\/wp-content\/uploads\/2023\/12\/bertschi-kaffee-bio-la-florida-8-1000x665-1-600x399.jpg 600w\" sizes=\"(max-width: 1000px) 100vw, 1000px\" \/><figcaption class=\"wp-element-caption\">#image_title<\/figcaption><\/figure>\n\n\n\n<figure class=\"wp-block-image size-large masonry-brick\"><img decoding=\"async\" width=\"768\" height=\"1155\" src=\"https:\/\/www.bertschi-cafe.ch\/webseite\/wp-content\/uploads\/2023\/12\/bertschi-kaffee-bio-la-florida-5-768x1155-1.jpg\" alt=\"Caf&#xE9; Bertschi Bio La Florida\" class=\"wp-image-4180\" srcset=\"https:\/\/www.bertschi-cafe.ch\/webseite\/wp-content\/uploads\/2023\/12\/bertschi-kaffee-bio-la-florida-5-768x1155-1.jpg 768w, https:\/\/www.bertschi-cafe.ch\/webseite\/wp-content\/uploads\/2023\/12\/bertschi-kaffee-bio-la-florida-5-768x1155-1-199x300.jpg 199w, https:\/\/www.bertschi-cafe.ch\/webseite\/wp-content\/uploads\/2023\/12\/bertschi-kaffee-bio-la-florida-5-768x1155-1-681x1024.jpg 681w, https:\/\/www.bertschi-cafe.ch\/webseite\/wp-content\/uploads\/2023\/12\/bertschi-kaffee-bio-la-florida-5-768x1155-1-600x902.jpg 600w\" sizes=\"(max-width: 768px) 100vw, 768px\" \/><\/figure>\n\n\n\n<figure class=\"wp-block-image size-large masonry-brick\"><img decoding=\"async\" width=\"1000\" height=\"750\" src=\"https:\/\/www.bertschi-cafe.ch\/webseite\/wp-content\/uploads\/2023\/12\/bertschi-kaffee-bio-la-florida-10-1000x750-1.jpg\" alt=\"Caf&#xE9; Bertschi Bio La Florida\" class=\"wp-image-4185\" srcset=\"https:\/\/www.bertschi-cafe.ch\/webseite\/wp-content\/uploads\/2023\/12\/bertschi-kaffee-bio-la-florida-10-1000x750-1.jpg 1000w, https:\/\/www.bertschi-cafe.ch\/webseite\/wp-content\/uploads\/2023\/12\/bertschi-kaffee-bio-la-florida-10-1000x750-1-300x225.jpg 300w, https:\/\/www.bertschi-cafe.ch\/webseite\/wp-content\/uploads\/2023\/12\/bertschi-kaffee-bio-la-florida-10-1000x750-1-768x576.jpg 768w, https:\/\/www.bertschi-cafe.ch\/webseite\/wp-content\/uploads\/2023\/12\/bertschi-kaffee-bio-la-florida-10-1000x750-1-600x450.jpg 600w\" sizes=\"(max-width: 1000px) 100vw, 1000px\" \/><\/figure>\n\n\n\n<figure class=\"wp-block-image size-large masonry-brick\"><img decoding=\"async\" width=\"1000\" height=\"750\" src=\"https:\/\/www.bertschi-cafe.ch\/webseite\/wp-content\/uploads\/2023\/12\/bertschi-kaffee-bio-la-florida-12-1000x750-1.jpg\" alt=\"Image gallery image\" class=\"wp-image-4174\" srcset=\"https:\/\/www.bertschi-cafe.ch\/webseite\/wp-content\/uploads\/2023\/12\/bertschi-kaffee-bio-la-florida-12-1000x750-1.jpg 1000w, https:\/\/www.bertschi-cafe.ch\/webseite\/wp-content\/uploads\/2023\/12\/bertschi-kaffee-bio-la-florida-12-1000x750-1-300x225.jpg 300w, https:\/\/www.bertschi-cafe.ch\/webseite\/wp-content\/uploads\/2023\/12\/bertschi-kaffee-bio-la-florida-12-1000x750-1-768x576.jpg 768w, https:\/\/www.bertschi-cafe.ch\/webseite\/wp-content\/uploads\/2023\/12\/bertschi-kaffee-bio-la-florida-12-1000x750-1-600x450.jpg 600w\" sizes=\"(max-width: 1000px) 100vw, 1000px\" \/><\/figure>\n\n\n\n<figure class=\"wp-block-image size-large masonry-brick\"><img decoding=\"async\" width=\"1000\" height=\"750\" src=\"https:\/\/www.bertschi-cafe.ch\/webseite\/wp-content\/uploads\/2023\/12\/bertschi-kaffee-bio-la-florida-11-1000x750-1.jpg\" alt=\"Caf&#xE9; Bertschi Bio La Florida\" class=\"wp-image-4186\" srcset=\"https:\/\/www.bertschi-cafe.ch\/webseite\/wp-content\/uploads\/2023\/12\/bertschi-kaffee-bio-la-florida-11-1000x750-1.jpg 1000w, https:\/\/www.bertschi-cafe.ch\/webseite\/wp-content\/uploads\/2023\/12\/bertschi-kaffee-bio-la-florida-11-1000x750-1-300x225.jpg 300w, https:\/\/www.bertschi-cafe.ch\/webseite\/wp-content\/uploads\/2023\/12\/bertschi-kaffee-bio-la-florida-11-1000x750-1-768x576.jpg 768w, https:\/\/www.bertschi-cafe.ch\/webseite\/wp-content\/uploads\/2023\/12\/bertschi-kaffee-bio-la-florida-11-1000x750-1-600x450.jpg 600w\" sizes=\"(max-width: 1000px) 100vw, 1000px\" \/><\/figure>\n<\/figure>\n\n<div style=\"height:7.25rem\" aria-hidden=\"true\" class=\"wp-block-spacer\"><\/div>\n\n<div class=\"wp-block-group width-620 is-layout-constrained wp-block-group-is-layout-constrained\">\n<h2 class=\"wp-block-heading has-text-align-center width-620\" id=\"projekte\">Projets r\u00e9alis\u00e9s gr\u00e2ce aux primes Fairtrade<\/h2>\n\n\n\n<p>L&rsquo;organisation met en \u0153uvre un projet qui forme les petits agriculteurs \u00e0 am\u00e9liorer la qualit\u00e9 et la productivit\u00e9 de leurs r\u00e9coltes. Il s&rsquo;agit notamment d&rsquo;investissements dans des machines de contr\u00f4le de la qualit\u00e9, dans des installations de s\u00e9chage des haricots et dans l&rsquo;achat d&rsquo;un camion pour atteindre les villages difficiles d&rsquo;acc\u00e8s et livrer la r\u00e9colte aux usines de transformation. De plus, des motos ont \u00e9t\u00e9 achet\u00e9es pour les techniciens afin qu&rsquo;ils puissent atteindre rapidement les fermes et offrir aux membres un soutien sur mesure sur place. Atahualpa a financ\u00e9 40% de ce projet avec la prime Fairtrade. Il fonctionne en collaboration avec AGROIDEAS et sera d\u00e9velopp\u00e9 sur cinq ans.<\/p>\n<\/div>\n","protected":false},"featured_media":19731,"template":"","class_list":["post-21514","kaffeebauer","type-kaffeebauer","status-publish","has-post-thumbnail","hentry"],"acf":[],"aioseo_notices":[],"_links":{"self":[{"href":"https:\/\/www.bertschi-cafe.ch\/fr\/wp-json\/wp\/v2\/kaffeebauer\/21514","targetHints":{"allow":["GET"]}}],"collection":[{"href":"https:\/\/www.bertschi-cafe.ch\/fr\/wp-json\/wp\/v2\/kaffeebauer"}],"about":[{"href":"https:\/\/www.bertschi-cafe.ch\/fr\/wp-json\/wp\/v2\/types\/kaffeebauer"}],"wp:featuredmedia":[{"embeddable":true,"href":"https:\/\/www.bertschi-cafe.ch\/fr\/wp-json\/wp\/v2\/media\/19731"}],"wp:attachment":[{"href":"https:\/\/www.bertschi-cafe.ch\/fr\/wp-json\/wp\/v2\/media?parent=21514"}],"curies":[{"name":"wp","href":"https:\/\/api.w.org\/{rel}","templated":true}]}}